{"id":21797,"date":"2023-03-30T12:43:52","date_gmt":"2023-03-30T10:43:52","guid":{"rendered":"https:\/\/comune.santacroce.pi.it\/oldsite\/?page_id=21797"},"modified":"2023-03-30T12:43:52","modified_gmt":"2023-03-30T10:43:52","slug":"futura-scrittori-in-rete","status":"publish","type":"page","link":"https:\/\/comune.santacroce.pi.it\/oldsite\/informazioni\/cultura\/biblioteca-comunale-adrio-puccini\/attivita-di-promozione\/2022-2\/futura-scrittori-in-rete\/","title":{"rendered":"Futura. Scrittori in rete"},"content":{"rendered":"<p><img loading=\"lazy\" decoding=\"async\" class=\"wp-image-21799 size-large aligncenter\" src=\"https:\/\/comune.santacroce.pi.it\/oldsite\/wp-content\/uploads\/2023\/03\/Futura-2022-banner-30-NOV-1024x536.jpg\" alt=\"\" width=\"1024\" height=\"536\" srcset=\"https:\/\/comune.santacroce.pi.it\/oldsite\/wp-content\/uploads\/2023\/03\/Futura-2022-banner-30-NOV-1024x536.jpg 1024w, https:\/\/comune.santacroce.pi.it\/oldsite\/wp-content\/uploads\/2023\/03\/Futura-2022-banner-30-NOV-300x157.jpg 300w, https:\/\/comune.santacroce.pi.it\/oldsite\/wp-content\/uploads\/2023\/03\/Futura-2022-banner-30-NOV-768x402.jpg 768w, https:\/\/comune.santacroce.pi.it\/oldsite\/wp-content\/uploads\/2023\/03\/Futura-2022-banner-30-NOV-1536x803.jpg 1536w, https:\/\/comune.santacroce.pi.it\/oldsite\/wp-content\/uploads\/2023\/03\/Futura-2022-banner-30-NOV-2048x1071.jpg 2048w\" sizes=\"auto, (max-width: 1024px) 100vw, 1024px\" \/><\/p>\n<p>&nbsp;<\/p>\n<p><strong>Matteo Bussola<\/strong> \u2013 <em>Il rosmarino non capisce l\u2019inverno<\/em><br \/>\n<strong>Mercoled\u00ec 30 novembre 2022 ore 21.00<\/strong><br \/>\nBiblioteca Comunale \u201cAdrio Puccini\u201d \u2013 Saletta Vallini<br \/>\nLargo Delio Nazzi, 56029 SANTA CROCE SULL\u2019ARNO (PI)<\/p>\n<hr \/>\n<p><strong>Futura. Scrittori in rete<\/strong> \u00e8 una rassegna letteraria organizzata in collaborazione con le <strong>Biblioteche della rete REA.NET<\/strong> (Capraia e Limite, Castelfiorentino, Castelfranco di Sotto, Cerreto Guidi, Certaldo, Empoli, Fucecchio, Gambassi Terme, Montaione, Montelupo Fiorentino, Montespertoli, Santa Croce sull\u2019Arno, Vinci).<br \/>\nA partire da ottobre la rassegna ha presentato scrittrici e scrittori di fama nazionale e internazionale, in un circuito rinnovato per raccontare la contemporaneit\u00e0 in modo interdisciplinare, attraverso nuove proposte e novit\u00e0 editoriali.<\/p>\n<p>La rassegna ha affrontato grandi temi di attualit\u00e0 attraverso percorsi di conoscenza e di arricchimento personale, nei quali si intrecciano cultura, arte e storia con diversi generi letterari e linguaggi artistici, verso un futuro pi\u00f9 sostenibile e responsabile. Incontri pensati e organizzati per incuriosire, emozionare e coinvolgere anche i giovani lettori e le giovani lettrici.<\/p>\n<hr \/>\n<p><strong>Chi \u00e8 Matteo Bussola?<\/strong><\/p>\n<p><em>Matteo lavora come architetto nel Comune di Verona quando, nel 2007 per un taglio ai fondi non ha pi\u00f9 progetti a cui lavorare e si deve occupare solo di manutenzioni ordinarie. Presto capisce che quello lavoro non fa per lui. Fin da piccolo ha avuto la passione per il disegno e i fumetti e quindi prende una decisione importante: si licenzia dal posto fisso. Realizza un book e lo invia a diversi editori. Due mesi dopo collabora gi\u00e0 con piccole case editrici di fumetti. Intanto in Italia scoppia la Facebook-mania. Matteo legge la parola \u201cdiario\u201d e trova naturale raccontare la sua vita da genitore.<br \/>\nNel 2015, la maggiore delle sue tre figlie desidera un autografo da Fedez. Matteo si affida ancora a Facebook e scrive un appello scherzoso al cantante per accontentare la figlia. Il post diventa virale. Viene condiviso da un numero impressionante di persone e arriva all\u2019attenzione di Rosella Postorino di Einaudi. \u201c<\/em>Devi raccogliere le tue storie in un libro cartaceo<em><em>\u201d gli dice. Nel 2016 esce il suo primo libro \u201c<\/em><\/em>Notti in bianco, baci a colazione\u201d<em><em> che diventa un best seller e viene tradotto in 5 lingue.<br \/>\nLui \u00e8 Matteo Bussola e mercoled\u00ec 30 Novembre sar\u00e0 in Saletta Vallini della Biblioteca Comunale &#8220;Adrio Puccini&#8221; a presentare il suo ultimo libro: \u201c<\/em><\/em>Il rosmarino non conosce l\u2019inverno<em><em>\u201d<\/em><\/em><\/p>\n<hr \/>\n<p><strong>Il programma completo<\/strong><\/p>\n<p><img loading=\"lazy\" decoding=\"async\" class=\"alignnone wp-image-21798 size-large\" src=\"https:\/\/comune.santacroce.pi.it\/oldsite\/wp-content\/uploads\/2023\/03\/Futura-locandina-A3_page-0001-724x1024.jpg\" alt=\"Futura. Scrittori in rete\" width=\"724\" height=\"1024\" srcset=\"https:\/\/comune.santacroce.pi.it\/oldsite\/wp-content\/uploads\/2023\/03\/Futura-locandina-A3_page-0001-724x1024.jpg 724w, https:\/\/comune.santacroce.pi.it\/oldsite\/wp-content\/uploads\/2023\/03\/Futura-locandina-A3_page-0001-212x300.jpg 212w, https:\/\/comune.santacroce.pi.it\/oldsite\/wp-content\/uploads\/2023\/03\/Futura-locandina-A3_page-0001-768x1086.jpg 768w, https:\/\/comune.santacroce.pi.it\/oldsite\/wp-content\/uploads\/2023\/03\/Futura-locandina-A3_page-0001-1087x1536.jpg 1087w, https:\/\/comune.santacroce.pi.it\/oldsite\/wp-content\/uploads\/2023\/03\/Futura-locandina-A3_page-0001-1449x2048.jpg 1449w, https:\/\/comune.santacroce.pi.it\/oldsite\/wp-content\/uploads\/2023\/03\/Futura-locandina-A3_page-0001.jpg 1755w\" sizes=\"auto, (max-width: 724px) 100vw, 724px\" \/><\/p>\n<p>&nbsp;<\/p>\n<p>INFO: tel. 0571 30642 \u2013 389850 mail <a href=\"mailto:biblioteca@comune.santacroce.pi.it\">biblioteca@comune.santacroce.pi.it<\/a><br \/>\n<a href=\"http:\/\/www.lanottoladiminerva.it\">http:\/\/www.lanottoladiminerva.it<\/a><\/p>\n<p>&nbsp;<\/p>\n","protected":false},"excerpt":{"rendered":"<p>&nbsp; Matteo Bussola \u2013 Il rosmarino non capisce l\u2019inverno Mercoled\u00ec 30 novembre 2022 ore 21.00 Biblioteca Comunale \u201cAdrio Puccini\u201d \u2013 Saletta Vallini Largo Delio Nazzi, 56029 SANTA CROCE SULL\u2019ARNO (PI) [&hellip;]<\/p>\n","protected":false},"author":18,"featured_media":0,"parent":21795,"menu_order":0,"comment_status":"closed","ping_status":"closed","template":"","meta":{"footnotes":""},"class_list":["post-21797","page","type-page","status-publish","hentry"],"yoast_head":"<!-- This site is optimized with the Yoast SEO plugin v24.7 - https:\/\/yoast.com\/wordpress\/plugins\/seo\/ -->\n<title>Futura. Scrittori in rete - Comune di Santa Croce sull&#039;Arno<\/title>\n<meta name=\"description\" content=\"Matteo Bussola presenta il suo libro &quot;Il rosmarino non capisce l&#039;inverno&quot; in Biblioteca Comunale &quot;Adrio Puccini&quot; nell&#039;ambito di &quot;Futura. Scrittori in rete&quot;.\" \/>\n<meta name=\"robots\" content=\"index, follow, max-snippet:-1, max-image-preview:large, max-video-preview:-1\" \/>\n<link rel=\"canonical\" href=\"https:\/\/comune.santacroce.pi.it\/oldsite\/informazioni\/cultura\/biblioteca-comunale-adrio-puccini\/attivita-di-promozione\/2022-2\/futura-scrittori-in-rete\/\" \/>\n<meta property=\"og:locale\" content=\"it_IT\" \/>\n<meta property=\"og:type\" content=\"article\" \/>\n<meta property=\"og:title\" content=\"Futura. Scrittori in rete - Comune di Santa Croce sull&#039;Arno\" \/>\n<meta property=\"og:description\" content=\"Matteo Bussola presenta il suo libro &quot;Il rosmarino non capisce l&#039;inverno&quot; in Biblioteca Comunale &quot;Adrio Puccini&quot; nell&#039;ambito di &quot;Futura. Scrittori in rete&quot;.\" \/>\n<meta property=\"og:url\" content=\"https:\/\/comune.santacroce.pi.it\/oldsite\/informazioni\/cultura\/biblioteca-comunale-adrio-puccini\/attivita-di-promozione\/2022-2\/futura-scrittori-in-rete\/\" \/>\n<meta property=\"og:site_name\" content=\"Comune di Santa Croce sull&#039;Arno\" \/>\n<meta property=\"og:image\" content=\"https:\/\/comune.santacroce.pi.it\/oldsite\/wp-content\/uploads\/2023\/03\/Futura-2022-banner-30-NOV-1024x536.jpg\" \/>\n<meta name=\"twitter:card\" content=\"summary_large_image\" \/>\n<meta name=\"twitter:label1\" content=\"Tempo di lettura stimato\" \/>\n\t<meta name=\"twitter:data1\" content=\"3 minuti\" \/>\n<script type=\"application\/ld+json\" class=\"yoast-schema-graph\">{\"@context\":\"https:\/\/schema.org\",\"@graph\":[{\"@type\":\"WebPage\",\"@id\":\"https:\/\/comune.santacroce.pi.it\/oldsite\/informazioni\/cultura\/biblioteca-comunale-adrio-puccini\/attivita-di-promozione\/2022-2\/futura-scrittori-in-rete\/\",\"url\":\"https:\/\/comune.santacroce.pi.it\/oldsite\/informazioni\/cultura\/biblioteca-comunale-adrio-puccini\/attivita-di-promozione\/2022-2\/futura-scrittori-in-rete\/\",\"name\":\"Futura. Scrittori in rete - Comune di Santa Croce sull&#039;Arno\",\"isPartOf\":{\"@id\":\"https:\/\/comune.santacroce.pi.it\/oldsite\/#website\"},\"primaryImageOfPage\":{\"@id\":\"https:\/\/comune.santacroce.pi.it\/oldsite\/informazioni\/cultura\/biblioteca-comunale-adrio-puccini\/attivita-di-promozione\/2022-2\/futura-scrittori-in-rete\/#primaryimage\"},\"image\":{\"@id\":\"https:\/\/comune.santacroce.pi.it\/oldsite\/informazioni\/cultura\/biblioteca-comunale-adrio-puccini\/attivita-di-promozione\/2022-2\/futura-scrittori-in-rete\/#primaryimage\"},\"thumbnailUrl\":\"https:\/\/comune.santacroce.pi.it\/oldsite\/wp-content\/uploads\/2023\/03\/Futura-2022-banner-30-NOV-1024x536.jpg\",\"datePublished\":\"2023-03-30T10:43:52+00:00\",\"description\":\"Matteo Bussola presenta il suo libro \\\"Il rosmarino non capisce l'inverno\\\" in Biblioteca Comunale \\\"Adrio Puccini\\\" nell'ambito di \\\"Futura. Scrittori in rete\\\".\",\"breadcrumb\":{\"@id\":\"https:\/\/comune.santacroce.pi.it\/oldsite\/informazioni\/cultura\/biblioteca-comunale-adrio-puccini\/attivita-di-promozione\/2022-2\/futura-scrittori-in-rete\/#breadcrumb\"},\"inLanguage\":\"it-IT\",\"potentialAction\":[{\"@type\":\"ReadAction\",\"target\":[\"https:\/\/comune.santacroce.pi.it\/oldsite\/informazioni\/cultura\/biblioteca-comunale-adrio-puccini\/attivita-di-promozione\/2022-2\/futura-scrittori-in-rete\/\"]}]},{\"@type\":\"ImageObject\",\"inLanguage\":\"it-IT\",\"@id\":\"https:\/\/comune.santacroce.pi.it\/oldsite\/informazioni\/cultura\/biblioteca-comunale-adrio-puccini\/attivita-di-promozione\/2022-2\/futura-scrittori-in-rete\/#primaryimage\",\"url\":\"https:\/\/comune.santacroce.pi.it\/oldsite\/wp-content\/uploads\/2023\/03\/Futura-2022-banner-30-NOV-scaled.jpg\",\"contentUrl\":\"https:\/\/comune.santacroce.pi.it\/oldsite\/wp-content\/uploads\/2023\/03\/Futura-2022-banner-30-NOV-scaled.jpg\",\"width\":2560,\"height\":1339},{\"@type\":\"BreadcrumbList\",\"@id\":\"https:\/\/comune.santacroce.pi.it\/oldsite\/informazioni\/cultura\/biblioteca-comunale-adrio-puccini\/attivita-di-promozione\/2022-2\/futura-scrittori-in-rete\/#breadcrumb\",\"itemListElement\":[{\"@type\":\"ListItem\",\"position\":1,\"name\":\"Home\",\"item\":\"https:\/\/comune.santacroce.pi.it\/oldsite\/\"},{\"@type\":\"ListItem\",\"position\":2,\"name\":\"Informazioni\",\"item\":\"https:\/\/comune.santacroce.pi.it\/oldsite\/informazioni\/\"},{\"@type\":\"ListItem\",\"position\":3,\"name\":\"Cultura\",\"item\":\"https:\/\/comune.santacroce.pi.it\/oldsite\/informazioni\/cultura\/\"},{\"@type\":\"ListItem\",\"position\":4,\"name\":\"Biblioteca Comunale &#8220;Adrio Puccini&#8221;\",\"item\":\"https:\/\/comune.santacroce.pi.it\/oldsite\/informazioni\/cultura\/biblioteca-comunale-adrio-puccini\/\"},{\"@type\":\"ListItem\",\"position\":5,\"name\":\"Attivit\u00e0 di promozione\",\"item\":\"https:\/\/comune.santacroce.pi.it\/oldsite\/informazioni\/cultura\/biblioteca-comunale-adrio-puccini\/attivita-di-promozione\/\"},{\"@type\":\"ListItem\",\"position\":6,\"name\":\"2022\",\"item\":\"https:\/\/comune.santacroce.pi.it\/oldsite\/informazioni\/cultura\/biblioteca-comunale-adrio-puccini\/attivita-di-promozione\/2022-2\/\"},{\"@type\":\"ListItem\",\"position\":7,\"name\":\"Futura. Scrittori in rete\"}]},{\"@type\":\"WebSite\",\"@id\":\"https:\/\/comune.santacroce.pi.it\/oldsite\/#website\",\"url\":\"https:\/\/comune.santacroce.pi.it\/oldsite\/\",\"name\":\"Comune di Santa Croce sull&#039;Arno\",\"description\":\"Provincia di Pisa\",\"publisher\":{\"@id\":\"https:\/\/comune.santacroce.pi.it\/oldsite\/#organization\"},\"potentialAction\":[{\"@type\":\"SearchAction\",\"target\":{\"@type\":\"EntryPoint\",\"urlTemplate\":\"https:\/\/comune.santacroce.pi.it\/oldsite\/?s={search_term_string}\"},\"query-input\":{\"@type\":\"PropertyValueSpecification\",\"valueRequired\":true,\"valueName\":\"search_term_string\"}}],\"inLanguage\":\"it-IT\"},{\"@type\":\"Organization\",\"@id\":\"https:\/\/comune.santacroce.pi.it\/oldsite\/#organization\",\"name\":\"Comune di Santa Croce sull'Arno\",\"url\":\"https:\/\/comune.santacroce.pi.it\/oldsite\/\",\"logo\":{\"@type\":\"ImageObject\",\"inLanguage\":\"it-IT\",\"@id\":\"https:\/\/comune.santacroce.pi.it\/oldsite\/#\/schema\/logo\/image\/\",\"url\":\"https:\/\/comune.santacroce.pi.it\/oldsite\/wp-content\/uploads\/2021\/02\/cropped-Stemma-Santa-Croce-dellArno_500-1.png\",\"contentUrl\":\"https:\/\/comune.santacroce.pi.it\/oldsite\/wp-content\/uploads\/2021\/02\/cropped-Stemma-Santa-Croce-dellArno_500-1.png\",\"width\":500,\"height\":500,\"caption\":\"Comune di Santa Croce sull'Arno\"},\"image\":{\"@id\":\"https:\/\/comune.santacroce.pi.it\/oldsite\/#\/schema\/logo\/image\/\"}}]}<\/script>\n<!-- \/ Yoast SEO plugin. -->","yoast_head_json":{"title":"Futura. Scrittori in rete - Comune di Santa Croce sull&#039;Arno","description":"Matteo Bussola presenta il suo libro \"Il rosmarino non capisce l'inverno\" in Biblioteca Comunale \"Adrio Puccini\" nell'ambito di \"Futura. Scrittori in rete\".","robots":{"index":"index","follow":"follow","max-snippet":"max-snippet:-1","max-image-preview":"max-image-preview:large","max-video-preview":"max-video-preview:-1"},"canonical":"https:\/\/comune.santacroce.pi.it\/oldsite\/informazioni\/cultura\/biblioteca-comunale-adrio-puccini\/attivita-di-promozione\/2022-2\/futura-scrittori-in-rete\/","og_locale":"it_IT","og_type":"article","og_title":"Futura. Scrittori in rete - Comune di Santa Croce sull&#039;Arno","og_description":"Matteo Bussola presenta il suo libro \"Il rosmarino non capisce l'inverno\" in Biblioteca Comunale \"Adrio Puccini\" nell'ambito di \"Futura. Scrittori in rete\".","og_url":"https:\/\/comune.santacroce.pi.it\/oldsite\/informazioni\/cultura\/biblioteca-comunale-adrio-puccini\/attivita-di-promozione\/2022-2\/futura-scrittori-in-rete\/","og_site_name":"Comune di Santa Croce sull&#039;Arno","og_image":[{"url":"https:\/\/comune.santacroce.pi.it\/oldsite\/wp-content\/uploads\/2023\/03\/Futura-2022-banner-30-NOV-1024x536.jpg","type":"","width":"","height":""}],"twitter_card":"summary_large_image","twitter_misc":{"Tempo di lettura stimato":"3 minuti"},"schema":{"@context":"https:\/\/schema.org","@graph":[{"@type":"WebPage","@id":"https:\/\/comune.santacroce.pi.it\/oldsite\/informazioni\/cultura\/biblioteca-comunale-adrio-puccini\/attivita-di-promozione\/2022-2\/futura-scrittori-in-rete\/","url":"https:\/\/comune.santacroce.pi.it\/oldsite\/informazioni\/cultura\/biblioteca-comunale-adrio-puccini\/attivita-di-promozione\/2022-2\/futura-scrittori-in-rete\/","name":"Futura. Scrittori in rete - Comune di Santa Croce sull&#039;Arno","isPartOf":{"@id":"https:\/\/comune.santacroce.pi.it\/oldsite\/#website"},"primaryImageOfPage":{"@id":"https:\/\/comune.santacroce.pi.it\/oldsite\/informazioni\/cultura\/biblioteca-comunale-adrio-puccini\/attivita-di-promozione\/2022-2\/futura-scrittori-in-rete\/#primaryimage"},"image":{"@id":"https:\/\/comune.santacroce.pi.it\/oldsite\/informazioni\/cultura\/biblioteca-comunale-adrio-puccini\/attivita-di-promozione\/2022-2\/futura-scrittori-in-rete\/#primaryimage"},"thumbnailUrl":"https:\/\/comune.santacroce.pi.it\/oldsite\/wp-content\/uploads\/2023\/03\/Futura-2022-banner-30-NOV-1024x536.jpg","datePublished":"2023-03-30T10:43:52+00:00","description":"Matteo Bussola presenta il suo libro \"Il rosmarino non capisce l'inverno\" in Biblioteca Comunale \"Adrio Puccini\" nell'ambito di \"Futura. Scrittori in rete\".","breadcrumb":{"@id":"https:\/\/comune.santacroce.pi.it\/oldsite\/informazioni\/cultura\/biblioteca-comunale-adrio-puccini\/attivita-di-promozione\/2022-2\/futura-scrittori-in-rete\/#breadcrumb"},"inLanguage":"it-IT","potentialAction":[{"@type":"ReadAction","target":["https:\/\/comune.santacroce.pi.it\/oldsite\/informazioni\/cultura\/biblioteca-comunale-adrio-puccini\/attivita-di-promozione\/2022-2\/futura-scrittori-in-rete\/"]}]},{"@type":"ImageObject","inLanguage":"it-IT","@id":"https:\/\/comune.santacroce.pi.it\/oldsite\/informazioni\/cultura\/biblioteca-comunale-adrio-puccini\/attivita-di-promozione\/2022-2\/futura-scrittori-in-rete\/#primaryimage","url":"https:\/\/comune.santacroce.pi.it\/oldsite\/wp-content\/uploads\/2023\/03\/Futura-2022-banner-30-NOV-scaled.jpg","contentUrl":"https:\/\/comune.santacroce.pi.it\/oldsite\/wp-content\/uploads\/2023\/03\/Futura-2022-banner-30-NOV-scaled.jpg","width":2560,"height":1339},{"@type":"BreadcrumbList","@id":"https:\/\/comune.santacroce.pi.it\/oldsite\/informazioni\/cultura\/biblioteca-comunale-adrio-puccini\/attivita-di-promozione\/2022-2\/futura-scrittori-in-rete\/#breadcrumb","itemListElement":[{"@type":"ListItem","position":1,"name":"Home","item":"https:\/\/comune.santacroce.pi.it\/oldsite\/"},{"@type":"ListItem","position":2,"name":"Informazioni","item":"https:\/\/comune.santacroce.pi.it\/oldsite\/informazioni\/"},{"@type":"ListItem","position":3,"name":"Cultura","item":"https:\/\/comune.santacroce.pi.it\/oldsite\/informazioni\/cultura\/"},{"@type":"ListItem","position":4,"name":"Biblioteca Comunale &#8220;Adrio Puccini&#8221;","item":"https:\/\/comune.santacroce.pi.it\/oldsite\/informazioni\/cultura\/biblioteca-comunale-adrio-puccini\/"},{"@type":"ListItem","position":5,"name":"Attivit\u00e0 di promozione","item":"https:\/\/comune.santacroce.pi.it\/oldsite\/informazioni\/cultura\/biblioteca-comunale-adrio-puccini\/attivita-di-promozione\/"},{"@type":"ListItem","position":6,"name":"2022","item":"https:\/\/comune.santacroce.pi.it\/oldsite\/informazioni\/cultura\/biblioteca-comunale-adrio-puccini\/attivita-di-promozione\/2022-2\/"},{"@type":"ListItem","position":7,"name":"Futura. Scrittori in rete"}]},{"@type":"WebSite","@id":"https:\/\/comune.santacroce.pi.it\/oldsite\/#website","url":"https:\/\/comune.santacroce.pi.it\/oldsite\/","name":"Comune di Santa Croce sull&#039;Arno","description":"Provincia di Pisa","publisher":{"@id":"https:\/\/comune.santacroce.pi.it\/oldsite\/#organization"},"potentialAction":[{"@type":"SearchAction","target":{"@type":"EntryPoint","urlTemplate":"https:\/\/comune.santacroce.pi.it\/oldsite\/?s={search_term_string}"},"query-input":{"@type":"PropertyValueSpecification","valueRequired":true,"valueName":"search_term_string"}}],"inLanguage":"it-IT"},{"@type":"Organization","@id":"https:\/\/comune.santacroce.pi.it\/oldsite\/#organization","name":"Comune di Santa Croce sull'Arno","url":"https:\/\/comune.santacroce.pi.it\/oldsite\/","logo":{"@type":"ImageObject","inLanguage":"it-IT","@id":"https:\/\/comune.santacroce.pi.it\/oldsite\/#\/schema\/logo\/image\/","url":"https:\/\/comune.santacroce.pi.it\/oldsite\/wp-content\/uploads\/2021\/02\/cropped-Stemma-Santa-Croce-dellArno_500-1.png","contentUrl":"https:\/\/comune.santacroce.pi.it\/oldsite\/wp-content\/uploads\/2021\/02\/cropped-Stemma-Santa-Croce-dellArno_500-1.png","width":500,"height":500,"caption":"Comune di Santa Croce sull'Arno"},"image":{"@id":"https:\/\/comune.santacroce.pi.it\/oldsite\/#\/schema\/logo\/image\/"}}]}},"meta_box":{"_page_ufficio":[]},"_links":{"self":[{"href":"https:\/\/comune.santacroce.pi.it\/oldsite\/wp-json\/wp\/v2\/pages\/21797","targetHints":{"allow":["GET"]}}],"collection":[{"href":"https:\/\/comune.santacroce.pi.it\/oldsite\/wp-json\/wp\/v2\/pages"}],"about":[{"href":"https:\/\/comune.santacroce.pi.it\/oldsite\/wp-json\/wp\/v2\/types\/page"}],"author":[{"embeddable":true,"href":"https:\/\/comune.santacroce.pi.it\/oldsite\/wp-json\/wp\/v2\/users\/18"}],"replies":[{"embeddable":true,"href":"https:\/\/comune.santacroce.pi.it\/oldsite\/wp-json\/wp\/v2\/comments?post=21797"}],"version-history":[{"count":0,"href":"https:\/\/comune.santacroce.pi.it\/oldsite\/wp-json\/wp\/v2\/pages\/21797\/revisions"}],"up":[{"embeddable":true,"href":"https:\/\/comune.santacroce.pi.it\/oldsite\/wp-json\/wp\/v2\/pages\/21795"}],"wp:attachment":[{"href":"https:\/\/comune.santacroce.pi.it\/oldsite\/wp-json\/wp\/v2\/media?parent=21797"}],"curies":[{"name":"wp","href":"https:\/\/api.w.org\/{rel}","templated":true}]}}