{"id":19946,"date":"2022-05-26T15:29:17","date_gmt":"2022-05-26T13:29:17","guid":{"rendered":"https:\/\/comune.santacroce.pi.it\/oldsite\/?page_id=19946"},"modified":"2023-05-31T09:34:17","modified_gmt":"2023-05-31T07:34:17","slug":"dirittiincomune","status":"publish","type":"page","link":"https:\/\/comune.santacroce.pi.it\/oldsite\/informazioni\/dirittiincomune\/","title":{"rendered":"Diritti in Comune"},"content":{"rendered":"<p><img loading=\"lazy\" decoding=\"async\" class=\"alignnone size-medium wp-image-22224\" src=\"https:\/\/comune.santacroce.pi.it\/oldsite\/wp-content\/uploads\/2023\/05\/1200x628_visual-principale-300x157.jpg\" alt=\"\" width=\"300\" height=\"157\" srcset=\"https:\/\/comune.santacroce.pi.it\/oldsite\/wp-content\/uploads\/2023\/05\/1200x628_visual-principale-300x157.jpg 300w, https:\/\/comune.santacroce.pi.it\/oldsite\/wp-content\/uploads\/2023\/05\/1200x628_visual-principale-1024x536.jpg 1024w, https:\/\/comune.santacroce.pi.it\/oldsite\/wp-content\/uploads\/2023\/05\/1200x628_visual-principale-768x402.jpg 768w, https:\/\/comune.santacroce.pi.it\/oldsite\/wp-content\/uploads\/2023\/05\/1200x628_visual-principale.jpg 1200w\" sizes=\"auto, (max-width: 300px) 100vw, 300px\" \/><\/p>\n<p>La <a href=\"https:\/\/www.unicef.it\/convenzione-diritti-infanzia\/\">Convenzione sui diritti dell\u2019infanzia e dell\u2019adolescenza<\/a>, \u00e8 stata approvata dall\u2019Assemblea Generale delle Nazioni Unite il 20 novembre del 1989. Con\u00a0<em>la legge n. 176 del 27 maggio 1991<\/em><strong>\u00a0l\u2019Italia ha ratificato la Convenzione<\/strong>\u00a0che \u00e8 quindi diventata parte dell\u2019ordinamento giuridico del Paese.<\/p>\n<p>In questi 32 anni la Convenzione ha cambiato il modo in cui il modo di guardare alle bambini e ai bambini e ai loro diritti. Essa riflette una nuova visione dell\u2019infanzia che guarda allo sviluppo di tutti gli aspetti della vita di bambine, bambini e adolescenti e affida alle istituzioni, a tutti i livelli di governo, il mandato di applicare i principi che vi sono sanciti.<\/p>\n<p>L\u2019iniziativa <strong>\u201cDIRITTI IN COMUNE\u201d<\/strong> promossa nell\u2019ambito del protocollo ANCI \u2013 UNICEF Italia, vuole ricordare il ruolo fondamentale che i comuni sono chiamati a svolgere perch\u00e9 l\u2019attuazione dei diritti dell\u2019infanzia e l\u2019adolescenza non rimanga solo un proposito, ma trovi concretezza nelle politiche locali, attraverso una programmazione che traduca i principi della Convenzione ONU in strategie, azioni e interventi basati su evidenze che permettano di garantire che i diritti dei minorenni siano effettivamente attuati e promossi.<\/p>\n<p>Al tal fine quest\u2019anno l\u2019iniziativa, oltre a sensibilizzare sui diritti sanciti dalla Convenzione ONU, avr\u00e0 un focus sull\u2019importanza della valorizzazione dei dati sulla condizione dell\u2019infanzia e dell\u2019adolescenza, per sostenere che i bambini e gli adolescenti contano e possono contare su amministrazioni comunali impegnate per offrire servizi a loro misura.<\/p>\n<p>L&#8217;iniziativa &#8220;DIRITTI IN COMUNE&#8221; vuole raggiungere quanti pi\u00f9 cittadini possibile perch\u00e9 tutti conoscano la Convenzione ONU sui diritti dell&#8217;infanzia e dell&#8217;adolescenza e perch\u00e9 ciascuno faccia la sua parte per costruire contesti urbani capaci di rispondere alle necessit\u00e0 delle giovani generazioni.<\/p>\n<p>Aderiamo all&#8217;iniziativa di Unicef e ANCI perch\u00e9 da sempre il Comune di Santa Croce sull&#8217;Arno \u00e8 la casa dei Diritti dei Bambini e delle Bambine.<\/p>\n<p>Per ulteriori informazioni e contenuti:\u00a0<a href=\"https:\/\/www.unicef.it\/\">https:\/\/www.unicef.it\/<\/a><\/p>\n<div id=\"gt3pg_gallery1\" class=\"gt3pg_galleryid-19946 gt3pg_gallery-columns-3 gt3pg_photo_gallery gt3pg-corner-type-standard gt3pg_hover-default gt3pg-type-rectangle\" data-size=\"full\" data-type=\"rectangle\" data-corner=\"standard\" data-link=\"file\" data-margin=\"30\" data-instance=\"1\"><figure class=\"gt3pg_gallery-item gt3pg_element\"><div class=\"gt3pg_item_main_wrapper\"><div class=\"gt3pg_item-wrapper\"><a href=\"https:\/\/comune.santacroce.pi.it\/oldsite\/wp-content\/uploads\/2023\/05\/Iscritti-scuole-territorio.jpeg\" class=\"gt3pg_swipebox \" data-description=\"\"><div class=\"gt3pg_img_wrap portrait\" style=\"background-image: url(https:\/\/comune.santacroce.pi.it\/oldsite\/wp-content\/uploads\/2023\/05\/Iscritti-scuole-territorio.jpeg);\" data-width=\"1535\" data-height=\"1535\" data-i=\"1\" >\r\n<img decoding=\"async\" src=\"https:\/\/comune.santacroce.pi.it\/oldsite\/wp-content\/uploads\/2023\/05\/Iscritti-scuole-territorio.jpeg\" title=\"Iscritti scuole territorio\" alt=\"\" \/>\r\n<\/div><\/a>\n<\/div>\n <\/div><\/figure>\n<figure class=\"gt3pg_gallery-item gt3pg_element\"><div class=\"gt3pg_item_main_wrapper\"><div class=\"gt3pg_item-wrapper\"><a href=\"https:\/\/comune.santacroce.pi.it\/oldsite\/wp-content\/uploads\/2023\/05\/Nati-2022.jpeg\" class=\"gt3pg_swipebox \" data-description=\"\"><div class=\"gt3pg_img_wrap portrait\" style=\"background-image: url(https:\/\/comune.santacroce.pi.it\/oldsite\/wp-content\/uploads\/2023\/05\/Nati-2022.jpeg);\" data-width=\"1535\" data-height=\"1535\" data-i=\"2\" >\r\n<img decoding=\"async\" src=\"https:\/\/comune.santacroce.pi.it\/oldsite\/wp-content\/uploads\/2023\/05\/Nati-2022.jpeg\" title=\"Nati 2022\" alt=\"\" \/>\r\n<\/div><\/a>\n<\/div>\n <\/div><\/figure>\n<figure class=\"gt3pg_gallery-item gt3pg_element\"><div class=\"gt3pg_item_main_wrapper\"><div class=\"gt3pg_item-wrapper\"><a href=\"https:\/\/comune.santacroce.pi.it\/oldsite\/wp-content\/uploads\/2023\/05\/Popolazione-minorile-residente-per-eta.jpeg\" class=\"gt3pg_swipebox \" data-description=\"\"><div class=\"gt3pg_img_wrap portrait\" style=\"background-image: url(https:\/\/comune.santacroce.pi.it\/oldsite\/wp-content\/uploads\/2023\/05\/Popolazione-minorile-residente-per-eta.jpeg);\" data-width=\"1535\" data-height=\"1535\" data-i=\"3\" >\r\n<img decoding=\"async\" src=\"https:\/\/comune.santacroce.pi.it\/oldsite\/wp-content\/uploads\/2023\/05\/Popolazione-minorile-residente-per-eta.jpeg\" title=\"Popolazione minorile residente per et\u00e0\" alt=\"\" \/>\r\n<\/div><\/a>\n<\/div>\n <\/div><\/figure>\n<figure class=\"gt3pg_gallery-item gt3pg_element\"><div class=\"gt3pg_item_main_wrapper\"><div class=\"gt3pg_item-wrapper\"><a href=\"https:\/\/comune.santacroce.pi.it\/oldsite\/wp-content\/uploads\/2023\/05\/Popolazione-minorile-residente-per-sesso.jpeg\" class=\"gt3pg_swipebox \" data-description=\"\"><div class=\"gt3pg_img_wrap portrait\" style=\"background-image: url(https:\/\/comune.santacroce.pi.it\/oldsite\/wp-content\/uploads\/2023\/05\/Popolazione-minorile-residente-per-sesso.jpeg);\" data-width=\"1535\" data-height=\"1535\" data-i=\"4\" >\r\n<img decoding=\"async\" src=\"https:\/\/comune.santacroce.pi.it\/oldsite\/wp-content\/uploads\/2023\/05\/Popolazione-minorile-residente-per-sesso.jpeg\" title=\"Popolazione minorile residente per sesso\" alt=\"\" \/>\r\n<\/div><\/a>\n<\/div>\n <\/div><\/figure>\n<figure class=\"gt3pg_gallery-item gt3pg_element\"><div class=\"gt3pg_item_main_wrapper\"><div class=\"gt3pg_item-wrapper\"><a href=\"https:\/\/comune.santacroce.pi.it\/oldsite\/wp-content\/uploads\/2023\/05\/Popolazione-minorile-residente.jpeg\" class=\"gt3pg_swipebox \" data-description=\"\"><div class=\"gt3pg_img_wrap portrait\" style=\"background-image: url(https:\/\/comune.santacroce.pi.it\/oldsite\/wp-content\/uploads\/2023\/05\/Popolazione-minorile-residente.jpeg);\" data-width=\"1535\" data-height=\"1535\" data-i=\"5\" >\r\n<img decoding=\"async\" src=\"https:\/\/comune.santacroce.pi.it\/oldsite\/wp-content\/uploads\/2023\/05\/Popolazione-minorile-residente.jpeg\" title=\"Popolazione minorile residente\" alt=\"\" \/>\r\n<\/div><\/a>\n<\/div>\n <\/div><\/figure>\n<figure class=\"gt3pg_gallery-item gt3pg_element\"><div class=\"gt3pg_item_main_wrapper\"><div class=\"gt3pg_item-wrapper\"><a href=\"https:\/\/comune.santacroce.pi.it\/oldsite\/wp-content\/uploads\/2023\/05\/Popolazione-minorile-straniera.jpeg\" class=\"gt3pg_swipebox \" data-description=\"\"><div class=\"gt3pg_img_wrap portrait\" style=\"background-image: url(https:\/\/comune.santacroce.pi.it\/oldsite\/wp-content\/uploads\/2023\/05\/Popolazione-minorile-straniera.jpeg);\" data-width=\"1535\" data-height=\"1535\" data-i=\"6\" >\r\n<img decoding=\"async\" src=\"https:\/\/comune.santacroce.pi.it\/oldsite\/wp-content\/uploads\/2023\/05\/Popolazione-minorile-straniera.jpeg\" title=\"Popolazione minorile straniera\" alt=\"\" \/>\r\n<\/div><\/a>\n<\/div>\n <\/div><\/figure>\n<\/div>\n <style type='text\/css'>\r\n\t\t\t#gt3pg_gallery1 .gt3pg_item_main_wrapper {\r\n\t\t\t\tpadding: 15px\r\n\t\t\t}\r\n\t\t\t<\/style>\n\t\t\n","protected":false},"excerpt":{"rendered":"<p>La Convenzione sui diritti dell\u2019infanzia e dell\u2019adolescenza, \u00e8 stata approvata dall\u2019Assemblea Generale delle Nazioni Unite il 20 novembre del 1989. Con\u00a0la legge n. 176 del 27 maggio 1991\u00a0l\u2019Italia ha ratificato [&hellip;]<\/p>\n","protected":false},"author":15,"featured_media":0,"parent":18488,"menu_order":0,"comment_status":"closed","ping_status":"closed","template":"","meta":{"footnotes":""},"class_list":["post-19946","page","type-page","status-publish","hentry"],"yoast_head":"<!-- This site is optimized with the Yoast SEO plugin v24.7 - https:\/\/yoast.com\/wordpress\/plugins\/seo\/ -->\n<title>Diritti in Comune - Comune di Santa Croce sull&#039;Arno<\/title>\n<meta name=\"robots\" content=\"index, follow, max-snippet:-1, max-image-preview:large, max-video-preview:-1\" \/>\n<link rel=\"canonical\" href=\"https:\/\/comune.santacroce.pi.it\/oldsite\/informazioni\/dirittiincomune\/\" \/>\n<meta property=\"og:locale\" content=\"it_IT\" \/>\n<meta property=\"og:type\" content=\"article\" \/>\n<meta property=\"og:title\" content=\"Diritti in Comune - Comune di Santa Croce sull&#039;Arno\" \/>\n<meta property=\"og:description\" content=\"La Convenzione sui diritti dell\u2019infanzia e dell\u2019adolescenza, \u00e8 stata approvata dall\u2019Assemblea Generale delle Nazioni Unite il 20 novembre del 1989. Con\u00a0la legge n. 176 del 27 maggio 1991\u00a0l\u2019Italia ha ratificato [&hellip;]\" \/>\n<meta property=\"og:url\" content=\"https:\/\/comune.santacroce.pi.it\/oldsite\/informazioni\/dirittiincomune\/\" \/>\n<meta property=\"og:site_name\" content=\"Comune di Santa Croce sull&#039;Arno\" \/>\n<meta property=\"article:modified_time\" content=\"2023-05-31T07:34:17+00:00\" \/>\n<meta property=\"og:image\" content=\"https:\/\/comune.santacroce.pi.it\/oldsite\/wp-content\/uploads\/2023\/05\/Iscritti-scuole-territorio.jpeg\" \/>\n<meta name=\"twitter:card\" content=\"summary_large_image\" \/>\n<meta name=\"twitter:label1\" content=\"Tempo di lettura stimato\" \/>\n\t<meta name=\"twitter:data1\" content=\"2 minuti\" \/>\n<script type=\"application\/ld+json\" class=\"yoast-schema-graph\">{\"@context\":\"https:\/\/schema.org\",\"@graph\":[{\"@type\":\"WebPage\",\"@id\":\"https:\/\/comune.santacroce.pi.it\/oldsite\/informazioni\/dirittiincomune\/\",\"url\":\"https:\/\/comune.santacroce.pi.it\/oldsite\/informazioni\/dirittiincomune\/\",\"name\":\"Diritti in Comune - Comune di Santa Croce sull&#039;Arno\",\"isPartOf\":{\"@id\":\"https:\/\/comune.santacroce.pi.it\/oldsite\/#website\"},\"primaryImageOfPage\":{\"@id\":\"https:\/\/comune.santacroce.pi.it\/oldsite\/informazioni\/dirittiincomune\/#primaryimage\"},\"image\":{\"@id\":\"https:\/\/comune.santacroce.pi.it\/oldsite\/informazioni\/dirittiincomune\/#primaryimage\"},\"thumbnailUrl\":\"https:\/\/comune.santacroce.pi.it\/oldsite\/wp-content\/uploads\/2023\/05\/1200x628_visual-principale-300x157.jpg\",\"datePublished\":\"2022-05-26T13:29:17+00:00\",\"dateModified\":\"2023-05-31T07:34:17+00:00\",\"breadcrumb\":{\"@id\":\"https:\/\/comune.santacroce.pi.it\/oldsite\/informazioni\/dirittiincomune\/#breadcrumb\"},\"inLanguage\":\"it-IT\",\"potentialAction\":[{\"@type\":\"ReadAction\",\"target\":[\"https:\/\/comune.santacroce.pi.it\/oldsite\/informazioni\/dirittiincomune\/\"]}]},{\"@type\":\"ImageObject\",\"inLanguage\":\"it-IT\",\"@id\":\"https:\/\/comune.santacroce.pi.it\/oldsite\/informazioni\/dirittiincomune\/#primaryimage\",\"url\":\"https:\/\/comune.santacroce.pi.it\/oldsite\/wp-content\/uploads\/2023\/05\/1200x628_visual-principale.jpg\",\"contentUrl\":\"https:\/\/comune.santacroce.pi.it\/oldsite\/wp-content\/uploads\/2023\/05\/1200x628_visual-principale.jpg\",\"width\":1200,\"height\":628},{\"@type\":\"BreadcrumbList\",\"@id\":\"https:\/\/comune.santacroce.pi.it\/oldsite\/informazioni\/dirittiincomune\/#breadcrumb\",\"itemListElement\":[{\"@type\":\"ListItem\",\"position\":1,\"name\":\"Home\",\"item\":\"https:\/\/comune.santacroce.pi.it\/oldsite\/\"},{\"@type\":\"ListItem\",\"position\":2,\"name\":\"Informazioni\",\"item\":\"https:\/\/comune.santacroce.pi.it\/oldsite\/informazioni\/\"},{\"@type\":\"ListItem\",\"position\":3,\"name\":\"Diritti in Comune\"}]},{\"@type\":\"WebSite\",\"@id\":\"https:\/\/comune.santacroce.pi.it\/oldsite\/#website\",\"url\":\"https:\/\/comune.santacroce.pi.it\/oldsite\/\",\"name\":\"Comune di Santa Croce sull&#039;Arno\",\"description\":\"Provincia di Pisa\",\"publisher\":{\"@id\":\"https:\/\/comune.santacroce.pi.it\/oldsite\/#organization\"},\"potentialAction\":[{\"@type\":\"SearchAction\",\"target\":{\"@type\":\"EntryPoint\",\"urlTemplate\":\"https:\/\/comune.santacroce.pi.it\/oldsite\/?s={search_term_string}\"},\"query-input\":{\"@type\":\"PropertyValueSpecification\",\"valueRequired\":true,\"valueName\":\"search_term_string\"}}],\"inLanguage\":\"it-IT\"},{\"@type\":\"Organization\",\"@id\":\"https:\/\/comune.santacroce.pi.it\/oldsite\/#organization\",\"name\":\"Comune di Santa Croce sull'Arno\",\"url\":\"https:\/\/comune.santacroce.pi.it\/oldsite\/\",\"logo\":{\"@type\":\"ImageObject\",\"inLanguage\":\"it-IT\",\"@id\":\"https:\/\/comune.santacroce.pi.it\/oldsite\/#\/schema\/logo\/image\/\",\"url\":\"https:\/\/comune.santacroce.pi.it\/oldsite\/wp-content\/uploads\/2021\/02\/cropped-Stemma-Santa-Croce-dellArno_500-1.png\",\"contentUrl\":\"https:\/\/comune.santacroce.pi.it\/oldsite\/wp-content\/uploads\/2021\/02\/cropped-Stemma-Santa-Croce-dellArno_500-1.png\",\"width\":500,\"height\":500,\"caption\":\"Comune di Santa Croce sull'Arno\"},\"image\":{\"@id\":\"https:\/\/comune.santacroce.pi.it\/oldsite\/#\/schema\/logo\/image\/\"}}]}<\/script>\n<!-- \/ Yoast SEO plugin. -->","yoast_head_json":{"title":"Diritti in Comune - Comune di Santa Croce sull&#039;Arno","robots":{"index":"index","follow":"follow","max-snippet":"max-snippet:-1","max-image-preview":"max-image-preview:large","max-video-preview":"max-video-preview:-1"},"canonical":"https:\/\/comune.santacroce.pi.it\/oldsite\/informazioni\/dirittiincomune\/","og_locale":"it_IT","og_type":"article","og_title":"Diritti in Comune - Comune di Santa Croce sull&#039;Arno","og_description":"La Convenzione sui diritti dell\u2019infanzia e dell\u2019adolescenza, \u00e8 stata approvata dall\u2019Assemblea Generale delle Nazioni Unite il 20 novembre del 1989. Con\u00a0la legge n. 176 del 27 maggio 1991\u00a0l\u2019Italia ha ratificato [&hellip;]","og_url":"https:\/\/comune.santacroce.pi.it\/oldsite\/informazioni\/dirittiincomune\/","og_site_name":"Comune di Santa Croce sull&#039;Arno","article_modified_time":"2023-05-31T07:34:17+00:00","og_image":[{"url":"https:\/\/comune.santacroce.pi.it\/oldsite\/wp-content\/uploads\/2023\/05\/Iscritti-scuole-territorio.jpeg","type":"","width":"","height":""}],"twitter_card":"summary_large_image","twitter_misc":{"Tempo di lettura stimato":"2 minuti"},"schema":{"@context":"https:\/\/schema.org","@graph":[{"@type":"WebPage","@id":"https:\/\/comune.santacroce.pi.it\/oldsite\/informazioni\/dirittiincomune\/","url":"https:\/\/comune.santacroce.pi.it\/oldsite\/informazioni\/dirittiincomune\/","name":"Diritti in Comune - Comune di Santa Croce sull&#039;Arno","isPartOf":{"@id":"https:\/\/comune.santacroce.pi.it\/oldsite\/#website"},"primaryImageOfPage":{"@id":"https:\/\/comune.santacroce.pi.it\/oldsite\/informazioni\/dirittiincomune\/#primaryimage"},"image":{"@id":"https:\/\/comune.santacroce.pi.it\/oldsite\/informazioni\/dirittiincomune\/#primaryimage"},"thumbnailUrl":"https:\/\/comune.santacroce.pi.it\/oldsite\/wp-content\/uploads\/2023\/05\/1200x628_visual-principale-300x157.jpg","datePublished":"2022-05-26T13:29:17+00:00","dateModified":"2023-05-31T07:34:17+00:00","breadcrumb":{"@id":"https:\/\/comune.santacroce.pi.it\/oldsite\/informazioni\/dirittiincomune\/#breadcrumb"},"inLanguage":"it-IT","potentialAction":[{"@type":"ReadAction","target":["https:\/\/comune.santacroce.pi.it\/oldsite\/informazioni\/dirittiincomune\/"]}]},{"@type":"ImageObject","inLanguage":"it-IT","@id":"https:\/\/comune.santacroce.pi.it\/oldsite\/informazioni\/dirittiincomune\/#primaryimage","url":"https:\/\/comune.santacroce.pi.it\/oldsite\/wp-content\/uploads\/2023\/05\/1200x628_visual-principale.jpg","contentUrl":"https:\/\/comune.santacroce.pi.it\/oldsite\/wp-content\/uploads\/2023\/05\/1200x628_visual-principale.jpg","width":1200,"height":628},{"@type":"BreadcrumbList","@id":"https:\/\/comune.santacroce.pi.it\/oldsite\/informazioni\/dirittiincomune\/#breadcrumb","itemListElement":[{"@type":"ListItem","position":1,"name":"Home","item":"https:\/\/comune.santacroce.pi.it\/oldsite\/"},{"@type":"ListItem","position":2,"name":"Informazioni","item":"https:\/\/comune.santacroce.pi.it\/oldsite\/informazioni\/"},{"@type":"ListItem","position":3,"name":"Diritti in Comune"}]},{"@type":"WebSite","@id":"https:\/\/comune.santacroce.pi.it\/oldsite\/#website","url":"https:\/\/comune.santacroce.pi.it\/oldsite\/","name":"Comune di Santa Croce sull&#039;Arno","description":"Provincia di Pisa","publisher":{"@id":"https:\/\/comune.santacroce.pi.it\/oldsite\/#organization"},"potentialAction":[{"@type":"SearchAction","target":{"@type":"EntryPoint","urlTemplate":"https:\/\/comune.santacroce.pi.it\/oldsite\/?s={search_term_string}"},"query-input":{"@type":"PropertyValueSpecification","valueRequired":true,"valueName":"search_term_string"}}],"inLanguage":"it-IT"},{"@type":"Organization","@id":"https:\/\/comune.santacroce.pi.it\/oldsite\/#organization","name":"Comune di Santa Croce sull'Arno","url":"https:\/\/comune.santacroce.pi.it\/oldsite\/","logo":{"@type":"ImageObject","inLanguage":"it-IT","@id":"https:\/\/comune.santacroce.pi.it\/oldsite\/#\/schema\/logo\/image\/","url":"https:\/\/comune.santacroce.pi.it\/oldsite\/wp-content\/uploads\/2021\/02\/cropped-Stemma-Santa-Croce-dellArno_500-1.png","contentUrl":"https:\/\/comune.santacroce.pi.it\/oldsite\/wp-content\/uploads\/2021\/02\/cropped-Stemma-Santa-Croce-dellArno_500-1.png","width":500,"height":500,"caption":"Comune di Santa Croce sull'Arno"},"image":{"@id":"https:\/\/comune.santacroce.pi.it\/oldsite\/#\/schema\/logo\/image\/"}}]}},"meta_box":{"_page_ufficio":[]},"_links":{"self":[{"href":"https:\/\/comune.santacroce.pi.it\/oldsite\/wp-json\/wp\/v2\/pages\/19946","targetHints":{"allow":["GET"]}}],"collection":[{"href":"https:\/\/comune.santacroce.pi.it\/oldsite\/wp-json\/wp\/v2\/pages"}],"about":[{"href":"https:\/\/comune.santacroce.pi.it\/oldsite\/wp-json\/wp\/v2\/types\/page"}],"author":[{"embeddable":true,"href":"https:\/\/comune.santacroce.pi.it\/oldsite\/wp-json\/wp\/v2\/users\/15"}],"replies":[{"embeddable":true,"href":"https:\/\/comune.santacroce.pi.it\/oldsite\/wp-json\/wp\/v2\/comments?post=19946"}],"version-history":[{"count":0,"href":"https:\/\/comune.santacroce.pi.it\/oldsite\/wp-json\/wp\/v2\/pages\/19946\/revisions"}],"up":[{"embeddable":true,"href":"https:\/\/comune.santacroce.pi.it\/oldsite\/wp-json\/wp\/v2\/pages\/18488"}],"wp:attachment":[{"href":"https:\/\/comune.santacroce.pi.it\/oldsite\/wp-json\/wp\/v2\/media?parent=19946"}],"curies":[{"name":"wp","href":"https:\/\/api.w.org\/{rel}","templated":true}]}}