{"id":19706,"date":"2022-05-02T11:50:49","date_gmt":"2022-05-02T09:50:49","guid":{"rendered":"https:\/\/comune.santacroce.pi.it\/oldsite\/?page_id=19706"},"modified":"2022-05-02T11:53:49","modified_gmt":"2022-05-02T09:53:49","slug":"primo-tempo-2021-2022","status":"publish","type":"page","link":"https:\/\/comune.santacroce.pi.it\/oldsite\/informazioni\/cultura\/teatro-comunale-giuseppe-verdi\/stagione-teatrale\/primo-tempo\/primo-tempo-2021-2022\/","title":{"rendered":"Primo Tempo 2021\/2022"},"content":{"rendered":"<p><strong>Gioved\u00ec 21 Aprile 2022 &#8211; ore 21.00<\/strong><br \/>\n<strong>LA REGINA DELLA NEVE<br \/>\n<\/strong><em>liberamente tratto dalla fiaba di H. C. Andersen<\/em><\/p>\n<p><em>Spettacolo conclusivo laboratorio extrascolastico Achab bambini<\/em><br \/>\na cura di Sonia Montanaro<br \/>\nper Giallo Mare Minimal Teatro<br \/>\ncon Ornella Aliberti, Nicole Ceglie, Cesare Ciaponi, Guido Giuntoli, Davide Guidi, Lucilla Lazzerini, Aurora Lupi, Sofia Maioli, Giulia Malvolti, Bianca Ossani, Livia Parrini Marianelli, Gian Maria Remi, Elettra Riccioni, Rafael Russo, Rosi Russo, Cloe Salcito, Giorgia Venturi<\/p>\n<hr \/>\n<p><strong>Venerd\u00ec 22 Aprile 2022 &#8211; ore 21.00<\/strong><br \/>\n<strong>ROME E GIULIETTA: MILLE VOLTE BUONANOTTE<br \/>\n<\/strong><em>liberamente tratto dalla tragedia di W. Shakespeare<\/em><\/p>\n<p><em>Spettacolo conclusivo laboratorio extrascolastico Achab ragazzi<\/em><br \/>\na cura di Sonia Montanaro<br \/>\nper Giallo Mare Minimal Teatro<br \/>\ncon Niccol\u00f2 Aliberti, Angelica Bini, Alyssa Falleri, Giulia Guerrini, Francesco Pizio, Mattia Stazzi, Tommaso Valori, Diego Venturi<\/p>\n<hr \/>\n<p><strong>Marted\u00ec 3 Maggio 2022 \u2013 ore 21.00<\/strong><br \/>\n<em>Lorenzo Baglioni<\/em><br \/>\n<strong>CANZONI A TEATRO<\/strong><br \/>\ntesti e musiche di Lorenzo Baglioni e Michele Baglioni<br \/>\ncon la partecipazione di Damiano Sardi<br \/>\nuna produzione Ridens<\/p>\n<hr \/>\n<p><strong>Marted\u00ec 17, Mercoled\u00ec 18, gioved\u00ec 19 Maggio 2022 &#8211; ore 21.00<\/strong><br \/>\n<em>Giallo Mare Minimal Teatro<\/em><br \/>\n<strong>IL PORTAFOGLI<br \/>\n<\/strong><em><strong>Performance radioscenica in tre atti<\/strong><\/em><br \/>\ncon in scena: Cristina Abati, Renzo Boldrini, Roberto Bonfanti, Sanzio Fusconi, Diletta Landi, Yuri Orlandi, Carlo Salvador, Tommaso Taddei.<br \/>\nSolo in voce: Maria Teresa Delogu, Massimo Fornaciari, Simone Martini<\/p>\n<p>Le voci delle puntate radiofoniche sono:<br \/>\nIl narratore, il Signor Strano &#8211; Massimo Grig\u00f2<br \/>\nIl rag. Barolini &#8211; Tommaso Taddei<br \/>\nUn bambino &#8211; Diego Malatesta<br \/>\nTre Signore &#8211; Lara Lucioli, Rossella Parrucci, Vania Pucci<\/p>\n<hr \/>\n<p><strong>Biglietteria<\/strong><br \/>\nGli spettacoli conclusivi dei laboratori di Achab sono a ingresso gratuito.<\/p>\n<p><strong>&#8220;<em>Canzoni a Teatro<\/em>&#8220;<\/strong><br \/>\nPosto unico: \u20ac 10<\/p>\n<p><strong>&#8220;<em>Il portafogli<\/em>&#8220;<\/strong><br \/>\nPosto unico: \u20ac 10<br \/>\nPerformance itinerante, max 20 persone<\/p>\n<p><strong>Info<\/strong><br \/>\nGiallo Mare Minimal Teatro<br \/>\ntel. 0571 81629 &#8211; 0571 83758<br \/>\n<a href=\"mailto:biglietteria@giallomare.it\">biglietteria@giallomare.it<\/a><\/p>\n","protected":false},"excerpt":{"rendered":"<p>Gioved\u00ec 21 Aprile 2022 &#8211; ore 21.00 LA REGINA DELLA NEVE liberamente tratto dalla fiaba di H. C. Andersen Spettacolo conclusivo laboratorio extrascolastico Achab bambini a cura di Sonia Montanaro [&hellip;]<\/p>\n","protected":false},"author":18,"featured_media":0,"parent":17879,"menu_order":0,"comment_status":"closed","ping_status":"closed","template":"","meta":{"footnotes":""},"class_list":["post-19706","page","type-page","status-publish","hentry"],"yoast_head":"<!-- This site is optimized with the Yoast SEO plugin v24.7 - https:\/\/yoast.com\/wordpress\/plugins\/seo\/ -->\n<title>Primo Tempo 2021\/2022 - Comune di Santa Croce sull&#039;Arno<\/title>\n<meta name=\"robots\" content=\"index, follow, max-snippet:-1, max-image-preview:large, max-video-preview:-1\" \/>\n<link rel=\"canonical\" href=\"https:\/\/comune.santacroce.pi.it\/oldsite\/informazioni\/cultura\/teatro-comunale-giuseppe-verdi\/stagione-teatrale\/primo-tempo\/primo-tempo-2021-2022\/\" \/>\n<meta property=\"og:locale\" content=\"it_IT\" \/>\n<meta property=\"og:type\" content=\"article\" \/>\n<meta property=\"og:title\" content=\"Primo Tempo 2021\/2022 - Comune di Santa Croce sull&#039;Arno\" \/>\n<meta property=\"og:description\" content=\"Gioved\u00ec 21 Aprile 2022 &#8211; ore 21.00 LA REGINA DELLA NEVE liberamente tratto dalla fiaba di H. C. Andersen Spettacolo conclusivo laboratorio extrascolastico Achab bambini a cura di Sonia Montanaro [&hellip;]\" \/>\n<meta property=\"og:url\" content=\"https:\/\/comune.santacroce.pi.it\/oldsite\/informazioni\/cultura\/teatro-comunale-giuseppe-verdi\/stagione-teatrale\/primo-tempo\/primo-tempo-2021-2022\/\" \/>\n<meta property=\"og:site_name\" content=\"Comune di Santa Croce sull&#039;Arno\" \/>\n<meta property=\"article:modified_time\" content=\"2022-05-02T09:53:49+00:00\" \/>\n<meta property=\"og:image\" content=\"https:\/\/comune.santacroce.pi.it\/oldsite\/wp-content\/uploads\/2021\/04\/Santa-Croce-sulArno-800x582-2.png\" \/>\n\t<meta property=\"og:image:width\" content=\"800\" \/>\n\t<meta property=\"og:image:height\" content=\"582\" \/>\n\t<meta property=\"og:image:type\" content=\"image\/png\" \/>\n<meta name=\"twitter:card\" content=\"summary_large_image\" \/>\n<meta name=\"twitter:label1\" content=\"Tempo di lettura stimato\" \/>\n\t<meta name=\"twitter:data1\" content=\"2 minuti\" \/>\n<script type=\"application\/ld+json\" class=\"yoast-schema-graph\">{\"@context\":\"https:\/\/schema.org\",\"@graph\":[{\"@type\":\"WebPage\",\"@id\":\"https:\/\/comune.santacroce.pi.it\/oldsite\/informazioni\/cultura\/teatro-comunale-giuseppe-verdi\/stagione-teatrale\/primo-tempo\/primo-tempo-2021-2022\/\",\"url\":\"https:\/\/comune.santacroce.pi.it\/oldsite\/informazioni\/cultura\/teatro-comunale-giuseppe-verdi\/stagione-teatrale\/primo-tempo\/primo-tempo-2021-2022\/\",\"name\":\"Primo Tempo 2021\/2022 - Comune di Santa Croce sull&#039;Arno\",\"isPartOf\":{\"@id\":\"https:\/\/comune.santacroce.pi.it\/oldsite\/#website\"},\"datePublished\":\"2022-05-02T09:50:49+00:00\",\"dateModified\":\"2022-05-02T09:53:49+00:00\",\"breadcrumb\":{\"@id\":\"https:\/\/comune.santacroce.pi.it\/oldsite\/informazioni\/cultura\/teatro-comunale-giuseppe-verdi\/stagione-teatrale\/primo-tempo\/primo-tempo-2021-2022\/#breadcrumb\"},\"inLanguage\":\"it-IT\",\"potentialAction\":[{\"@type\":\"ReadAction\",\"target\":[\"https:\/\/comune.santacroce.pi.it\/oldsite\/informazioni\/cultura\/teatro-comunale-giuseppe-verdi\/stagione-teatrale\/primo-tempo\/primo-tempo-2021-2022\/\"]}]},{\"@type\":\"BreadcrumbList\",\"@id\":\"https:\/\/comune.santacroce.pi.it\/oldsite\/informazioni\/cultura\/teatro-comunale-giuseppe-verdi\/stagione-teatrale\/primo-tempo\/primo-tempo-2021-2022\/#breadcrumb\",\"itemListElement\":[{\"@type\":\"ListItem\",\"position\":1,\"name\":\"Home\",\"item\":\"https:\/\/comune.santacroce.pi.it\/oldsite\/\"},{\"@type\":\"ListItem\",\"position\":2,\"name\":\"Informazioni\",\"item\":\"https:\/\/comune.santacroce.pi.it\/oldsite\/informazioni\/\"},{\"@type\":\"ListItem\",\"position\":3,\"name\":\"Cultura\",\"item\":\"https:\/\/comune.santacroce.pi.it\/oldsite\/informazioni\/cultura\/\"},{\"@type\":\"ListItem\",\"position\":4,\"name\":\"Teatro Comunale &#8220;Giuseppe Verdi&#8221;\",\"item\":\"https:\/\/comune.santacroce.pi.it\/oldsite\/informazioni\/cultura\/teatro-comunale-giuseppe-verdi\/\"},{\"@type\":\"ListItem\",\"position\":5,\"name\":\"Stagione teatrale\",\"item\":\"https:\/\/comune.santacroce.pi.it\/oldsite\/informazioni\/cultura\/teatro-comunale-giuseppe-verdi\/stagione-teatrale\/\"},{\"@type\":\"ListItem\",\"position\":6,\"name\":\"Primo Tempo\",\"item\":\"https:\/\/comune.santacroce.pi.it\/oldsite\/informazioni\/cultura\/teatro-comunale-giuseppe-verdi\/stagione-teatrale\/primo-tempo\/\"},{\"@type\":\"ListItem\",\"position\":7,\"name\":\"Primo Tempo 2021\/2022\"}]},{\"@type\":\"WebSite\",\"@id\":\"https:\/\/comune.santacroce.pi.it\/oldsite\/#website\",\"url\":\"https:\/\/comune.santacroce.pi.it\/oldsite\/\",\"name\":\"Comune di Santa Croce sull&#039;Arno\",\"description\":\"Provincia di Pisa\",\"publisher\":{\"@id\":\"https:\/\/comune.santacroce.pi.it\/oldsite\/#organization\"},\"potentialAction\":[{\"@type\":\"SearchAction\",\"target\":{\"@type\":\"EntryPoint\",\"urlTemplate\":\"https:\/\/comune.santacroce.pi.it\/oldsite\/?s={search_term_string}\"},\"query-input\":{\"@type\":\"PropertyValueSpecification\",\"valueRequired\":true,\"valueName\":\"search_term_string\"}}],\"inLanguage\":\"it-IT\"},{\"@type\":\"Organization\",\"@id\":\"https:\/\/comune.santacroce.pi.it\/oldsite\/#organization\",\"name\":\"Comune di Santa Croce sull'Arno\",\"url\":\"https:\/\/comune.santacroce.pi.it\/oldsite\/\",\"logo\":{\"@type\":\"ImageObject\",\"inLanguage\":\"it-IT\",\"@id\":\"https:\/\/comune.santacroce.pi.it\/oldsite\/#\/schema\/logo\/image\/\",\"url\":\"https:\/\/comune.santacroce.pi.it\/oldsite\/wp-content\/uploads\/2021\/02\/cropped-Stemma-Santa-Croce-dellArno_500-1.png\",\"contentUrl\":\"https:\/\/comune.santacroce.pi.it\/oldsite\/wp-content\/uploads\/2021\/02\/cropped-Stemma-Santa-Croce-dellArno_500-1.png\",\"width\":500,\"height\":500,\"caption\":\"Comune di Santa Croce sull'Arno\"},\"image\":{\"@id\":\"https:\/\/comune.santacroce.pi.it\/oldsite\/#\/schema\/logo\/image\/\"}}]}<\/script>\n<!-- \/ Yoast SEO plugin. -->","yoast_head_json":{"title":"Primo Tempo 2021\/2022 - Comune di Santa Croce sull&#039;Arno","robots":{"index":"index","follow":"follow","max-snippet":"max-snippet:-1","max-image-preview":"max-image-preview:large","max-video-preview":"max-video-preview:-1"},"canonical":"https:\/\/comune.santacroce.pi.it\/oldsite\/informazioni\/cultura\/teatro-comunale-giuseppe-verdi\/stagione-teatrale\/primo-tempo\/primo-tempo-2021-2022\/","og_locale":"it_IT","og_type":"article","og_title":"Primo Tempo 2021\/2022 - Comune di Santa Croce sull&#039;Arno","og_description":"Gioved\u00ec 21 Aprile 2022 &#8211; ore 21.00 LA REGINA DELLA NEVE liberamente tratto dalla fiaba di H. C. Andersen Spettacolo conclusivo laboratorio extrascolastico Achab bambini a cura di Sonia Montanaro [&hellip;]","og_url":"https:\/\/comune.santacroce.pi.it\/oldsite\/informazioni\/cultura\/teatro-comunale-giuseppe-verdi\/stagione-teatrale\/primo-tempo\/primo-tempo-2021-2022\/","og_site_name":"Comune di Santa Croce sull&#039;Arno","article_modified_time":"2022-05-02T09:53:49+00:00","og_image":[{"width":800,"height":582,"url":"https:\/\/comune.santacroce.pi.it\/oldsite\/wp-content\/uploads\/2021\/04\/Santa-Croce-sulArno-800x582-2.png","type":"image\/png"}],"twitter_card":"summary_large_image","twitter_misc":{"Tempo di lettura stimato":"2 minuti"},"schema":{"@context":"https:\/\/schema.org","@graph":[{"@type":"WebPage","@id":"https:\/\/comune.santacroce.pi.it\/oldsite\/informazioni\/cultura\/teatro-comunale-giuseppe-verdi\/stagione-teatrale\/primo-tempo\/primo-tempo-2021-2022\/","url":"https:\/\/comune.santacroce.pi.it\/oldsite\/informazioni\/cultura\/teatro-comunale-giuseppe-verdi\/stagione-teatrale\/primo-tempo\/primo-tempo-2021-2022\/","name":"Primo Tempo 2021\/2022 - Comune di Santa Croce sull&#039;Arno","isPartOf":{"@id":"https:\/\/comune.santacroce.pi.it\/oldsite\/#website"},"datePublished":"2022-05-02T09:50:49+00:00","dateModified":"2022-05-02T09:53:49+00:00","breadcrumb":{"@id":"https:\/\/comune.santacroce.pi.it\/oldsite\/informazioni\/cultura\/teatro-comunale-giuseppe-verdi\/stagione-teatrale\/primo-tempo\/primo-tempo-2021-2022\/#breadcrumb"},"inLanguage":"it-IT","potentialAction":[{"@type":"ReadAction","target":["https:\/\/comune.santacroce.pi.it\/oldsite\/informazioni\/cultura\/teatro-comunale-giuseppe-verdi\/stagione-teatrale\/primo-tempo\/primo-tempo-2021-2022\/"]}]},{"@type":"BreadcrumbList","@id":"https:\/\/comune.santacroce.pi.it\/oldsite\/informazioni\/cultura\/teatro-comunale-giuseppe-verdi\/stagione-teatrale\/primo-tempo\/primo-tempo-2021-2022\/#breadcrumb","itemListElement":[{"@type":"ListItem","position":1,"name":"Home","item":"https:\/\/comune.santacroce.pi.it\/oldsite\/"},{"@type":"ListItem","position":2,"name":"Informazioni","item":"https:\/\/comune.santacroce.pi.it\/oldsite\/informazioni\/"},{"@type":"ListItem","position":3,"name":"Cultura","item":"https:\/\/comune.santacroce.pi.it\/oldsite\/informazioni\/cultura\/"},{"@type":"ListItem","position":4,"name":"Teatro Comunale &#8220;Giuseppe Verdi&#8221;","item":"https:\/\/comune.santacroce.pi.it\/oldsite\/informazioni\/cultura\/teatro-comunale-giuseppe-verdi\/"},{"@type":"ListItem","position":5,"name":"Stagione teatrale","item":"https:\/\/comune.santacroce.pi.it\/oldsite\/informazioni\/cultura\/teatro-comunale-giuseppe-verdi\/stagione-teatrale\/"},{"@type":"ListItem","position":6,"name":"Primo Tempo","item":"https:\/\/comune.santacroce.pi.it\/oldsite\/informazioni\/cultura\/teatro-comunale-giuseppe-verdi\/stagione-teatrale\/primo-tempo\/"},{"@type":"ListItem","position":7,"name":"Primo Tempo 2021\/2022"}]},{"@type":"WebSite","@id":"https:\/\/comune.santacroce.pi.it\/oldsite\/#website","url":"https:\/\/comune.santacroce.pi.it\/oldsite\/","name":"Comune di Santa Croce sull&#039;Arno","description":"Provincia di Pisa","publisher":{"@id":"https:\/\/comune.santacroce.pi.it\/oldsite\/#organization"},"potentialAction":[{"@type":"SearchAction","target":{"@type":"EntryPoint","urlTemplate":"https:\/\/comune.santacroce.pi.it\/oldsite\/?s={search_term_string}"},"query-input":{"@type":"PropertyValueSpecification","valueRequired":true,"valueName":"search_term_string"}}],"inLanguage":"it-IT"},{"@type":"Organization","@id":"https:\/\/comune.santacroce.pi.it\/oldsite\/#organization","name":"Comune di Santa Croce sull'Arno","url":"https:\/\/comune.santacroce.pi.it\/oldsite\/","logo":{"@type":"ImageObject","inLanguage":"it-IT","@id":"https:\/\/comune.santacroce.pi.it\/oldsite\/#\/schema\/logo\/image\/","url":"https:\/\/comune.santacroce.pi.it\/oldsite\/wp-content\/uploads\/2021\/02\/cropped-Stemma-Santa-Croce-dellArno_500-1.png","contentUrl":"https:\/\/comune.santacroce.pi.it\/oldsite\/wp-content\/uploads\/2021\/02\/cropped-Stemma-Santa-Croce-dellArno_500-1.png","width":500,"height":500,"caption":"Comune di Santa Croce sull'Arno"},"image":{"@id":"https:\/\/comune.santacroce.pi.it\/oldsite\/#\/schema\/logo\/image\/"}}]}},"meta_box":{"_page_ufficio":[]},"_links":{"self":[{"href":"https:\/\/comune.santacroce.pi.it\/oldsite\/wp-json\/wp\/v2\/pages\/19706","targetHints":{"allow":["GET"]}}],"collection":[{"href":"https:\/\/comune.santacroce.pi.it\/oldsite\/wp-json\/wp\/v2\/pages"}],"about":[{"href":"https:\/\/comune.santacroce.pi.it\/oldsite\/wp-json\/wp\/v2\/types\/page"}],"author":[{"embeddable":true,"href":"https:\/\/comune.santacroce.pi.it\/oldsite\/wp-json\/wp\/v2\/users\/18"}],"replies":[{"embeddable":true,"href":"https:\/\/comune.santacroce.pi.it\/oldsite\/wp-json\/wp\/v2\/comments?post=19706"}],"version-history":[{"count":0,"href":"https:\/\/comune.santacroce.pi.it\/oldsite\/wp-json\/wp\/v2\/pages\/19706\/revisions"}],"up":[{"embeddable":true,"href":"https:\/\/comune.santacroce.pi.it\/oldsite\/wp-json\/wp\/v2\/pages\/17879"}],"wp:attachment":[{"href":"https:\/\/comune.santacroce.pi.it\/oldsite\/wp-json\/wp\/v2\/media?parent=19706"}],"curies":[{"name":"wp","href":"https:\/\/api.w.org\/{rel}","templated":true}]}}