{"id":18116,"date":"2021-03-09T11:26:02","date_gmt":"2021-03-09T10:26:02","guid":{"rendered":"https:\/\/comune.santacroce.pi.it\/oldsite\/?page_id=18116"},"modified":"2024-02-22T17:09:51","modified_gmt":"2024-02-22T16:09:51","slug":"storico-mostre-villa-pacchiani","status":"publish","type":"page","link":"https:\/\/comune.santacroce.pi.it\/oldsite\/informazioni\/cultura\/centro-di-attivita-espressive-villa-pacchiani\/storico-mostre-villa-pacchiani\/","title":{"rendered":"Storico Mostre Villa Pacchiani"},"content":{"rendered":"<h3>LE MOSTRE<\/h3>\n<p>Le mostre sono tutte prodotte e progettate dal Centro attivit\u00e0 espressive. Alcune si rivolgono al territorio, altre vanno oltre; tutte per\u00f2 tendono a chiarire, documentare, registrare le problematiche dell&#8217;arte contemporanea.<br \/>\nPer quasi tutte le mostre \u00e8 stato realizzato il catalogo.<\/p>\n<h4>Pre-1991<\/h4>\n<p><em>21 Giugno- 20 Luglio 1980<\/em><br \/>\n<strong>Immagini di un territorio<\/strong> (Cristiano Banti, Valerio Comparini, Ferdinando Costagli, Romano Masoni, Pietro Parenti, Adolfina Vanni, Arturo Checchi, Luigi Fatichi, Giulio Greco, Maria Grazia Morini, Silvano Bini, Bissietta, Rosemarie Finckh, Luigi Gaioni, Franco Giannoni, Dilvo Lotti, Sauro Mori, Karl-Heinz Hartmann-Oels, Giovanni Pazzini, Tropei, Silvio Bicchi, Menotti Pertici, Christian De Moor, Antonio Puccinelli)<\/p>\n<p><em>19 Giugno- 30 Luglio 1981<\/em><br \/>\n<strong>Tra parola e immagine **<\/strong><\/p>\n<p><em>5 Marzo- 5 Aprile 1983<\/em><br \/>\n<strong>Memoria dell\u2019uomo<\/strong> (Balocchi, Gigi, Bodini, Canuti, Cascella, Perez, Pisani, Trubbiani, Vangi) Nuova Generazione (Bertolini, Campagna, Cervietti, Galligani, Giannetti, Lepore, Munch, Ruggiero, Saba) Personali (Marshall, Pulcinelli, Dolfo) \u2013 Catalogo a cura di Nicola Micieli **<\/p>\n<p><em>14 Maggio \u2013 5 Giugno 1983<\/em><br \/>\n<strong>Frammenti di storia.<\/strong> Archeologia di superficie nel Medio Valdarno Inferiore. &#8211; Catalogo a cura di Giulio Ciampoltrini e Franco Maestrini **<\/p>\n<hr \/>\n<h4>Nel 1991<\/h4>\n<p><em>19 Gennaio \u2013 23 Febbraio 1991<\/em><br \/>\n<strong>Navigazioni.<\/strong> (Bob\u00f2, Comparini, Dolfo, Greco, Lombardi, Masoni) \u2013 Catalogo a cura di Nicola Micieli<\/p>\n<p><em>9 \u2013 27 Marzo 1991<\/em><br \/>\n<strong>Le prigioni della storia.<\/strong> Roberto Innocenti illustratore &#8211; Catalogo a cura di Paola Vassalli, Mich\u00e8le Cochet **<\/p>\n<p><em>1 Giugno &#8211; 7 Luglio 1991<\/em><br \/>\n<strong>Subsidenze \/ Maledetti e Romantici<\/strong> (Fieschi, Francese, Moreni, Perez, Vacchi) \u2013 Catalogo a cura di Nicola Micieli<\/p>\n<p><em>16 Novembre 1991 \u2013 12 Gennaio 1992<\/em><br \/>\n<strong>Giuseppe Viviani. Acqueforti e xilografie<\/strong> \u2013 Catalogo a cura di Giuseppe Marino<\/p>\n<hr \/>\n<h4>Nel 1992<\/h4>\n<p><em>18 Gennaio \u2013 16 Febbraio 1992<\/em><br \/>\n<strong>L\u2019arte scotta.<\/strong> Ovvero il cibo nell\u2019arte (Fernando Andolcetti, AY-O, Enrico Baj, Mirella Bentivoglio, Marisa Bonazzi, Dario Brevi, Brian Buczak, Luciano Caruso, Maurizio Cattelan, Cosimo Cimino, Sandro Coccia, Philip Corner, Claudio Costa, Corrado Costa, Andrea Crosa, Chiara Diamantini, Janet Goldner, Coco Gordon, Elisabetta Gut, Florence Henri, Ray Johnson, Alison Knowles, Mauro Manfredi, Mario Mariotti, Emanuele Mennitti Paraito, Eugenio Miccini, Clara Milani, Riri Negri, Morgan O\u2019Hara, Claes Oldenburg, Roberto Orlandi, Ben Patterson, Sergio Pavone, Lamberto Pignotti, Antonio Porcelli, Concetto Pozzati, Angelo Pretolani, Margaret Rasp\u00e9, Diter Rot, Takaro Saito, Beppe Schiavetta, Stefano Schiavoni, Daniel Spoerri, Ben Vautier, Andy Warhol, Ido Bertini, Antonio Bob\u00f2, Giuseppe Del Debbio, Ivo Lombardi, Mauro Manetti, Gianfalco Masini, Sergio Pucci) \u2013 Catalogo a cura del Circolo Culturale \u201cIl Gabbiano\u201d La Spezia<\/p>\n<p><em>14 Marzo \u2013 12 Aprile 1992<\/em><br \/>\n<strong>I libri di Iliazd.<\/strong> Dall\u2019avanguardia russa alla scuola di Parigi \u2013 Catalogo della mostra tenuta a Firenze, presso la Biblioteca nazionale centrale<\/p>\n<p><em>23 Maggio \u2013 21 Giugno 1992<\/em><br \/>\n<strong>Esopiade. Storie da rimettere in gioco.<\/strong> Ottocento bambini e nove pittori, trenta insegnanti e una compagnia teatrale (Beconi, Bob\u00f2, Del Debbio, De Rosa, Lombardi M., Lombardi I., Masini, Melani, Meschi) **<\/p>\n<p><em>12 Settembre \u2013 4 Ottobre 1992<\/em><br \/>\n<strong>Serafino Beconi. L&#8217;eccidio di Sant&#8217;Anna di Stazzema e altre storie<\/strong> **<\/p>\n<p><em>31 Ottobre \u2013 21 Novembre 1992<\/em><br \/>\n<strong>Tono Zancanaro. Antologica<\/strong> \u2013 Catalogo a cura di Nicola Micieli<\/p>\n<p><strong>Tono Zancanaro Donazione. Disegni e incisioni.<\/strong><\/p>\n<hr \/>\n<h4>Nel 1993<\/h4>\n<p><em>30 Gennaio \u2013 28 Febbraio 1993<\/em><br \/>\n<strong>Tocco d&#8217;artista<\/strong> (Fernando Andolcetti, Marietta Angelini, Dino Bedino, Mirella Bentivoglio, Antonio Bob\u00f2, Elsa Boero, Luciano Caruso, Giuseppe Chiari, Li Chi Choi, Cosimo Cimino, Piergiorgio Colombara, Valerio Comparini, Andrea Crosa, Augusto De Campos, Chiara Diamantini, Mariano Frare, Enrico Garavaldi, Coco Gordon, Vittoria Gualco, Elisabetta Gut, Ray Johnson, Jiri Kolar, Ivo Lombardi, Angela Lorenz, Ruggero Maggi, Mauro Manfredi, Mario Mariotti, Romano Masoni, Gianni Melotti, Emanuele Mennitti Paraito, Clara Milani, Riri Negri, Sergio Pavone, Lorenzo Pezzatini, Lamberto Pignotti, Pia Pizzo, Antonio Porcelli, Angelo Pretolani, Fried Rosenstock, Alba Savoi, Stefano Schiavoni, Serge III, Anna Torelli, Vladimir Urban, Vittorio Valente, Ido Bertini, Franco Giannoni, Luca Macchi, Mauro Manetti, Gianfalco Masini, Tista Meschi, Antonio Possenti, Sergio Pucci) &#8211; Catalogo a cura del Circolo Culturale \u201cIl Gabbiano\u201d La Spezia<\/p>\n<p><em>13 Marzo \u2013 4 Aprile 1993<\/em><br \/>\n<strong>Testa e Croce.<\/strong> Quattro artisti di Testa (Andolcetti, Cimino, Manfredi, Milani) quattro di Croce (Comparini, Gasperini, Tonelli, Villani) \u2013 Catalogo a cura di Mara Borzone e Andrea Mancini<\/p>\n<p><em>24 Aprile \u2013 23 Maggio 1993<\/em><br \/>\n<strong>Per colpa del corpo. La fotografia di Leonardo Maniscalchi<\/strong> \u2013 Catalogo a cura di Nicola Micieli<\/p>\n<p><em>19 Giugno \u2013 11 Luglio 1993<\/em><br \/>\n<strong>Laboratori in mostra.<\/strong> Incisione, fotografia, musica<\/p>\n<p><em>23 Ottobre \u2013 21 Novembre 1993<\/em><br \/>\n<strong>Renato Santini.<\/strong> La vita dipinta \u2013 Catalogo a cura di Nicola Micieli<\/p>\n<p><em>23 Ottobre \u2013 21 Novembre 1993<\/em><br \/>\n<strong>Renato Santini\/Donazione<\/strong>. Disegni e litografie \u2013 Catalogo a cura di Nicola Micieli<\/p>\n<p><em>4 \u2013 30 Dicembre 1993<\/em><br \/>\n<strong>I giorni della latta.<\/strong> I giocattoli di latta, il sapore e l\u2019odore tra la fine dell\u2019Ottocento e gli anni cinquanta<\/p>\n<hr \/>\n<h4>Nel 1994<\/h4>\n<p><em>22 Gennaio \u2013 16 Febbraio 1994<\/em><br \/>\n<strong>Guardare a fiuto<\/strong> (Fernando Andolcetti, Mirella Bentivoglio, Antonio Bob\u00f2, Luciano Caruso, Cosimo Cimino, Valerio Comparini, Philip Corner, Chiara Diamantini, Vittoria Gualco, Elisabetta Grut, Jiri Kolar, Li Chi Choi, Ivo Lombardi, Arrigo Lora Totino, Angela Lorenz, Ruggero Maggi, Mauro Manfredi, Mario Mariotti, Romano Masoni, Emanuele Mennitti Paraito, Clara Milani, Nino Nanni, Riri Negri, Ben Patterson, Enzo Patti, Sergio Pavone, Lamberto Pignotti, Angela Ricci Lucchi, Jim Rosenquist, Fried Rosenstock, Maura Rovatti, Takato Saito, Stefano Schiavoni, Berty Skuber, Luigi Tola, Rodolfo Vitone, Manuela Cavallini, Mauro Corbani, Dolfo, Lorenzo Fontanelli, Luca Macchi, Gianfalco Masini, Tista Meschi, Giampiero Poggiali, Sergio Pucci, Beppe Schiavetta) &#8211; Catalogo a cura del Circolo Culturale \u201cIl Gabbiano\u201d La Spezia<\/p>\n<p><em>22 Gennaio \u2013 16 Febbraio 1994<\/em><br \/>\n<strong>Mauro Corbani\/Donazione.<\/strong> Incisioni e disegni 1978-1988 &#8211; Catalogo a cura di Nicola Micieli<\/p>\n<p><em>19 Marzo \u2013 17 Aprile 1994<\/em><br \/>\n<strong>Fernando Farulli. La Fabbrica, l\u2019Uomo e i suoi Sogni<\/strong>. Opere 1948-1991 \u2013 Catalogo a cura di Mario De Micheli **<\/p>\n<p><em>19 Marzo \u2013 17 Aprile 1994<\/em><br \/>\n<strong>Fernando Farulli\/Donazione.<\/strong> Calcografie e xilografie 1937-1994 \u2013 Catalogo a cura Vincenzo Alibrandi, Nicola Micieli<\/p>\n<p><em>30 Aprile \u2013 29 Maggio 1994<\/em><br \/>\n<strong>Gian Paolo Berto. Le porte regali.<\/strong> Dipinti e incisioni \u2013 Catalogo a cura di Nicola Micieli<\/p>\n<p><em>30 Aprile \u2013 29 Maggio 1994<\/em><br \/>\n<strong>Gianpaolo Berto\/Donazione.<\/strong> Incisioni e disegni 1962-1994 \u2013 Catalogo a cura di Nicola Micieli<\/p>\n<p><em>29 Ottobre &#8211; 27 Novembre 1994<\/em><br \/>\n<strong>Transiti. Sottili inganni<\/strong> (Abbozzo \u2013 Campi \u2013 Cardinali \u2013 Colombara \u2013 Nocenti &#8211; Viti) &#8211; Catalogo a cura di Nicola Micieli<\/p>\n<p><em>29 Ottobre &#8211; 27 Novembre 1994<\/em><br \/>\n<strong>Edgardo Abbozzo\/Donazione.<\/strong> Calcografie e acquarelli 1972-1994 \u2013 Catalogo a cura di Nicola Micieli<\/p>\n<p><em>3 Dicembre 1994 \u2013 8 Gennaio 1995<\/em><br \/>\n<strong>Cavatori. Le cave, il marmo, la fatica.<\/strong> Fotografie di Enzo Cei *<\/p>\n<hr \/>\n<h4>Nel 1995<\/h4>\n<p><em>11 Febbraio \u2013 7 Marzo 1995<\/em><br \/>\n<strong>Occhio e Terzocchio<\/strong> (Eric Andersen, Fernando Andolcetti, Dino Bedino, Mirella Bentivoglio, Luciano Caruso, Bruno Cassaglia, Cosimo Cimino, Philip Corner, Augusto De Campos, Chiara Damantini, Jean Dupuy, Heinz Gappmayr, Pietro Grossi, Vittoria Gualco, Elisabetta Gut, Al Hansen, Geoffrey Hendricks, Alison Knowles, Li Chi Choi, Arrigo Lora Totino, Ruggero Maggi, Mauro Manfredi, Stelio Maria Martini, Cornelia Mattich, Emanuele Mennitti Paraito, Clara Milani, Magdalo Mussio, Riri Negri, Martino Oberto \u2013 OM -, Ben Patterson, Lamberto Pignotti, Giovanna Sandri, Stefano Schiavoni, Berty Skuber, Hans-Hermann T., Luigi Tola, Ben Vautier, Rodolfo Vitone, Antonio Biancalani, Emanuela Cavallini, Mauro Corbani, Domenico Difilippo, Dolfo, Lorenzo Fontanelli, Yvonne Huggenberger, Gianfalco Masini, Tista Meschi, Fabio Nocenti, Fabrizio Orlandini, Leonardo Santioli, Gennaro Strazzullo, Vanni Viviani) &#8211; Catalogo a cura del Circolo Culturale \u201cIl Gabbiano\u201d La Spezia<\/p>\n<p><em>11 Febbraio \u2013 7 Marzo 1995<\/em><br \/>\n<strong>Antonio Bob\u00f2\/Donazione.<\/strong> Calcografie 1980-1994 \u2013 Catalogo a cura di Nicola Micieli<\/p>\n<p><em>11 Marzo \u2013 9 Aprile 1995<\/em><br \/>\n<strong>Isole<\/strong> (Calvetti, Corbani, Fontanelli, Marietti, Marinai, Romiti) \u2013 Catalogo a cura di Giandomenico Semeraro<\/p>\n<p><em>15 Aprile \u2013 9 Maggio 1995<\/em><br \/>\n<strong>Mattia Moreni. Autoritratti: identikit del probabile<\/strong> \u2013 Catalogo a cura di Marisa Zattini<\/p>\n<p><em>13 Maggio \u2013 21 Maggio 1995<\/em><br \/>\n<strong>Bambini in guerra nella ex Jugoslavia *<\/strong><\/p>\n<p><em>27 Maggio \u2013 25 Giugno 1995<\/em><br \/>\n<strong>Stati di coscienza. Linguaggi artistici fra regressione consapevole e follia<\/strong> (Laboratorio \u201cLa Tinaia dell\u2019ex O.P. di San Salvi. Nannetti \u2013 Nof. 4 \u2013 dell\u2019ex O.P. di Volterra. Laboratorio \u201cOccasioni\u201d dell\u2019ex O.P. di Maggiano. Benazzi, Cecchi, Damiano, Ghizzardi, Ligabue, Moreni, Nardini, Scali, Snozzi, Turrini, Vaccarezza, Vincenti) \u2013 Catalogo a cura di Nicola Micieli<\/p>\n<p><em>9 \u2013 23 Settembre 1995<\/em><br \/>\n<strong>Laboratori in mostra.<\/strong> Incisione (Cionna \u2013 De Martini \u2013 Falleri \u2013 Francesca \u2013 Pau \u2013 Taliani) Fotografia (Bimbi \u2013 Bertini Manila e Monica \u2013 Petrellini \u2013 Paoletti \u2013 Lucchesi \u2013 Garramone \u2013 Farinelli \u2013 Parrini \u2013 Mainardi \u2013 Pancanti \u2013 Nencini &#8211; Brotini) *<\/p>\n<p><em>21 Ottobre \u2013 19 Novembre 1995<\/em><br \/>\n\u200b <strong>La maniera nera\/Donazione di Alberto Rocco<\/strong> \u2013 Catalogo a cura di Nicola Micieli<\/p>\n<p><em>21 Ottobre \u2013 19 Novembre 1995<\/em><br \/>\n<strong>Natura morta.<\/strong> Alcune voci dell\u2019incisione contemporanea (Paolo Ciampini, Gianfranco Ferroni, Vincenzo Gatti, Nunzio Gulino, Vairo Mongatti, Walter Piacesi, Alberto Rocco, Enzo Sciavolino, Giacomo Soffiantino, Giancarlo Tognoni) \u2013 Catalogo a cura di Nicola Micieli<\/p>\n<hr \/>\n<h4>Nel 1996<\/h4>\n<p><em>20 Gennaio \u2013 18 Febbraio 1996<\/em><br \/>\n<strong>Bianca \u00e8 l\u2019ombra.<\/strong> Mostra di contaminazione fra fotografia e pittura. Opere di Lorenzo D\u2019Angiolo \u2013 Catalogo a cura di Nicola Micieli<\/p>\n<p><em>2 Marzo \u2013 31 Marzo 1996<\/em><br \/>\n<strong>Vanni Viviani\/Donazione.<\/strong> L\u2019opera grafica.<\/p>\n<p><em>2 Marzo \u2013 31 Marzo 1996<\/em><br \/>\n<strong>Monumentalmente vostro.<\/strong> Dipinti e sculture. (Armodio, Cargioli, Del Debbio, Galardini, Ghelli, Pompa, Viviani, Zanni)<\/p>\n<p><em>6 Aprile \u2013 5 Maggio 1996<\/em><br \/>\n<strong>Enzo Faraoni.<\/strong> Opere scelte 1938-1995 \u2013 Catalogo a cura di Nicola Micieli<\/p>\n<p><em>6 Aprile \u2013 5 Maggio 1996<\/em><br \/>\n<strong>Enzo Faraoni\/Donazione<\/strong>. Calcografie 1937-1995 \u2013 Catalogo a cura di Dino Carlesi<\/p>\n<p><em>11 Maggio \u2013 9 Giugno 1996<\/em><br \/>\n<strong>L\u2019intimo legame<\/strong> (Piero Gilardi \u2013 Maurizio Camerani \u2013 Eugenio Miccini \u2013 Maurizio Pettini \u2013 Mario Schifano \u2013 Flaviano Poggi \u2013 Joe Tilson \u2013 Marisa Albanese) \u2013 Catalogo a cura di Fiamma Strigoli **<\/p>\n<p><em>11 Maggio \u2013 9 Giugno 1996<\/em><br \/>\n<strong>Sodalizi di genio. Le edizioni di Daniel-Henry Kahnweiler.<\/strong> Apollinaire, Jacob, Reverdy, Artaud, Leiris\u2026 \/ Picasso, Derain, Vlaminck, Gris, Masson \u2013 Catalogo a cura di Artemisia Calcagni Abrami, Lucia Chimirri<\/p>\n<p><em>5 Ottobre \u2013 3 Novembre 1996<\/em><br \/>\n<strong>Piero Tredici. Una inquietudine agra.<\/strong> Dipinti e gouaches 1963-1996 \u2013 Catalogo a cura di Nicola Micieli<\/p>\n<p><em>5 Ottobre \u2013 3 Novembre 1996<\/em><br \/>\n<strong>Piero Tredici\/Donazione.<\/strong> Gouaches e calcografie \u2013 Catalogo a cura di Nicola Micieli<\/p>\n<p><em>9 \u2013 30 Novembre 1996<\/em><br \/>\n<strong>Alluvione. L\u2019alluvione del 1966 a Santa Croce **<\/strong><\/p>\n<p><em>7 \u2013 31 Dicembre 1996<\/em><br \/>\n<strong>Immagini di un territorio.<\/strong> Fotografi (Calvani, Cioni, Lapi, Moffa, Nazzi, Pagni, Paolicchi, Parenti, C. Remi, S. Remi, Ugolini) Incisori (Cionna, De Martini, Falleri, Francesca, Melani, Natoli, Pau, Taliani) **<\/p>\n<hr \/>\n<h4>Nel 1997<\/h4>\n<p><em>25 Gennaio \u2013 25 Febbraio 1997<\/em><br \/>\n<strong>\u200bQu\u2019est \u2013 ce que le Surrealisme?<\/strong> Cento libri surrealisti 1920-1940. Da Breton, Dal\u00ec, Picasso, Artaud, Mir\u00f2 a Duchamp, Magritte e De Chirico &#8211; Catalogo a cura di Jean-Francois Rodriguez, Lucia Chimirri, Artemisia Calcagni Abrami **<\/p>\n<p><em>25 Gennaio \u2013 23 Febbraio 1997<\/em><br \/>\n<strong>Vitaliano De Angelis\/Donazione.<\/strong> Incisioni e sculture \u2013 Catalogo a cura di Nicola Micieli<\/p>\n<p><em>5-27 Aprile 1997<\/em><br \/>\n<strong>Le figure delle passioni<\/strong> (Attardi, Beconi, Bertelli, Bodini, Bonichi, Carmassi, Caruso, Crocicchi, De Stefano, G. Falconi, Faraoni, Tommasi Ferroni, Moreni, Ornati, Pericoli, Spinicchia) \u2013 Catalogo a cura di Nicola Micieli<\/p>\n<p><em>29 Marzo \u2013 27 Aprile 1997<\/em><br \/>\n<strong>Serafino Beconi\/Donazione.<\/strong> Disegni e tecniche miste \u2013 Catalogo a cura di Nicola Micieli<\/p>\n<p><em>10 Maggio \u2013 8 Giugno 1997<\/em><br \/>\n<strong>Il Male in mostra<\/strong>. Il settimanale pi\u00f9 disgustoso degli ultimi vent\u2019anni. Angese, Fo, Giuliano, Pazienza, Perini, Scozzari, Sparagna, Vincino **<\/p>\n<p><em>4 Ottobre \u2013 2 Novembre 1997<\/em><br \/>\n<strong>Gunter Dollhopf. Spostamenti del corpo<\/strong> \u2013 Catalogo a cura di Eliana Princi<\/p>\n<p><em>8 \u2013 23 Novembre 1997<\/em><br \/>\n<strong>Giovanni Lami e il Valdarno Inferiore.<\/strong> I luoghi e la storia di un erudito del Settecento \u2013 Mostra a cura di Valerio Bartoloni **<\/p>\n<p><em>29 Novembre \u2013 28 Dicembre 1997<\/em><br \/>\n<strong>Gunter Dollhopf\/Donazione.<\/strong> Incisioni, disegni, tecniche miste 1965-1997 \u2013 Catalogo a cura di Nicola Micieli<\/p>\n<hr \/>\n<h4>Nel 1998<\/h4>\n<p><em>7 Febbraio \u2013 22 Febbraio 1998<\/em><br \/>\n<strong>Uberto Bonetti. Opere dell\u2019autarchia e del lusso.<\/strong> L\u2019aerofuturismo, la Moda, la Cartellonistica, il Costume \u2013 Catalogo a cura di Claudio Giorgetti<\/p>\n<p><em>7 Febbraio \u2013 22 Febbraio 1998<\/em><br \/>\n<strong>Raul Corrales. L\u2019emozione della storia.<\/strong> Le fotografie della Rivoluzione Cubana *<\/p>\n<p><em>7 Marzo \u2013 5 Aprile 1998<\/em><br \/>\n<strong>Arte a Pisa nel II dopoguerra.<\/strong> Eventi e protagonisti per Uliano Martini (Bartolini, Bertini, Birolli, Bussotti, Carlini, Ciompi Delle Notti, Ferri, Lupo, Mafai, Martini, Pellegrini, Pizzanelli, Pizzarello, Pulcinelli Rosi, Tealdi, Vittorini, Viviani, Volpi, Zancanaro) \u2013 Catalogo a cura di Nicola Micieli<\/p>\n<p><em>11 Aprile \u2013 7 Maggio 1998<\/em><br \/>\n<strong>Realt\u00e0 viva dell\u2019incisione.<\/strong> Aspetti dell\u2019Incisione Italiana nell\u2019impegno culturale dell\u2019Associazione degli incisori veneti \u2013 Catalogo a cura di Giorgio Trentin<\/p>\n<p><em>16 Maggio \u2013 10 Giugno 1998<\/em><br \/>\n<strong>Renato Alessandrini. L\u2019essenza della visione.<\/strong> Dipinti e incisioni 1936-1990 \u2013 Catalogo a cura di Nicola Micieli<\/p>\n<p><em>16 Maggio \u2013 10 Giugno 1998<\/em><br \/>\n<strong>Renato Alessandrini\/Donazione.<\/strong> Incisioni 1950-1990 \u2013 Catalogo a cura di Dino Carlesi<\/p>\n<p><em>31 Ottobre \u2013 24 Novembre 1998<\/em><br \/>\n<strong>Ambroise Vollard, \u00e9diteur.<\/strong> Le Livre d\u2019Artiste. L\u2019arte in \u201cfolio\u201d a cavallo fra i due secoli (Braque, Degas, Renoir, Bonnard, Derain, Rouault, Puy, Redon, Munch, Vlaminck, Chagall, Matisse, Picasso) \u2013 Catalogo a cura di Lucia Chimirri **<\/p>\n<p><em>28 Novembre \u2013 27 Dicembre 1998<\/em><br \/>\n<strong>Mino Rosi\/Donazione.<\/strong> Opera grafica 1932-1979. Disegni, incisioni, xilografie \u2013 Catalogo a cura di Nicola Micieli<\/p>\n<hr \/>\n<h4>Nel 1999<\/h4>\n<p><em>13 Febbraio \u2013 14 Marzo 1999<\/em><br \/>\n<strong>Crocevia.<\/strong> (Alban Allegro, Colomba Amstuz, Antonia Fontana, Antonella Foscarini, Donatella Gronchi, Bernd Kaute, Ottorino Tonelli, Margherita Verdi) \u2013 Catalogo a cura di Nicola Micieli<\/p>\n<p><em>10 Aprile \u2013 9 Maggio 1999<\/em><br \/>\n<strong>Dilvo Lotti.<\/strong> Opere scelte 1933-1998 \u2013 Catalogo a cura di Nicola Micieli<\/p>\n<p><em>10 Aprile \u2013 9 Maggio 1999<\/em><br \/>\n<strong>Dilvo Lotti\/Donazione.<\/strong> Opera grafica 1931-1998 \u2013 Catalogo a cura di Nicola Micieli<\/p>\n<p><em>29 Maggio \u2013 27 Giugno 1999<\/em><br \/>\n<strong>\u200bRenzo Margonari. L\u2019immaginario, per esempio<\/strong> (Corrado Cagli, Fabrizio Clerici, Roberto Crippa, Enrico Donati, Gianni Dova, Renzo Margonari, Emilio Scanavino) \u2013 Catalogo a cura di Nicola Micieli<\/p>\n<p><em>29 Maggio \u2013 27 Giugno 1999<\/em><br \/>\n<strong>Renzo Margonari\/Donazione.<\/strong> Opera grafica 1957-1997 \u2013 Catalogo a cura di Nicola Micieli<\/p>\n<p><em>30 Ottobre \u2013 28 Novembre 1999<\/em><br \/>\n<strong>Poesia visiva.<\/strong> Voci e anticorpi in una collezione privata (Alain Arias-Misson, Julien Blaine, Jean-Francois Bory, Ugo Carrega, Luciano Caruso, Paul De Vree, Claudio Francia, Klaus Groh, Jiri Kolar, Arrigo Lora-Totino, Roberto Malquori, Lucia Marcucci, Stelio Maria Martini, Eugenio Miccini, Luciano Ori, Lamberto Pignotti, Sarenco, Shohachiro Takahashi, Luigi Tola, Karel Trinkewitz, Rodolfo Vitone) \u2013 Catalogo a cura di Nicola Micieli<\/p>\n<hr \/>\n<h4>Nel 2000<\/h4>\n<p><em>17 Giugno \u2013 8 Luglio 2000<\/em><br \/>\n<strong>Percorsi paralleli.<\/strong> Opere grafiche di Renzo Crivelli, Oscar Gallo, Mario Romoli \u2013 Catalogo a cura di Anna Gallo Martucci, Eugenio Cecioni<\/p>\n<p><em>21 Ottobre \u2013 11 Novembre 2000<\/em><br \/>\n<strong>Manfredi e Piacesi. Cinquant\u2019anni di grafica<\/strong><\/p>\n<p><em>16 Dicembre 2000 \u2013 10 Gennaio 2001<\/em><br \/>\n<strong>Pietro Tinu. Pittura e grafica<\/strong><\/p>\n<hr \/>\n<h4>Nel 2001<\/h4>\n<p><em>18 Gennaio \u2013 24 Gennaio 2001<\/em><br \/>\n<strong>Il sentiero della fantasia.<\/strong> Mostra di giocattoli dei bambini africani nell\u2019arte di recupero. *<\/p>\n<p><em>24 Febbraio \u2013 24 Marzo 2001<\/em><br \/>\n<strong>Suoni della terra. Forme musicali.<\/strong> Oggetti dalle collezioni degli strumenti musicali del Museo Nazionale di Antropologia e Etnologia di Firenze.<\/p>\n<p><em>26 Maggio \u2013 16 Giugno 2001<\/em><br \/>\n<strong>Sartori. Il cuoio per l\u2019arte.<\/strong> Sulle tracce della maschera di Arlecchino &#8211; Catalogo a cura di Donato Sartori<\/p>\n<p><em>30 Giugno \u2013 21 Luglio 2001<\/em><br \/>\n<strong>Maestri del Novecento nella collezione dei disegni dell\u2019Accademia di Belle Arti di Firenze.<\/strong><\/p>\n<p><em>22 Settembre \u2013 20 Ottobre 2001<\/em><br \/>\n<strong>Roberto Innocenti. L\u2019isola delle figure<\/strong><\/p>\n<p><em>17 Novembre \u2013 1 Dicembre 2001<\/em><br \/>\n<strong>Nado Canuti\/Donazione.<\/strong> Opera Grafica \u2013 Catalogo a cura di Nicola Micieli<\/p>\n<p><em>15 Dicembre 2001 \u2013 19 Gennaio 2002<\/em><br \/>\n<strong>Premio Santa Croce Grafica. Prima edizione 2001<\/strong> (Gian Carlo Aiosa, Nino Bacco, Carlo Barbero, Mario Bellomo, Mario Benedetti, Stefano Cesari, Vito Cotugno, Luce Delhove, Patrizia D\u2019Orazio, Franco Fanelli, Ferdinando Fedele, Francesco Ferrovecchio, Daniele Gray, Chiara Giorgetti, Marina Ingravallo, Lucy Jochamowitz, Swietlan Kraczyna, Barbara La Ragione, Simonetta Leonetti Luparini, Vairo Mongatti, Silvia Montanelli, Maria Linda Nunziata, Claudio Olivotto, Maurizio Olivotto, Manuel Ortega, Angelo Pagliarulo, Toni Pecoraro, Maria Rosaria Perrella, Ernesto Piccolo, Michele Porta, Alessandra Ragionieri, Chiara Ruggieri, Aniello Scotto, Roberto Streglio, Augusta Tassisto, Maria Fabiola Ungredda, Laura Zanobini)<\/p>\n<hr \/>\n<h4>Nel 2002<\/h4>\n<p><em>16 Marzo \u2013 20 Aprile 2002<\/em><br \/>\n<strong>Obiettivo Santa Croce.<\/strong> <strong>Rassegna fotografica di autori di Santa Croce sull\u2019Arno<\/strong> (Franco Bachini, Marco Bonucci, Filippo Cerrini, Luciano Giacobbi, Iago Lapi, Umberto Nazzi, Graziano Pagni, Riccardo Ugolini)<\/p>\n<p><em>25 Maggio \u2013 15 Giugno 2002<\/em><br \/>\n<strong>Marco Bagnoli. Oltre il passo<\/strong> \u2013 Catalogo a cura di Pier Luigi Tazzi **<\/p>\n<p><em>22 Giugno \u2013 6 Luglio 2002<\/em><br \/>\n<strong>Il Bisonte. La stamperia storica e la scuola internazionale<\/strong> \u2013 Progetto a cura di Rodolfo Ceccotti, Eugenio Cecioni<\/p>\n<p><em>2 Novembre \u2013 23 Novembre 2002<\/em><br \/>\n<strong>I grandi calcografi degli ex libris e della piccola grafica.<\/strong> Dalla collezione di Paolo e Lidia Rovegno<\/p>\n<p><em>30 Novembre \u2013 13 Dicembre 2002<\/em><br \/>\n<strong>Autori d\u2019autore.<\/strong> Artisti ritratti da Domenico Viggiano<\/p>\n<p><em>14 Dicembre 2002 \u2013 18 Gennaio 2003<\/em><br \/>\n<strong>\u200b Roberto Innocenti. Pinocchio.<\/strong> **<\/p>\n<hr \/>\n<h4>Nel 2003<\/h4>\n<p><em>1 Marzo \u2013 29 Marzo 2003<\/em><br \/>\n<strong>L\u2019occhio del cronista. Fotografie dall\u2019archivio di Mario Lepri a La Nazione<\/strong><\/p>\n<p><em>12 Aprile \u2013 26 Aprile 2003<\/em><br \/>\n<strong>La collezione di Villa Pacchiani<\/strong> (per il Progetto regionale Museo Amico) *<\/p>\n<p><em>31 Maggio \u2013 21 Giugno 2003<\/em><br \/>\n<strong>Roberto Segoni. \u201cVirtuosismo\u201d<\/strong> \u2013 Catalogo a cura di Eugenio Cecioni, Marco Romoli, Elisa Segoni, Domenico Viggiano<\/p>\n<p><em>4 Ottobre \u2013 25 Ottobre 2003<\/em><br \/>\n<strong>Viaggiatori dell\u2019assoluto.<\/strong> Jan Konupek e gli artisti boemi del primo Novecento nella collezione di Rosario Pintaudi<\/p>\n<p><em>22 Novembre \u2013 13 Dicembre 2003<\/em><br \/>\n<strong>Novecento. Un secolo di grafica e di cultura.<\/strong> Fogli dalla collezione di Giovanni Spadolini<\/p>\n<p><em>20 Dicembre 2003 \u2013 17 Gennaio 2004<\/em><br \/>\n<strong>Premio Santa Croce Grafica. Seconda edizione 2003<\/strong> (Ermes Bajoni, Giovanna Bombarda, Clara Borgo, Ezio Camorani, Rodolfo Ceccotti, Manlio Chieppa, Stefano Ciaponi, Mario Colonna, Giuliana Consilvio, Giampaolo Dal Pra, Marcello Della Valle, Gianni Demo, Patrizio Di Sciullo, Fernando Di Stefano, Pietro Diana, Paola Emiliani, Franco Fanelli, Clemente Fava, Gianni Favaro, Paola Ginepri, Paola Grienti Nasso, Mario Guadagnino, Maura Israel, Giovanni Job, Amedeo Lanci, Eva Lipartiti, Bruno Lo Porchio, Raffaele Margheri, Ilaria Masetti, Carolina Occari, Manuel Ortega, Massimo Petringa, Enrico Piras, Erminio Poretti, Giorgio Roggino, Francesco Sciaccaluga, Aldo Segatto, Andrea Serafini, Giacomo Soffiantino, Ottavio Spagnoli, Severino Spazzini, Bruno Starita, Roberto Stelluti, Togo, Giovanni Turria, Barbara Vaccari, Walter Valentini, Laura Villani)<\/p>\n<hr \/>\n<h4>Nel 2004<\/h4>\n<p><em>25 Gennaio \u2013 21 Febbraio 2004<\/em><br \/>\n<strong>Per ogni cosa una stagione. Oggetti di liturgia domestica ebraica<\/strong> (in collaborazione con la Comunit\u00e0 ebraica di Firenze)<\/p>\n<p><em>27 Marzo \u2013 17 Aprile 2004<\/em><br \/>\n<strong>Gianni Demo. La Grafica<\/strong><\/p>\n<p><em>24 Aprile \u2013 22 Maggio 2004<\/em><br \/>\n<strong>La Collezione Peruzzi. Grafica e multipli di arte italiana informale, povera, concettuale<\/strong> (Valerio Adami, Vincenzo Agnetti, Giovanni Anselmo, Afro Basaldella, Alighiero Boetti, Alberto Burri, Giuseppe Capogrossi, Carmelo Cappello, Andrea Cascella, Maurizio Cattelan, Alik Cavaliere, Pietro Consagra, Luciano Fabro, Lucio Fontana, Jannis Kounellis, Piero Manzoni, Giuseppe Maraniello, Fausto Melotti, Mario Merz, Bruno Munari, Giulio Paolini, Gianfranco Pardi, Claudio Parmiggiani, Giuseppe Penone, Michelangelo Pistoletto, Arnaldo Pomodoro, Mimmo Rotella, Giuseppe Spagnulo, Mauro Staccioli, Emilio Vedova, Gilberto Zorio)<\/p>\n<p><em>5 Giugno \u2013 26 Giugno 2004<\/em><br \/>\n<strong>Maschere e gioielli dei Dogon<\/strong><\/p>\n<p><em>24 Ottobre \u2013 11 Dicembre 2004<\/em><br \/>\n<strong>Remo Salvadori<\/strong> \u2013 Catalogo a cura di Pier Luigi Tazzi **<\/p>\n<p><em>18 Dicembre 2004 \u2013 22 Gennaio 2005<\/em><br \/>\n<strong>Intorno a un\u2019opera di Cristiano Banti<\/strong> (Valerio Comparini, Giuseppe Lambertucci, Fulvio Leoncini, Romano Masoni, Simonetta Melani, Gianluca Sgherri)<\/p>\n<hr \/>\n<h3>Nel 2005<\/h3>\n<p><em>12 Marzo \u2013 3 Aprile 2005<\/em><br \/>\n<strong>Gilberto Giuntini. Pittura e grafica<\/strong><\/p>\n<p><em>7 Aprile \u2013 20 Aprile 2005<\/em><br \/>\n<strong>Gli occhi dell\u2019innocenza.<\/strong> Le immagini dei piccoli nelle guerre dei grandi. 75 fotografie dell\u2019agenzia Ansa dal massacro della scuola russa di Beslan, alle tragedie quotidiane in Iraq, Medio Oriente e Cecenia, ai conflitti dimenticati dell\u2019Africa \u2013 Mostra realizzata dalla Regione Toscana e dall\u2019agenzia ANSA *<\/p>\n<p><em>21 Maggio \u2013 3 Luglio 2005<\/em><br \/>\n<strong>Dino Battaglia<\/strong> \u2013 Catalogo a cura di Laura De Vescovi Battaglia ed Eugenio Cecioni<\/p>\n<p><em>22 Ottobre \u2013 19 Novembre 2005<\/em><br \/>\n<strong>Museo nascosto.<\/strong> Sconosciute raccolte d\u2019arte delle pubbliche amministrazioni \u2013 Catalogo a cura di Lucia Casarosa, Maria Paola Ceccarelli, Eugenio Cecioni<\/p>\n<p><em>Dicembre 2005 \u2013 Gennaio 2006<\/em><br \/>\n<strong>Premio Santa Croce Grafica. Terza edizione 2005<\/strong> (Massimo Arduini, Eva Aulmann, Gianluigi Bellucci, Andreina Bertelli, Nedda Bonini, Nicoletta Braga, Vincenzo Burlizzi, Silvia Cagnani, Manuela Candini, Andrea Carini, Livio Ceschin, Paolo Ciampini, Patrizia Contardi, Furio De Denaro, Franco Dugo, Franco Fanelli, Paolo Fraternali, Vincenzo Gatti, Eriko Kito, Silvio Lacasella, Laura Manfredi, Linda Mazzanti, Muriel Merzario, Elisa Mestroni, Bruno Missieri, Ivo Mosele, Gianluca Murasecchi, Roberto Pacella, Lorena Pedemonte, Roberto Rampinelli, Walter Sarfatti, Aldo Segatto, Roberto Stelluti, Roberto Tonelli, Giovanni Turria, Giuseppe Zunica)<\/p>\n<hr \/>\n<h4>Nel 2006<\/h4>\n<p><em>25 Febbraio \u2013 25 Marzo 2006<\/em><br \/>\n<strong>Giardino nella casa. Carlo Cantini fotografo<\/strong> \u2013 Mostra a cura di Cristina Degl&#8217;Innocenti<\/p>\n<p><em>25 Giugno \u2013 29 Luglio 2006<\/em><br \/>\n<strong>Maria Novella Del Signore. Some Bodie\u2019s Memories. First phase<\/strong><\/p>\n<p><em>28 Ottobre \u2013 30 Novembre 2006<\/em><br \/>\n<strong>Lorenzo Pezzatini. Opere<\/strong> \u2013 Catalogo a cura di Alessandra Borsetti Venier<\/p>\n<p><em>16 Dicembre 2006 \u2013 13 Gennaio 2007<\/em><br \/>\n<strong>Premio Santa Croce Ex libris \u2013 Piccola Grafica. Prima edizione 2006<\/strong><\/p>\n<hr \/>\n<h4>Nel 2007<\/h4>\n<p><em>24 Marzo \u2013 22 Aprile 2007<\/em><br \/>\n<strong>Baylon. Pittura, scultura, grafica<\/strong> \u2013 Catalogo a cura di Eugenio Cecioni, Aldo Ricci<\/p>\n<p><em>26 Maggio \u2013 30 Giugno 2007<\/em><br \/>\n<strong>Il paese eremita. The hermit country<\/strong> \u2013 Catalogo a cura di Pier Luigi Tazzi<\/p>\n<p><em>17 Novembre \u2013 5 Dicembre 2007<\/em><br \/>\n<strong>La reazione del Vero<\/strong> \u2013 Catalogo a cura di Stefano Castrucci, Eugenio Cecioni<\/p>\n<p><em>8 Dicembre 2007 \u2013 26 Gennaio 2008<\/em><br \/>\n<strong>Premio Santa Croce Grafica. Quarta edizione 2007<\/strong> (Giusi Ballarino, Ingrid Barth, Flavia Bel\u00f2, Sandro Bracchitta, Silvia Cagnani, Anna Laura Cartocci, Stefano Ciaponi, Abraham Clet, Serena Conti, Patricia Cordoba, Teodoro Cotugno, Franco Crocco, Riccardo Culeddu, Alessandro De Bei, Tommaso Eppesteingher, Ilaria Ferrero, Pino Finocchiaro, Caroline Gallois, Xochitl Giancaterino, Paola Giordano, Carlo Giuliano, Calisto Gritti, Eriko Kito, Paolo Lapi, Federica Limoncelli, Emanuele Li Pira, Simona Lombardi, Giulio Massimi, Giacomo Miracola, Bonizza Modolo, Silvia Papucci, Olivia Pegoraro, Paolo Petr\u00f2, Vincenza Poneti, Alfonso Rea Zonnedda, Camilla Rossi, Barbara Salani, Tano Santoro, Andrea Serafini, Danna Donna Shamir, Pina Spadaro, Laura Stor, Pietro Tarasco, Roberto Tonelli, Maria Chiara Toni, Nelinke Van Wierin, Roberto Venturoni, Agostino Zaliani)<\/p>\n<hr \/>\n<h4>Nel 2008<\/h4>\n<p><em>5 Aprile \u2013 3 Maggio 2008<\/em><br \/>\n<strong>Romano Lucacchini<\/strong><\/p>\n<p><em>28 Giugno \u2013 19 Luglio 2008<\/em><br \/>\n<strong>Renzo Biasion<\/strong><\/p>\n<p><em>21 Settembre &#8211; 18 Ottobre 2008<\/em><br \/>\n<strong>Scart Useful and Beautiful Sides of Waste<\/strong> (in collaborazione con il Gruppo Ecolevante) **<\/p>\n<p><em>6 Dicembre 2008 \u2013 17 Gennaio 2009<\/em><br \/>\n<strong>Premio Santa Croce Ex Libris \u2013 Piccola Grafica. Seconda edizione 2008<\/strong><\/p>\n<hr \/>\n<h4>Nel 2009<\/h4>\n<p><em>Gennaio 2009<\/em><br \/>\n<strong>Scart junior.<\/strong> Laboratorio realizzato con i ragazzi dell\u2019Istituto comprensivo Santa Croce sull\u2019Arno *<\/p>\n<p><em>29 Marzo \u2013 25 Aprile 2009<\/em><br \/>\n<strong>VedoQuadro. Cento artisti nel formato trenta per trenta.<\/strong> (in collaborazione con Fuori Luogo di Filippo Lotti e l\u2019Assocazione Culturale \u201cLa Ruga\u201d) &#8211; Catalogo a cura di Eugenio Cecioni e Filippo Lotti<\/p>\n<p><em>24 Luglio \u2013 10 Agosto 2009<\/em><br \/>\n<strong>Dilvo Lotti. 1914-2009<\/strong><\/p>\n<p><em>19 Settembre \u2013 3 Ottobre 2009<\/em><br \/>\n<strong>Pyongyang People.<\/strong> Opere dalla Corea del Nord *<\/p>\n<p><em>19 Dicembre 2009 \u2013 30 Gennaio 2010<\/em><br \/>\n<strong>Premio Santa Croce Grafica. Quinta edizione 2009<\/strong> (Ettore Antonini, Nino Bacco, Ermes Bajoni, Maurizio Boiani, Giancarlo Calamai, Stefano Ciaponi, Sonia De Franceschi, Fernando Di Stefano, Patrizio Di Sciullo, Federica Fiorenzani, Daniele Gay, Stefano Luciano, Elena Molena, Carolina Occari, Claudio Olivotto, Maurizio Olivotto, Toni Pecoraro, Vincenzo Piazza, Luisa Porporato, Edoardo Salvi, Walter Sarfatti, Aldo Segatto, Andrea Serafini, Sisetta Zappone)<\/p>\n<hr \/>\n<h4>Nel 2010<\/h4>\n<p><em>6 Maggio \u2013 13 Giugno 2010<\/em><br \/>\n<strong>Alinari. Sciame<\/strong> \u2013 Catalogo a cura di Nicola Micieli<\/p>\n<p><em>20 Dicembre 2010 \u2013 6 Marzo 2011<\/em><br \/>\n<strong>Cartoline e Carabaccia<\/strong> (Massimo Ricciardo, Nathalie Nienkemper)<\/p>\n<hr \/>\n<h4>Nel 2011<\/h4>\n<p><em>28 Aprile \u2013 5 Giugno 2011<\/em><br \/>\n<strong>Gianluca Sgherri. I minimi termini del racconto<\/strong> (per il progetto <em>Cos\u00ec lontano cos\u00ec vicino<\/em>)<\/p>\n<p><em>28 Aprile \u2013 5 Giugno 2011<\/em><br \/>\n<strong>Enrico Vezzi. Prokudin-Gorskij Project<\/strong> (per il progetto <em>Cos\u00ec lontano cos\u00ec vicino<\/em>)<\/p>\n<p><em>30 Aprile \u2013 22 Maggio 2011<\/em><br \/>\n<strong>Italian Poster Rock Art 2011<\/strong> \u2013 Mostra a cura di Italian Poster Rock Art (allestita nel Centro Polivalente)<\/p>\n<p><em>4 Novembre 2011<\/em><br \/>\n<strong>Serata di grafica.<\/strong> Presentazione delle opere grafiche di Luigi Fatichi, Luca Macchi, Mauro Manetti, Claudio Parrini, Gianluca Sgherri *<\/p>\n<p><em>12 Novembre \u2013 8 Dicembre 2011<\/em><br \/>\n<strong>Sei gradi di separazione<\/strong> Emanuele Becheri, Luca Lupi, Beatrice Meoni, Paolo Meoni, Fabrizio Prevedello, Eugenia Vanni e opere del Gabinetto dei Disegni e delle Stampe di Villa Pacchiani \u2013 Catalogo a cura di Ilaria Mariotti **<\/p>\n<p><em>15 Dicembre 2011 \u2013 29 Gennaio 2012<\/em><br \/>\n<strong>Premio Santa Croce Grafica. Sesta edizione 2011<\/strong> (Alis\/Filliol, Emanuele Becheri, Chiara Camoni, Francesco Carone, Andrea Chiesi, Matteo Fato, Dacia Manto, Filippo Manzini, Margherita Morgantin, Adriano Nasuti-Wood, Pantani-Surace, Laura Pugno, Sara Rossi, Alessandra Spranzi, Eugenia Vanni, Vaso Zezelj)<\/p>\n<hr \/>\n<h4>Nel 2012<\/h4>\n<p><em>3-31 Marzo 2012<\/em><br \/>\n<strong>Questo \u00e8 il mio fiume.<\/strong> Suggestioni memorie della storia dell\u2019Arno. Pittura fotografia installazioni (Andrea Bastogi, Claudio Bernardeschi, Antonio Biancalani, Federico Biancalani, Antonio Bob\u00f2, Renzo Boldrini, Cesare Borsacchi, Valerio Comparini, Lorenzo D\u2019Angiolo, Gunter Dollhopf, Luigi Fatichi, Stefano Ficalbi, Rosemarie Finckh, Orso Elia Frongia, Renzo Galardini, Delio Gennai, Gianfranco Giannoni, Giorgio Giolli, Piero Gozzani, Giulio Greco, Karl-Heinz Hartmann-Oels, Bernd Kaute, Giuseppe Lambertucci, Paolo Lapi, Fulvio Leoncini, Luca Macchi, Mario Madiai, Ugo Maffi, Gianfalco Masini, Romano Masoni, Andrea Meini, Simonetta Melani, Tista Meschi, Sauro Mori, Milena Moriani, Maria Grazia Morini, Ladislao Nocentini, Gianfranco Pacini, Antonio Possenti, Pierluigi Romani, Gianluca Sgherri, Nando Snozzi, Leopoldo Terreni, Alessandro Tofanelli, Stefano Tonelli, Vinicio Zapparoli) \u2013 Catalogo a cura di Romano Masoni, Circolo \u201cIl Grandevetro\u201d **<\/p>\n<p><strong>The Wall (archives)<\/strong> &#8211; a cura di Ilaria Mariotti (allestita nel Centro Polivalente) *<\/p>\n<p><strong>Italian Poster Rock Art Exp\u00f2 2012<\/strong> (allestita nel Centro Polivalente e nel giardino Villa Pacchiani) *<\/p>\n<p><em>28 Giugno \u2013 29 Luglio e 6-23 Settembre 2012<\/em><br \/>\n<strong>Pantani-Surace. Who\u2019s next, dovrebbe piovere su di voi e non su di me<\/strong> (per il progetto <em>Cos\u00ec lontano cos\u00ec vicino #2<\/em>)<\/p>\n<p><em>28 Giugno \u2013 29 Luglio e 6-23 Settembre 2012<\/em><br \/>\n<strong>Fabio Cresci. I due stampi<\/strong> (per il progetto <em>Cos\u00ec lontano cos\u00ec vicino #2<\/em>)<\/p>\n<p><strong>Voicings (Italy)<\/strong>. Incontro con l\u2019artista Laura Malacart. Progetto in collaborazione con Radio Papesse e Villa Romana-Firenze nell\u2019ambito di <em>Compagni di viaggio<\/em> per Toscanaincontemporanea 2011 *<\/p>\n<p><em>24 Novembre \u2013 23 Dicembre 2012<\/em><br \/>\n<strong>Irena Lagator Pejovi\u0107. Societ\u00e0 a responsabilit\u00e0 limitata (S.r.l.)<\/strong><\/p>\n<hr \/>\n<h4>Nel 2013<\/h4>\n<p><em>12 Gennaio \u2013 17 Febbraio 2013<\/em><br \/>\n<strong>Premio Santa Croce Ex Libris \u2013 piccola grafica. Terza edizione 2012<\/strong><\/p>\n<p><strong>Work in progress &#8211; Mostra fotografica delle opere di Alessandro Squilloni<\/strong> (allestita nel Centro Polivalente) *<\/p>\n<p><em>7 Dicembre 2013 \u2013 9 Febbraio 2014<\/em><br \/>\n<strong>Moataz Nasr. Un ponte tra Pisa e Santa Croce sull\u2019Arno.<\/strong> Progetto del Comune di Pisa, Comune di Santa Croce sull&#8217;Arno nell&#8217;ambito di Toscanaincontemporanea 2012<\/p>\n<hr \/>\n<h4>Nel 2014<\/h4>\n<p><em>1-16 Marzo 2014<\/em><br \/>\n<strong>Premio Santa Croce Grafica. Settima edizione 2013<\/strong> (Adalberto Abbate, Giulia Cenci, Martina della Valle, Elena El Asmar, Flavio Favelli, Francesco Lauretta, Andrea Mastrovito, Jacopo Miliani, Concetto Modica, Nero\/Alessandro Neretti, Giovanni Ozzola, Paolo Parisi, Maria Pecchioli, Marco Raparelli, Davide Rivalta, Marco Maria Giuseppe Scifo, Enrico Vezzi)<\/p>\n<p><strong>Squeeze the bag.<\/strong> Laboratorio degli artisti Pantani-Surace in collaborazione con l\u2019Istituto comprensivo Santa Croce sull\u2019Arno *<\/p>\n<p><em>11 Maggio \u2013 15 Giugno 2014<\/em><br \/>\n<strong>Maggio 2014. Santa Croce sull\u2019Arno<\/strong> (Riccardo Brotini, Valerio Comparini, Giuseppe Lambertucci, Elena Salvadorini, Ennio Salvadorini, Gianluca Sgherri)<\/p>\n<p><em>13 Dicembre 2014 \u2013 11 Gennaio 2015<\/em><br \/>\n<strong>Albedo. Yuki Ichihashi, Studio++<\/strong> (per il progetto<em> Cos\u00ec lontano, cos\u00ec vicino #3<\/em>)<\/p>\n<hr \/>\n<h4>Nel 2015<\/h4>\n<p><em>17 Gennaio \u2013 1 Febbraio 2015<\/em><br \/>\n<strong>Premio Santa Croce Ex Libris \u2013 piccola grafica. Quarta edizione 2014<\/strong><\/p>\n<p><em>14 Febbraio \u2013 15 Marzo 2015<\/em><br \/>\n<strong>Terranauti. Quelli che arrivano, quelli che restano, quelli che vanno.<\/strong> Tre approdi lungo l\u2019Arno da Firenze al mare (Francesca Banchelli, Lisa Batacchi, Francesca Catastini, Gabriele Dini, Alexis Leandro Estrella, Lek M. Gjeloshi, Mona Mohagheghi, Olga Pavlenko, Eugenia Vanni). Progetto del Comune di Pisa, del Comune di Santa Croce sull&#8217;Arno e di Villa Romana-Firenze realizzato nell&#8217;ambito di Toscanaincontemporanea 2013 \u2013 Catalogo a cura di Ilaria Mariotti e Angelika Stepken<\/p>\n<p><em>24 Aprile 2015<\/em><br \/>\n<strong>Cake. La cultura del dessert tra tradizione Araba e Occidente *<\/strong><\/p>\n<p><em>23 Maggio \u2013 5 Luglio 2015<\/em><br \/>\n<strong>Vittorio Cavallini. Io penso, io sono<\/strong><\/p>\n<p><em>24 Ottobre \u2013 29 Novembre 2015<\/em><br \/>\n<strong>Chiara Camoni. La Ninessa e altre Creature.<\/strong> Dialogo con le opere del Gabinetto dei Disegni e delle Stampa del Comune di Santa Croce sull\u2019Arno<\/p>\n<hr \/>\n<h4>Nel 2016<\/h4>\n<p><em>9-31 Gennaio 2016<\/em><br \/>\n<strong>Premio Santa Croce Grafica. Ottava edizione 2015<\/strong> (Gabriele Arruzzo, Emanuela Ascari, Maura Banfo, Angelo Bellobono, Giovanna Caimmi, Adelaide Cioni, Claudio Corfone, Marta Dell\u2019Angelo, Alberto Finelli, Cristina Gardumi, Michele Guido, Loredana Longo, Franco Menicagli, Rebecca Moccia, Carmelo Nicotra, Giuliana Storino, Maria Angeles Vila Tortosa, Stefania Zocco)<\/p>\n<p><em>2 Aprile \u2013 8 Maggio 2016<\/em><br \/>\n<strong>Loris Cecchini \/ Giovanni Ozzola<\/strong> Progetto del Comune di Pisa, del Comune di Santa Croce sull&#8217;Arno realizzato nell\u2019ambito di <em>Sistemi di Visione Sistemi di Realt\u00e0<\/em> per Toscanaincontemporanea 2015<\/p>\n<p><em>11 Giugno \u2013 31 Luglio 2016<\/em><br \/>\n<strong>L\u2019attenzione \u00e8 tessuto novissimo<\/strong> (Elena Carozzi, Beatrice Moeni, Phillippa Peckham, Maja Thommen, Silvia Vendramel)<\/p>\n<p><strong>La tela infinita *<\/strong><\/p>\n<p><em>1 Ottobre \u2013 27 Novembre 2016<\/em><br \/>\n<strong>Sergio Breviario Fotoromanzo **<\/strong><\/p>\n<hr \/>\n<h4>Nel 2018<\/h4>\n<p><em>24 Marzo \u2013 22 Aprile 2018<\/em><br \/>\n<strong>Premio Santa Croce Grafica. Nona edizione 2017<\/strong> (David Casini, Francesco Casolari, T-yong Chung, Sara Ciuffetta, Fabrizio Cotognini, Giulio Delv\u00e8, Marco Di Giovanni, Cristiano Focacci Menchini, Graziano Folata, Chiara Giorgetti, Luca Pancrazzi, Phillippa Peckham, Ivana Spinelli, Giovanni Termini)<\/p>\n<p><em>23 Giugno \u2013 29 Luglio 2018<\/em><br \/>\n<strong>Pestival. La grande metafora 1982 &#8211;<\/strong> (Antonio Bob\u00f2, Valerio Comparini, Dolfo, Giulio Greco, Ivo Lombardi, Ugo Maffi, Romano Masoni, Simonetta Melani, Sergio Pucci)<\/p>\n<p><em>20 Ottobre 2018 \u2013 6 Gennaio 2019<\/em><br \/>\n<strong>Nari Ward. Holding Patterns.<\/strong> Progetto realizzato nell\u2019ambito di Toscanaincontemporanea 2018.<\/p>\n<hr \/>\n<h4>Nel 2019<\/h4>\n<p><em>2 Marzo \u2013 7 Aprile 2019<\/em><br \/>\n<strong>Premio Santa Croce Ex Libris \u2013 piccola grafica. Sesta edizione 2018<\/strong><\/p>\n<p><em>2 Marzo \u2013 7 Aprile 2019<\/em><br \/>\n<strong>La Donazione Giulietti al Gabinetto dei Disegni e delle Stampe al Comune di Santa Croce sull\u2019Arno<\/strong><\/p>\n<p><em>4 Maggio \u2013 7 Luglio 2019<\/em><br \/>\n<strong>Eugenia Vanni. La pittura intorno Tela su stoffa<\/strong><\/p>\n<p><em>14 Dicembre 2019 \u2013 16 Febbraio 2020<\/em><br \/>\n<strong>Zhanna Kadyrova. Animalier.<\/strong> Progetto realizzato nell\u2019ambito di Toscanaincontemporanea 2019 *<\/p>\n<hr \/>\n<h4>Nel 2020<\/h4>\n<p><em>17 Ottobre 2020 \u2013 14 Febbraio 2021 (sospesa dal 4 Novembre 2020 al 18 Gennaio 2021 causa emergenza COVID-19)<\/em><br \/>\n<strong>Luca Pancrazzi. Ombre proiezioni ribaltamenti vuoti improvvisi e inversioni<\/strong><\/p>\n<hr \/>\n<h4>Nel 2021<\/h4>\n<p><em>22 Maggio \u2013 13 Giugno 2021<\/em><br \/>\n<strong>Premio Santa Croce Grafica. Decima edizione 2021<\/strong> (Francesca Banchelli, Fabio Cresci, Serena Fineschi, Federico Gori, Claudia Losi, Marco Andrea Magni, Valeria Manzi, Silvia Mariotti, Beatrice Meoni, Matteo Nuti, Ornaghi &amp; Prestinari, Giuseppe Stampone con Danilo Sciorilli)<\/p>\n<p><em>19 Giugno \u2013 25 Luglio 2021<\/em><br \/>\n<strong>Francesco Carone. L\u2019inconsolabile.<\/strong><\/p>\n<p><em>16 Ottobre \u2013 28 Novembre 2021<\/em><br \/>\n<strong>Alfredo Bosco. Aree di crisi<\/strong><\/p>\n<p>11 Dicembre 2021 \u2013 23 Gennaio 2022<br \/>\n<strong>Santa Croce Dream. Sogno ad Occhi Aperti.<\/strong> Mostra FOTOMONTAGGI di MANUELE VESTRI<\/p>\n<hr \/>\n<h4>Nel 2022<\/h4>\n<p><em>26 Febbraio \u2013 22 Marzo 2022<\/em><br \/>\n<strong>Alessandro Squilloni. Frammenti di una citt\u00e0 cosmopolita<\/strong> *<\/p>\n<p><em>30 Aprile \u2013 10 Luglio 2022<\/em><br \/>\n<strong>Chiara Camoni. Autoritratto (una luna) e altre storie<\/strong><\/p>\n<p><em>12 Novembre &#8211; 27 Novembre 2022<\/em><br \/>\n<strong>Premio Santa Croce Ex libris &#8211; piccola grafica. Settimana edizione 2022<br \/>\n<\/strong><\/p>\n<p><em>3 Dicembre 2022 &#8211; 15 Gennaio 2023<\/em><br \/>\n<strong>Marta Roberti. Cose che non accaddero mai ma che sempre sono<\/strong><\/p>\n<hr \/>\n<h4>Nel 2023<\/h4>\n<p><em>10 Giugno &#8211; 30 Luglio 2023<\/em><br \/>\n<strong>Fuori porta<\/strong><\/p>\n<p><em>02 Dicembre 2023 \u2013 17 Dicembre 2023<\/em><br \/>\n<strong>Premio Santa Croce Grafica. Undicesima edizione 2023<\/strong><\/p>\n<hr \/>\n<h4>Nel 2024<\/h4>\n<p><em>20 Gennaio 2024 \u2013 03 Marzo 2024<\/em><br \/>\n<strong>Binta Diaw. Del Cosmo e della Terra<\/strong><\/p>\n<hr \/>\n<p>* Il catalogo di questa mostra non \u00e8 stato realizzato<br \/>\n** Il catalogo di questa mostra \u00e8 esaurito<\/p>\n<p><em>aggiornato al 10 Novembre 2022<\/em><\/p>\n","protected":false},"excerpt":{"rendered":"<p>LE MOSTRE Le mostre sono tutte prodotte e progettate dal Centro attivit\u00e0 espressive. Alcune si rivolgono al territorio, altre vanno oltre; tutte per\u00f2 tendono a chiarire, documentare, registrare le problematiche [&hellip;]<\/p>\n","protected":false},"author":10,"featured_media":0,"parent":18112,"menu_order":0,"comment_status":"closed","ping_status":"closed","template":"","meta":{"footnotes":""},"class_list":["post-18116","page","type-page","status-publish","hentry"],"yoast_head":"<!-- This site is optimized with the Yoast SEO plugin v24.7 - https:\/\/yoast.com\/wordpress\/plugins\/seo\/ -->\n<title>Storico Mostre Villa Pacchiani - Comune di Santa Croce sull&#039;Arno<\/title>\n<meta name=\"robots\" content=\"index, follow, max-snippet:-1, max-image-preview:large, max-video-preview:-1\" \/>\n<link rel=\"canonical\" href=\"https:\/\/comune.santacroce.pi.it\/oldsite\/informazioni\/cultura\/centro-di-attivita-espressive-villa-pacchiani\/storico-mostre-villa-pacchiani\/\" \/>\n<meta property=\"og:locale\" content=\"it_IT\" \/>\n<meta property=\"og:type\" content=\"article\" \/>\n<meta property=\"og:title\" content=\"Storico Mostre Villa Pacchiani - Comune di Santa Croce sull&#039;Arno\" \/>\n<meta property=\"og:description\" content=\"LE MOSTRE Le mostre sono tutte prodotte e progettate dal Centro attivit\u00e0 espressive. Alcune si rivolgono al territorio, altre vanno oltre; tutte per\u00f2 tendono a chiarire, documentare, registrare le problematiche [&hellip;]\" \/>\n<meta property=\"og:url\" content=\"https:\/\/comune.santacroce.pi.it\/oldsite\/informazioni\/cultura\/centro-di-attivita-espressive-villa-pacchiani\/storico-mostre-villa-pacchiani\/\" \/>\n<meta property=\"og:site_name\" content=\"Comune di Santa Croce sull&#039;Arno\" \/>\n<meta property=\"article:modified_time\" content=\"2024-02-22T16:09:51+00:00\" \/>\n<meta property=\"og:image\" content=\"https:\/\/comune.santacroce.pi.it\/oldsite\/wp-content\/uploads\/2021\/04\/Santa-Croce-sulArno-800x582-2.png\" \/>\n\t<meta property=\"og:image:width\" content=\"800\" \/>\n\t<meta property=\"og:image:height\" content=\"582\" \/>\n\t<meta property=\"og:image:type\" content=\"image\/png\" \/>\n<meta name=\"twitter:card\" content=\"summary_large_image\" \/>\n<meta name=\"twitter:label1\" content=\"Tempo di lettura stimato\" \/>\n\t<meta name=\"twitter:data1\" content=\"25 minuti\" \/>\n<script type=\"application\/ld+json\" class=\"yoast-schema-graph\">{\"@context\":\"https:\/\/schema.org\",\"@graph\":[{\"@type\":\"WebPage\",\"@id\":\"https:\/\/comune.santacroce.pi.it\/oldsite\/informazioni\/cultura\/centro-di-attivita-espressive-villa-pacchiani\/storico-mostre-villa-pacchiani\/\",\"url\":\"https:\/\/comune.santacroce.pi.it\/oldsite\/informazioni\/cultura\/centro-di-attivita-espressive-villa-pacchiani\/storico-mostre-villa-pacchiani\/\",\"name\":\"Storico Mostre Villa Pacchiani - Comune di Santa Croce sull&#039;Arno\",\"isPartOf\":{\"@id\":\"https:\/\/comune.santacroce.pi.it\/oldsite\/#website\"},\"datePublished\":\"2021-03-09T10:26:02+00:00\",\"dateModified\":\"2024-02-22T16:09:51+00:00\",\"breadcrumb\":{\"@id\":\"https:\/\/comune.santacroce.pi.it\/oldsite\/informazioni\/cultura\/centro-di-attivita-espressive-villa-pacchiani\/storico-mostre-villa-pacchiani\/#breadcrumb\"},\"inLanguage\":\"it-IT\",\"potentialAction\":[{\"@type\":\"ReadAction\",\"target\":[\"https:\/\/comune.santacroce.pi.it\/oldsite\/informazioni\/cultura\/centro-di-attivita-espressive-villa-pacchiani\/storico-mostre-villa-pacchiani\/\"]}]},{\"@type\":\"BreadcrumbList\",\"@id\":\"https:\/\/comune.santacroce.pi.it\/oldsite\/informazioni\/cultura\/centro-di-attivita-espressive-villa-pacchiani\/storico-mostre-villa-pacchiani\/#breadcrumb\",\"itemListElement\":[{\"@type\":\"ListItem\",\"position\":1,\"name\":\"Home\",\"item\":\"https:\/\/comune.santacroce.pi.it\/oldsite\/\"},{\"@type\":\"ListItem\",\"position\":2,\"name\":\"Informazioni\",\"item\":\"https:\/\/comune.santacroce.pi.it\/oldsite\/informazioni\/\"},{\"@type\":\"ListItem\",\"position\":3,\"name\":\"Cultura\",\"item\":\"https:\/\/comune.santacroce.pi.it\/oldsite\/informazioni\/cultura\/\"},{\"@type\":\"ListItem\",\"position\":4,\"name\":\"Centro di Attivit\u00e0 espressive Villa Pacchiani\",\"item\":\"https:\/\/comune.santacroce.pi.it\/oldsite\/informazioni\/cultura\/centro-di-attivita-espressive-villa-pacchiani\/\"},{\"@type\":\"ListItem\",\"position\":5,\"name\":\"Storico Mostre Villa Pacchiani\"}]},{\"@type\":\"WebSite\",\"@id\":\"https:\/\/comune.santacroce.pi.it\/oldsite\/#website\",\"url\":\"https:\/\/comune.santacroce.pi.it\/oldsite\/\",\"name\":\"Comune di Santa Croce sull&#039;Arno\",\"description\":\"Provincia di Pisa\",\"publisher\":{\"@id\":\"https:\/\/comune.santacroce.pi.it\/oldsite\/#organization\"},\"potentialAction\":[{\"@type\":\"SearchAction\",\"target\":{\"@type\":\"EntryPoint\",\"urlTemplate\":\"https:\/\/comune.santacroce.pi.it\/oldsite\/?s={search_term_string}\"},\"query-input\":{\"@type\":\"PropertyValueSpecification\",\"valueRequired\":true,\"valueName\":\"search_term_string\"}}],\"inLanguage\":\"it-IT\"},{\"@type\":\"Organization\",\"@id\":\"https:\/\/comune.santacroce.pi.it\/oldsite\/#organization\",\"name\":\"Comune di Santa Croce sull'Arno\",\"url\":\"https:\/\/comune.santacroce.pi.it\/oldsite\/\",\"logo\":{\"@type\":\"ImageObject\",\"inLanguage\":\"it-IT\",\"@id\":\"https:\/\/comune.santacroce.pi.it\/oldsite\/#\/schema\/logo\/image\/\",\"url\":\"https:\/\/comune.santacroce.pi.it\/oldsite\/wp-content\/uploads\/2021\/02\/cropped-Stemma-Santa-Croce-dellArno_500-1.png\",\"contentUrl\":\"https:\/\/comune.santacroce.pi.it\/oldsite\/wp-content\/uploads\/2021\/02\/cropped-Stemma-Santa-Croce-dellArno_500-1.png\",\"width\":500,\"height\":500,\"caption\":\"Comune di Santa Croce sull'Arno\"},\"image\":{\"@id\":\"https:\/\/comune.santacroce.pi.it\/oldsite\/#\/schema\/logo\/image\/\"}}]}<\/script>\n<!-- \/ Yoast SEO plugin. -->","yoast_head_json":{"title":"Storico Mostre Villa Pacchiani - Comune di Santa Croce sull&#039;Arno","robots":{"index":"index","follow":"follow","max-snippet":"max-snippet:-1","max-image-preview":"max-image-preview:large","max-video-preview":"max-video-preview:-1"},"canonical":"https:\/\/comune.santacroce.pi.it\/oldsite\/informazioni\/cultura\/centro-di-attivita-espressive-villa-pacchiani\/storico-mostre-villa-pacchiani\/","og_locale":"it_IT","og_type":"article","og_title":"Storico Mostre Villa Pacchiani - Comune di Santa Croce sull&#039;Arno","og_description":"LE MOSTRE Le mostre sono tutte prodotte e progettate dal Centro attivit\u00e0 espressive. Alcune si rivolgono al territorio, altre vanno oltre; tutte per\u00f2 tendono a chiarire, documentare, registrare le problematiche [&hellip;]","og_url":"https:\/\/comune.santacroce.pi.it\/oldsite\/informazioni\/cultura\/centro-di-attivita-espressive-villa-pacchiani\/storico-mostre-villa-pacchiani\/","og_site_name":"Comune di Santa Croce sull&#039;Arno","article_modified_time":"2024-02-22T16:09:51+00:00","og_image":[{"width":800,"height":582,"url":"https:\/\/comune.santacroce.pi.it\/oldsite\/wp-content\/uploads\/2021\/04\/Santa-Croce-sulArno-800x582-2.png","type":"image\/png"}],"twitter_card":"summary_large_image","twitter_misc":{"Tempo di lettura stimato":"25 minuti"},"schema":{"@context":"https:\/\/schema.org","@graph":[{"@type":"WebPage","@id":"https:\/\/comune.santacroce.pi.it\/oldsite\/informazioni\/cultura\/centro-di-attivita-espressive-villa-pacchiani\/storico-mostre-villa-pacchiani\/","url":"https:\/\/comune.santacroce.pi.it\/oldsite\/informazioni\/cultura\/centro-di-attivita-espressive-villa-pacchiani\/storico-mostre-villa-pacchiani\/","name":"Storico Mostre Villa Pacchiani - Comune di Santa Croce sull&#039;Arno","isPartOf":{"@id":"https:\/\/comune.santacroce.pi.it\/oldsite\/#website"},"datePublished":"2021-03-09T10:26:02+00:00","dateModified":"2024-02-22T16:09:51+00:00","breadcrumb":{"@id":"https:\/\/comune.santacroce.pi.it\/oldsite\/informazioni\/cultura\/centro-di-attivita-espressive-villa-pacchiani\/storico-mostre-villa-pacchiani\/#breadcrumb"},"inLanguage":"it-IT","potentialAction":[{"@type":"ReadAction","target":["https:\/\/comune.santacroce.pi.it\/oldsite\/informazioni\/cultura\/centro-di-attivita-espressive-villa-pacchiani\/storico-mostre-villa-pacchiani\/"]}]},{"@type":"BreadcrumbList","@id":"https:\/\/comune.santacroce.pi.it\/oldsite\/informazioni\/cultura\/centro-di-attivita-espressive-villa-pacchiani\/storico-mostre-villa-pacchiani\/#breadcrumb","itemListElement":[{"@type":"ListItem","position":1,"name":"Home","item":"https:\/\/comune.santacroce.pi.it\/oldsite\/"},{"@type":"ListItem","position":2,"name":"Informazioni","item":"https:\/\/comune.santacroce.pi.it\/oldsite\/informazioni\/"},{"@type":"ListItem","position":3,"name":"Cultura","item":"https:\/\/comune.santacroce.pi.it\/oldsite\/informazioni\/cultura\/"},{"@type":"ListItem","position":4,"name":"Centro di Attivit\u00e0 espressive Villa Pacchiani","item":"https:\/\/comune.santacroce.pi.it\/oldsite\/informazioni\/cultura\/centro-di-attivita-espressive-villa-pacchiani\/"},{"@type":"ListItem","position":5,"name":"Storico Mostre Villa Pacchiani"}]},{"@type":"WebSite","@id":"https:\/\/comune.santacroce.pi.it\/oldsite\/#website","url":"https:\/\/comune.santacroce.pi.it\/oldsite\/","name":"Comune di Santa Croce sull&#039;Arno","description":"Provincia di Pisa","publisher":{"@id":"https:\/\/comune.santacroce.pi.it\/oldsite\/#organization"},"potentialAction":[{"@type":"SearchAction","target":{"@type":"EntryPoint","urlTemplate":"https:\/\/comune.santacroce.pi.it\/oldsite\/?s={search_term_string}"},"query-input":{"@type":"PropertyValueSpecification","valueRequired":true,"valueName":"search_term_string"}}],"inLanguage":"it-IT"},{"@type":"Organization","@id":"https:\/\/comune.santacroce.pi.it\/oldsite\/#organization","name":"Comune di Santa Croce sull'Arno","url":"https:\/\/comune.santacroce.pi.it\/oldsite\/","logo":{"@type":"ImageObject","inLanguage":"it-IT","@id":"https:\/\/comune.santacroce.pi.it\/oldsite\/#\/schema\/logo\/image\/","url":"https:\/\/comune.santacroce.pi.it\/oldsite\/wp-content\/uploads\/2021\/02\/cropped-Stemma-Santa-Croce-dellArno_500-1.png","contentUrl":"https:\/\/comune.santacroce.pi.it\/oldsite\/wp-content\/uploads\/2021\/02\/cropped-Stemma-Santa-Croce-dellArno_500-1.png","width":500,"height":500,"caption":"Comune di Santa Croce sull'Arno"},"image":{"@id":"https:\/\/comune.santacroce.pi.it\/oldsite\/#\/schema\/logo\/image\/"}}]}},"meta_box":{"_page_ufficio":[]},"_links":{"self":[{"href":"https:\/\/comune.santacroce.pi.it\/oldsite\/wp-json\/wp\/v2\/pages\/18116","targetHints":{"allow":["GET"]}}],"collection":[{"href":"https:\/\/comune.santacroce.pi.it\/oldsite\/wp-json\/wp\/v2\/pages"}],"about":[{"href":"https:\/\/comune.santacroce.pi.it\/oldsite\/wp-json\/wp\/v2\/types\/page"}],"author":[{"embeddable":true,"href":"https:\/\/comune.santacroce.pi.it\/oldsite\/wp-json\/wp\/v2\/users\/10"}],"replies":[{"embeddable":true,"href":"https:\/\/comune.santacroce.pi.it\/oldsite\/wp-json\/wp\/v2\/comments?post=18116"}],"version-history":[{"count":0,"href":"https:\/\/comune.santacroce.pi.it\/oldsite\/wp-json\/wp\/v2\/pages\/18116\/revisions"}],"up":[{"embeddable":true,"href":"https:\/\/comune.santacroce.pi.it\/oldsite\/wp-json\/wp\/v2\/pages\/18112"}],"wp:attachment":[{"href":"https:\/\/comune.santacroce.pi.it\/oldsite\/wp-json\/wp\/v2\/media?parent=18116"}],"curies":[{"name":"wp","href":"https:\/\/api.w.org\/{rel}","templated":true}]}}