{"id":18112,"date":"2021-03-09T11:25:22","date_gmt":"2021-03-09T10:25:22","guid":{"rendered":"https:\/\/comune.santacroce.pi.it\/oldsite\/?page_id=18112"},"modified":"2024-06-17T09:11:32","modified_gmt":"2024-06-17T07:11:32","slug":"centro-di-attivita-espressive-villa-pacchiani","status":"publish","type":"page","link":"https:\/\/comune.santacroce.pi.it\/oldsite\/informazioni\/cultura\/centro-di-attivita-espressive-villa-pacchiani\/","title":{"rendered":"Centro di Attivit\u00e0 espressive Villa Pacchiani"},"content":{"rendered":"<p>Il <a href=\"https:\/\/www.villapacchiani.it\/\" target=\"_blank\" rel=\"noopener\"><strong>Centro di Attivit\u00e0 Espressive Villa Pacchiani<\/strong><\/a> \u00e8 uno dei presidi culturali del Comune di Santa Croce sull\u2019Arno, insieme al Teatro Verdi e alla Biblioteca Adrio Puccini. \u00c8 stato inaugurato nel 1991 come luogo che l\u2019Amministrazione comunale ha dedicato all\u2019arte contemporanea, sostenuto anche da un gruppo di artisti attivi sul territorio.<\/p>\n<p>Il Centro comprende:<\/p>\n<ul>\n<li>al 1\u00b0 piano, il <strong>Centro espositivo<\/strong>, dove vengono realizzate mostre ed esposizioni;<\/li>\n<li>il <strong>Gabinetto dei disegni e delle Stampe<\/strong>, con una raccolta di disegni e grafiche costantemente implementata attraverso donazioni di artisti e con le opere che partecipano al <strong>Premio Santa Croce di Grafica<\/strong> e al <strong>Premio ex-libris &#8211; piccola grafica<\/strong>;<\/li>\n<li>al 2\u00b0 piano sono ospitate associazioni che si occupano a vario titolo di attivit\u00e0 espressive: <strong>il Gruppo Fotografico \u201cL\u2019Obiettivo\u201d<\/strong>, l\u2019associazione culturale <strong>\u201cIl Grandevetro\u201d<\/strong>.<\/li>\n<\/ul>\n<p>Il <a href=\"https:\/\/www.villapacchiani.it\/\" target=\"_blank\" rel=\"noopener\"><strong>Centro Espositivo di Villa Pacchiani<\/strong><\/a> si \u00e8 da sempre contraddistinto per una programmazione continuativa nel segno delle progettualit\u00e0 dei direttori che si sono succeduti nel corso degli anni: Romano Masoni (dal 1991 al 2000), Eugenio Cecioni (dal 2000 al 2010), Ilaria Mariotti (dal 2010). Oggi l\u2019attivit\u00e0 si concentra sulla produzione di mostre specifiche che vedono la presenza di artisti di generazioni diverse, sia legati al territorio, sia di valenza internazionale.<\/p>\n<p>Dal 2012, l&#8217;Amministrazione Comunale con una propria progettazione partecipa a \u201cToscanaincontemporanea\u201d, un bando annuale emanato dalla Regione Toscana, risultando sempre premiata.<\/p>\n<p>Le mostre sono sempre percorsi inediti che vedono sia la produzione di nuove opere sia l\u2019utilizzo di opere gi\u00e0 realizzate inserite all\u2019interno di percorsi pensati appositamente.<\/p>\n<p>Una parte dell\u2019attivit\u00e0 \u00e8 dedicata ai premi annuali che si alternano con cadenza biennale: il Premio Santa Croce grafica (istituito nel 2001) e il Premio ex libris \u2013 piccola grafica (istituito nel 2006).<\/p>\n<p>Per quasi tutte le mostre \u00e8 stata prevista la pubblicazione di un catalogo che ne documenta l&#8217;attivit\u00e0. Vengono inoltre organizzati laboratori per adulti e bambini e visite guidate.<\/p>\n<p>In estate, ha luogo &#8220;<strong>a cielo Aperto<\/strong>&#8220;, un ciclo di appuntamenti musicali pensati per piccole formazioni.<\/p>\n<p>Da febbraio 2022 \u00e8 online il sito ufficiale all&#8217;indirizzo <a href=\"https:\/\/www.villapacchiani.it\/\" target=\"_blank\" rel=\"noopener\">www.villapacchiani.it.<\/a><\/p>\n<hr \/>\n<h4>Recapiti<\/h4>\n<p>Piazza Pier Paolo Pasolini &#8211; 56029 Santa Croce sull&#8217;Arno<\/p>\n<p><strong>Tel<\/strong>. <a href=\"tel:0571 389853\">0571 389853<\/a><\/p>\n<hr \/>\n<h4>Assessore di riferimento<\/h4>\n<p>&nbsp;<\/p>\n<hr \/>\n<h4>Responsabile<\/h4>\n<p><strong>Antonella Strozzalupi<\/strong><br \/>\nDirezione e coordinamento unit\u00e0 operativa<\/p>\n","protected":false},"excerpt":{"rendered":"<p>Il Centro di Attivit\u00e0 Espressive Villa Pacchiani \u00e8 uno dei presidi culturali del Comune di Santa Croce sull\u2019Arno, insieme al Teatro Verdi e alla Biblioteca Adrio Puccini. \u00c8 stato inaugurato [&hellip;]<\/p>\n","protected":false},"author":10,"featured_media":0,"parent":17648,"menu_order":4,"comment_status":"closed","ping_status":"closed","template":"","meta":{"footnotes":""},"class_list":["post-18112","page","type-page","status-publish","hentry"],"yoast_head":"<!-- This site is optimized with the Yoast SEO plugin v24.7 - https:\/\/yoast.com\/wordpress\/plugins\/seo\/ -->\n<title>Centro di Attivit\u00e0 espressive Villa Pacchiani - Comune di Santa Croce sull&#039;Arno<\/title>\n<meta name=\"robots\" content=\"index, follow, max-snippet:-1, max-image-preview:large, max-video-preview:-1\" \/>\n<link rel=\"canonical\" href=\"https:\/\/comune.santacroce.pi.it\/oldsite\/informazioni\/cultura\/centro-di-attivita-espressive-villa-pacchiani\/\" \/>\n<meta property=\"og:locale\" content=\"it_IT\" \/>\n<meta property=\"og:type\" content=\"article\" \/>\n<meta property=\"og:title\" content=\"Centro di Attivit\u00e0 espressive Villa Pacchiani - Comune di Santa Croce sull&#039;Arno\" \/>\n<meta property=\"og:description\" content=\"Il Centro di Attivit\u00e0 Espressive Villa Pacchiani \u00e8 uno dei presidi culturali del Comune di Santa Croce sull\u2019Arno, insieme al Teatro Verdi e alla Biblioteca Adrio Puccini. \u00c8 stato inaugurato [&hellip;]\" \/>\n<meta property=\"og:url\" content=\"https:\/\/comune.santacroce.pi.it\/oldsite\/informazioni\/cultura\/centro-di-attivita-espressive-villa-pacchiani\/\" \/>\n<meta property=\"og:site_name\" content=\"Comune di Santa Croce sull&#039;Arno\" \/>\n<meta property=\"article:modified_time\" content=\"2024-06-17T07:11:32+00:00\" \/>\n<meta property=\"og:image\" content=\"https:\/\/comune.santacroce.pi.it\/oldsite\/wp-content\/uploads\/2021\/04\/Santa-Croce-sulArno-800x582-2.png\" \/>\n\t<meta property=\"og:image:width\" content=\"800\" \/>\n\t<meta property=\"og:image:height\" content=\"582\" \/>\n\t<meta property=\"og:image:type\" content=\"image\/png\" \/>\n<meta name=\"twitter:card\" content=\"summary_large_image\" \/>\n<meta name=\"twitter:label1\" content=\"Tempo di lettura stimato\" \/>\n\t<meta name=\"twitter:data1\" content=\"2 minuti\" \/>\n<script type=\"application\/ld+json\" class=\"yoast-schema-graph\">{\"@context\":\"https:\/\/schema.org\",\"@graph\":[{\"@type\":\"WebPage\",\"@id\":\"https:\/\/comune.santacroce.pi.it\/oldsite\/informazioni\/cultura\/centro-di-attivita-espressive-villa-pacchiani\/\",\"url\":\"https:\/\/comune.santacroce.pi.it\/oldsite\/informazioni\/cultura\/centro-di-attivita-espressive-villa-pacchiani\/\",\"name\":\"Centro di Attivit\u00e0 espressive Villa Pacchiani - Comune di Santa Croce sull&#039;Arno\",\"isPartOf\":{\"@id\":\"https:\/\/comune.santacroce.pi.it\/oldsite\/#website\"},\"datePublished\":\"2021-03-09T10:25:22+00:00\",\"dateModified\":\"2024-06-17T07:11:32+00:00\",\"breadcrumb\":{\"@id\":\"https:\/\/comune.santacroce.pi.it\/oldsite\/informazioni\/cultura\/centro-di-attivita-espressive-villa-pacchiani\/#breadcrumb\"},\"inLanguage\":\"it-IT\",\"potentialAction\":[{\"@type\":\"ReadAction\",\"target\":[\"https:\/\/comune.santacroce.pi.it\/oldsite\/informazioni\/cultura\/centro-di-attivita-espressive-villa-pacchiani\/\"]}]},{\"@type\":\"BreadcrumbList\",\"@id\":\"https:\/\/comune.santacroce.pi.it\/oldsite\/informazioni\/cultura\/centro-di-attivita-espressive-villa-pacchiani\/#breadcrumb\",\"itemListElement\":[{\"@type\":\"ListItem\",\"position\":1,\"name\":\"Home\",\"item\":\"https:\/\/comune.santacroce.pi.it\/oldsite\/\"},{\"@type\":\"ListItem\",\"position\":2,\"name\":\"Informazioni\",\"item\":\"https:\/\/comune.santacroce.pi.it\/oldsite\/informazioni\/\"},{\"@type\":\"ListItem\",\"position\":3,\"name\":\"Cultura\",\"item\":\"https:\/\/comune.santacroce.pi.it\/oldsite\/informazioni\/cultura\/\"},{\"@type\":\"ListItem\",\"position\":4,\"name\":\"Centro di Attivit\u00e0 espressive Villa Pacchiani\"}]},{\"@type\":\"WebSite\",\"@id\":\"https:\/\/comune.santacroce.pi.it\/oldsite\/#website\",\"url\":\"https:\/\/comune.santacroce.pi.it\/oldsite\/\",\"name\":\"Comune di Santa Croce sull&#039;Arno\",\"description\":\"Provincia di Pisa\",\"publisher\":{\"@id\":\"https:\/\/comune.santacroce.pi.it\/oldsite\/#organization\"},\"potentialAction\":[{\"@type\":\"SearchAction\",\"target\":{\"@type\":\"EntryPoint\",\"urlTemplate\":\"https:\/\/comune.santacroce.pi.it\/oldsite\/?s={search_term_string}\"},\"query-input\":{\"@type\":\"PropertyValueSpecification\",\"valueRequired\":true,\"valueName\":\"search_term_string\"}}],\"inLanguage\":\"it-IT\"},{\"@type\":\"Organization\",\"@id\":\"https:\/\/comune.santacroce.pi.it\/oldsite\/#organization\",\"name\":\"Comune di Santa Croce sull'Arno\",\"url\":\"https:\/\/comune.santacroce.pi.it\/oldsite\/\",\"logo\":{\"@type\":\"ImageObject\",\"inLanguage\":\"it-IT\",\"@id\":\"https:\/\/comune.santacroce.pi.it\/oldsite\/#\/schema\/logo\/image\/\",\"url\":\"https:\/\/comune.santacroce.pi.it\/oldsite\/wp-content\/uploads\/2021\/02\/cropped-Stemma-Santa-Croce-dellArno_500-1.png\",\"contentUrl\":\"https:\/\/comune.santacroce.pi.it\/oldsite\/wp-content\/uploads\/2021\/02\/cropped-Stemma-Santa-Croce-dellArno_500-1.png\",\"width\":500,\"height\":500,\"caption\":\"Comune di Santa Croce sull'Arno\"},\"image\":{\"@id\":\"https:\/\/comune.santacroce.pi.it\/oldsite\/#\/schema\/logo\/image\/\"}}]}<\/script>\n<!-- \/ Yoast SEO plugin. -->","yoast_head_json":{"title":"Centro di Attivit\u00e0 espressive Villa Pacchiani - Comune di Santa Croce sull&#039;Arno","robots":{"index":"index","follow":"follow","max-snippet":"max-snippet:-1","max-image-preview":"max-image-preview:large","max-video-preview":"max-video-preview:-1"},"canonical":"https:\/\/comune.santacroce.pi.it\/oldsite\/informazioni\/cultura\/centro-di-attivita-espressive-villa-pacchiani\/","og_locale":"it_IT","og_type":"article","og_title":"Centro di Attivit\u00e0 espressive Villa Pacchiani - Comune di Santa Croce sull&#039;Arno","og_description":"Il Centro di Attivit\u00e0 Espressive Villa Pacchiani \u00e8 uno dei presidi culturali del Comune di Santa Croce sull\u2019Arno, insieme al Teatro Verdi e alla Biblioteca Adrio Puccini. \u00c8 stato inaugurato [&hellip;]","og_url":"https:\/\/comune.santacroce.pi.it\/oldsite\/informazioni\/cultura\/centro-di-attivita-espressive-villa-pacchiani\/","og_site_name":"Comune di Santa Croce sull&#039;Arno","article_modified_time":"2024-06-17T07:11:32+00:00","og_image":[{"width":800,"height":582,"url":"https:\/\/comune.santacroce.pi.it\/oldsite\/wp-content\/uploads\/2021\/04\/Santa-Croce-sulArno-800x582-2.png","type":"image\/png"}],"twitter_card":"summary_large_image","twitter_misc":{"Tempo di lettura stimato":"2 minuti"},"schema":{"@context":"https:\/\/schema.org","@graph":[{"@type":"WebPage","@id":"https:\/\/comune.santacroce.pi.it\/oldsite\/informazioni\/cultura\/centro-di-attivita-espressive-villa-pacchiani\/","url":"https:\/\/comune.santacroce.pi.it\/oldsite\/informazioni\/cultura\/centro-di-attivita-espressive-villa-pacchiani\/","name":"Centro di Attivit\u00e0 espressive Villa Pacchiani - Comune di Santa Croce sull&#039;Arno","isPartOf":{"@id":"https:\/\/comune.santacroce.pi.it\/oldsite\/#website"},"datePublished":"2021-03-09T10:25:22+00:00","dateModified":"2024-06-17T07:11:32+00:00","breadcrumb":{"@id":"https:\/\/comune.santacroce.pi.it\/oldsite\/informazioni\/cultura\/centro-di-attivita-espressive-villa-pacchiani\/#breadcrumb"},"inLanguage":"it-IT","potentialAction":[{"@type":"ReadAction","target":["https:\/\/comune.santacroce.pi.it\/oldsite\/informazioni\/cultura\/centro-di-attivita-espressive-villa-pacchiani\/"]}]},{"@type":"BreadcrumbList","@id":"https:\/\/comune.santacroce.pi.it\/oldsite\/informazioni\/cultura\/centro-di-attivita-espressive-villa-pacchiani\/#breadcrumb","itemListElement":[{"@type":"ListItem","position":1,"name":"Home","item":"https:\/\/comune.santacroce.pi.it\/oldsite\/"},{"@type":"ListItem","position":2,"name":"Informazioni","item":"https:\/\/comune.santacroce.pi.it\/oldsite\/informazioni\/"},{"@type":"ListItem","position":3,"name":"Cultura","item":"https:\/\/comune.santacroce.pi.it\/oldsite\/informazioni\/cultura\/"},{"@type":"ListItem","position":4,"name":"Centro di Attivit\u00e0 espressive Villa Pacchiani"}]},{"@type":"WebSite","@id":"https:\/\/comune.santacroce.pi.it\/oldsite\/#website","url":"https:\/\/comune.santacroce.pi.it\/oldsite\/","name":"Comune di Santa Croce sull&#039;Arno","description":"Provincia di Pisa","publisher":{"@id":"https:\/\/comune.santacroce.pi.it\/oldsite\/#organization"},"potentialAction":[{"@type":"SearchAction","target":{"@type":"EntryPoint","urlTemplate":"https:\/\/comune.santacroce.pi.it\/oldsite\/?s={search_term_string}"},"query-input":{"@type":"PropertyValueSpecification","valueRequired":true,"valueName":"search_term_string"}}],"inLanguage":"it-IT"},{"@type":"Organization","@id":"https:\/\/comune.santacroce.pi.it\/oldsite\/#organization","name":"Comune di Santa Croce sull'Arno","url":"https:\/\/comune.santacroce.pi.it\/oldsite\/","logo":{"@type":"ImageObject","inLanguage":"it-IT","@id":"https:\/\/comune.santacroce.pi.it\/oldsite\/#\/schema\/logo\/image\/","url":"https:\/\/comune.santacroce.pi.it\/oldsite\/wp-content\/uploads\/2021\/02\/cropped-Stemma-Santa-Croce-dellArno_500-1.png","contentUrl":"https:\/\/comune.santacroce.pi.it\/oldsite\/wp-content\/uploads\/2021\/02\/cropped-Stemma-Santa-Croce-dellArno_500-1.png","width":500,"height":500,"caption":"Comune di Santa Croce sull'Arno"},"image":{"@id":"https:\/\/comune.santacroce.pi.it\/oldsite\/#\/schema\/logo\/image\/"}}]}},"meta_box":{"_page_ufficio":["17148"]},"_links":{"self":[{"href":"https:\/\/comune.santacroce.pi.it\/oldsite\/wp-json\/wp\/v2\/pages\/18112","targetHints":{"allow":["GET"]}}],"collection":[{"href":"https:\/\/comune.santacroce.pi.it\/oldsite\/wp-json\/wp\/v2\/pages"}],"about":[{"href":"https:\/\/comune.santacroce.pi.it\/oldsite\/wp-json\/wp\/v2\/types\/page"}],"author":[{"embeddable":true,"href":"https:\/\/comune.santacroce.pi.it\/oldsite\/wp-json\/wp\/v2\/users\/10"}],"replies":[{"embeddable":true,"href":"https:\/\/comune.santacroce.pi.it\/oldsite\/wp-json\/wp\/v2\/comments?post=18112"}],"version-history":[{"count":0,"href":"https:\/\/comune.santacroce.pi.it\/oldsite\/wp-json\/wp\/v2\/pages\/18112\/revisions"}],"up":[{"embeddable":true,"href":"https:\/\/comune.santacroce.pi.it\/oldsite\/wp-json\/wp\/v2\/pages\/17648"}],"wp:attachment":[{"href":"https:\/\/comune.santacroce.pi.it\/oldsite\/wp-json\/wp\/v2\/media?parent=18112"}],"curies":[{"name":"wp","href":"https:\/\/api.w.org\/{rel}","templated":true}]}}