{"id":17877,"date":"2021-02-26T11:45:42","date_gmt":"2021-02-26T10:45:42","guid":{"rendered":"https:\/\/comune.santacroce.pi.it\/oldsite\/?page_id=17877"},"modified":"2025-01-23T09:00:37","modified_gmt":"2025-01-23T08:00:37","slug":"il-baule-dei-sogni","status":"publish","type":"page","link":"https:\/\/comune.santacroce.pi.it\/oldsite\/informazioni\/cultura\/teatro-comunale-giuseppe-verdi\/stagione-teatrale\/il-baule-dei-sogni\/","title":{"rendered":"Il Baule dei Sogni"},"content":{"rendered":"<p>&#8220;Il Baule di sogni&#8221; \u00e8 uno dei progetti di produzione, formazione, ospitalit\u00e0 e promozione di teatro per le nuove generazioni fra i pi\u00f9 qualificati ed importanti che si realizzano in Italia.<\/p>\n<p>Il progetto &#8220;Il Baule di Sogni&#8221; nasce nel 1984, per volere dei comuni di S. Croce sull&#8217;Arno, S. Miniato, Castelfranco di Sotto, Montopoli V.no, S. Maria a Monte e Fucecchio, con il sostegno della Provincia di Pisa e della Fondazione Toscana Spettacolo.<\/p>\n<p>Questa esperienza \u00e8 nata, oltre che da una precisa volont\u00e0 politica, anche grazie al lavoro di produzione e alla &#8220;fantasia&#8221; artistica di Giallo Mare Minimal Teatro. Molte produzioni, nate in questa esperienza, hanno girato nei maggiori teatri e festival italiani ed europei.<\/p>\n<p>Un progetto significativo, da sempre crescente, anche nel numero delle persone coinvolte: bambini, ragazzi, famiglie, giovani, operatori culturali, che s&#8217;incontrano con &#8220;esperienze&#8221; di teatro, le osservano, le studiano, sovente le praticano trasformando quotidianamente lo spazio ed i linguaggi della scena, come strumenti necessari alla conoscenza di s\u00e9, degli altri, di ci\u00f2 che ci circonda.<\/p>\n<p>In questi anni sono state messi in scena quasi 1.000 spettacoli di compagnie ed artisti tra le pi\u00f9 qualificate del Paese, che hanno proposto spettacoli per le scuole e per le famiglie, coinvolgendo oltre 150.000 spettatori. Una grande offerta di teatro da vedere, che viene spesso affiancata da numerosi percorsi di lavoro con insegnanti e con le classi.<\/p>\n<p>Edizione:<br \/>\n<a href=\"https:\/\/comune.santacroce.pi.it\/oldsite\/informazioni\/cultura\/teatro-comunale-giuseppe-verdi\/stagione-teatrale-2019-2020\/il-baule-dei-sogni\/stagione-2021-22\/\">Stagione 2021\/2022<\/a><br \/>\n<a href=\"https:\/\/comune.santacroce.pi.it\/oldsite\/informazioni\/cultura\/teatro-comunale-giuseppe-verdi\/stagione-teatrale\/il-baule-dei-sogni\/il-baule-dei-sogni-2022-2023\/\" target=\"_blank\" rel=\"noopener\">Stagione 2022\/2023<\/a><br \/>\n<a href=\"https:\/\/comune.santacroce.pi.it\/oldsite\/informazioni\/cultura\/teatro-comunale-giuseppe-verdi\/stagione-teatrale\/il-baule-dei-sogni\/il-baule-dei-sogni-2023-2024\/\">Stagione 2023\/2024<\/a><br \/>\n<a href=\"https:\/\/comune.santacroce.pi.it\/oldsite\/informazioni\/cultura\/teatro-comunale-giuseppe-verdi\/stagione-teatrale\/il-baule-dei-sogni\/il-baule-dei-sogni-2024-2025\/\">Stagione 2024\/2025<\/a><\/p>\n","protected":false},"excerpt":{"rendered":"<p>&#8220;Il Baule di sogni&#8221; \u00e8 uno dei progetti di produzione, formazione, ospitalit\u00e0 e promozione di teatro per le nuove generazioni fra i pi\u00f9 qualificati ed importanti che si realizzano in [&hellip;]<\/p>\n","protected":false},"author":10,"featured_media":0,"parent":17866,"menu_order":3,"comment_status":"closed","ping_status":"closed","template":"","meta":{"footnotes":""},"class_list":["post-17877","page","type-page","status-publish","hentry"],"yoast_head":"<!-- This site is optimized with the Yoast SEO plugin v24.7 - https:\/\/yoast.com\/wordpress\/plugins\/seo\/ -->\n<title>Il Baule dei Sogni - Comune di Santa Croce sull&#039;Arno<\/title>\n<meta name=\"robots\" content=\"index, follow, max-snippet:-1, max-image-preview:large, max-video-preview:-1\" \/>\n<link rel=\"canonical\" href=\"https:\/\/comune.santacroce.pi.it\/oldsite\/informazioni\/cultura\/teatro-comunale-giuseppe-verdi\/stagione-teatrale\/il-baule-dei-sogni\/\" \/>\n<meta property=\"og:locale\" content=\"it_IT\" \/>\n<meta property=\"og:type\" content=\"article\" \/>\n<meta property=\"og:title\" content=\"Il Baule dei Sogni - Comune di Santa Croce sull&#039;Arno\" \/>\n<meta property=\"og:description\" content=\"&#8220;Il Baule di sogni&#8221; \u00e8 uno dei progetti di produzione, formazione, ospitalit\u00e0 e promozione di teatro per le nuove generazioni fra i pi\u00f9 qualificati ed importanti che si realizzano in [&hellip;]\" \/>\n<meta property=\"og:url\" content=\"https:\/\/comune.santacroce.pi.it\/oldsite\/informazioni\/cultura\/teatro-comunale-giuseppe-verdi\/stagione-teatrale\/il-baule-dei-sogni\/\" \/>\n<meta property=\"og:site_name\" content=\"Comune di Santa Croce sull&#039;Arno\" \/>\n<meta property=\"article:modified_time\" content=\"2025-01-23T08:00:37+00:00\" \/>\n<meta property=\"og:image\" content=\"https:\/\/comune.santacroce.pi.it\/oldsite\/wp-content\/uploads\/2021\/04\/Santa-Croce-sulArno-800x582-2.png\" \/>\n\t<meta property=\"og:image:width\" content=\"800\" \/>\n\t<meta property=\"og:image:height\" content=\"582\" \/>\n\t<meta property=\"og:image:type\" content=\"image\/png\" \/>\n<meta name=\"twitter:card\" content=\"summary_large_image\" \/>\n<meta name=\"twitter:label1\" content=\"Tempo di lettura stimato\" \/>\n\t<meta name=\"twitter:data1\" content=\"2 minuti\" \/>\n<script type=\"application\/ld+json\" class=\"yoast-schema-graph\">{\"@context\":\"https:\/\/schema.org\",\"@graph\":[{\"@type\":\"WebPage\",\"@id\":\"https:\/\/comune.santacroce.pi.it\/oldsite\/informazioni\/cultura\/teatro-comunale-giuseppe-verdi\/stagione-teatrale\/il-baule-dei-sogni\/\",\"url\":\"https:\/\/comune.santacroce.pi.it\/oldsite\/informazioni\/cultura\/teatro-comunale-giuseppe-verdi\/stagione-teatrale\/il-baule-dei-sogni\/\",\"name\":\"Il Baule dei Sogni - Comune di Santa Croce sull&#039;Arno\",\"isPartOf\":{\"@id\":\"https:\/\/comune.santacroce.pi.it\/oldsite\/#website\"},\"datePublished\":\"2021-02-26T10:45:42+00:00\",\"dateModified\":\"2025-01-23T08:00:37+00:00\",\"breadcrumb\":{\"@id\":\"https:\/\/comune.santacroce.pi.it\/oldsite\/informazioni\/cultura\/teatro-comunale-giuseppe-verdi\/stagione-teatrale\/il-baule-dei-sogni\/#breadcrumb\"},\"inLanguage\":\"it-IT\",\"potentialAction\":[{\"@type\":\"ReadAction\",\"target\":[\"https:\/\/comune.santacroce.pi.it\/oldsite\/informazioni\/cultura\/teatro-comunale-giuseppe-verdi\/stagione-teatrale\/il-baule-dei-sogni\/\"]}]},{\"@type\":\"BreadcrumbList\",\"@id\":\"https:\/\/comune.santacroce.pi.it\/oldsite\/informazioni\/cultura\/teatro-comunale-giuseppe-verdi\/stagione-teatrale\/il-baule-dei-sogni\/#breadcrumb\",\"itemListElement\":[{\"@type\":\"ListItem\",\"position\":1,\"name\":\"Home\",\"item\":\"https:\/\/comune.santacroce.pi.it\/oldsite\/\"},{\"@type\":\"ListItem\",\"position\":2,\"name\":\"Informazioni\",\"item\":\"https:\/\/comune.santacroce.pi.it\/oldsite\/informazioni\/\"},{\"@type\":\"ListItem\",\"position\":3,\"name\":\"Cultura\",\"item\":\"https:\/\/comune.santacroce.pi.it\/oldsite\/informazioni\/cultura\/\"},{\"@type\":\"ListItem\",\"position\":4,\"name\":\"Teatro Comunale &#8220;Giuseppe Verdi&#8221;\",\"item\":\"https:\/\/comune.santacroce.pi.it\/oldsite\/informazioni\/cultura\/teatro-comunale-giuseppe-verdi\/\"},{\"@type\":\"ListItem\",\"position\":5,\"name\":\"Stagione teatrale\",\"item\":\"https:\/\/comune.santacroce.pi.it\/oldsite\/informazioni\/cultura\/teatro-comunale-giuseppe-verdi\/stagione-teatrale\/\"},{\"@type\":\"ListItem\",\"position\":6,\"name\":\"Il Baule dei Sogni\"}]},{\"@type\":\"WebSite\",\"@id\":\"https:\/\/comune.santacroce.pi.it\/oldsite\/#website\",\"url\":\"https:\/\/comune.santacroce.pi.it\/oldsite\/\",\"name\":\"Comune di Santa Croce sull&#039;Arno\",\"description\":\"Provincia di Pisa\",\"publisher\":{\"@id\":\"https:\/\/comune.santacroce.pi.it\/oldsite\/#organization\"},\"potentialAction\":[{\"@type\":\"SearchAction\",\"target\":{\"@type\":\"EntryPoint\",\"urlTemplate\":\"https:\/\/comune.santacroce.pi.it\/oldsite\/?s={search_term_string}\"},\"query-input\":{\"@type\":\"PropertyValueSpecification\",\"valueRequired\":true,\"valueName\":\"search_term_string\"}}],\"inLanguage\":\"it-IT\"},{\"@type\":\"Organization\",\"@id\":\"https:\/\/comune.santacroce.pi.it\/oldsite\/#organization\",\"name\":\"Comune di Santa Croce sull'Arno\",\"url\":\"https:\/\/comune.santacroce.pi.it\/oldsite\/\",\"logo\":{\"@type\":\"ImageObject\",\"inLanguage\":\"it-IT\",\"@id\":\"https:\/\/comune.santacroce.pi.it\/oldsite\/#\/schema\/logo\/image\/\",\"url\":\"https:\/\/comune.santacroce.pi.it\/oldsite\/wp-content\/uploads\/2021\/02\/cropped-Stemma-Santa-Croce-dellArno_500-1.png\",\"contentUrl\":\"https:\/\/comune.santacroce.pi.it\/oldsite\/wp-content\/uploads\/2021\/02\/cropped-Stemma-Santa-Croce-dellArno_500-1.png\",\"width\":500,\"height\":500,\"caption\":\"Comune di Santa Croce sull'Arno\"},\"image\":{\"@id\":\"https:\/\/comune.santacroce.pi.it\/oldsite\/#\/schema\/logo\/image\/\"}}]}<\/script>\n<!-- \/ Yoast SEO plugin. -->","yoast_head_json":{"title":"Il Baule dei Sogni - Comune di Santa Croce sull&#039;Arno","robots":{"index":"index","follow":"follow","max-snippet":"max-snippet:-1","max-image-preview":"max-image-preview:large","max-video-preview":"max-video-preview:-1"},"canonical":"https:\/\/comune.santacroce.pi.it\/oldsite\/informazioni\/cultura\/teatro-comunale-giuseppe-verdi\/stagione-teatrale\/il-baule-dei-sogni\/","og_locale":"it_IT","og_type":"article","og_title":"Il Baule dei Sogni - Comune di Santa Croce sull&#039;Arno","og_description":"&#8220;Il Baule di sogni&#8221; \u00e8 uno dei progetti di produzione, formazione, ospitalit\u00e0 e promozione di teatro per le nuove generazioni fra i pi\u00f9 qualificati ed importanti che si realizzano in [&hellip;]","og_url":"https:\/\/comune.santacroce.pi.it\/oldsite\/informazioni\/cultura\/teatro-comunale-giuseppe-verdi\/stagione-teatrale\/il-baule-dei-sogni\/","og_site_name":"Comune di Santa Croce sull&#039;Arno","article_modified_time":"2025-01-23T08:00:37+00:00","og_image":[{"width":800,"height":582,"url":"https:\/\/comune.santacroce.pi.it\/oldsite\/wp-content\/uploads\/2021\/04\/Santa-Croce-sulArno-800x582-2.png","type":"image\/png"}],"twitter_card":"summary_large_image","twitter_misc":{"Tempo di lettura stimato":"2 minuti"},"schema":{"@context":"https:\/\/schema.org","@graph":[{"@type":"WebPage","@id":"https:\/\/comune.santacroce.pi.it\/oldsite\/informazioni\/cultura\/teatro-comunale-giuseppe-verdi\/stagione-teatrale\/il-baule-dei-sogni\/","url":"https:\/\/comune.santacroce.pi.it\/oldsite\/informazioni\/cultura\/teatro-comunale-giuseppe-verdi\/stagione-teatrale\/il-baule-dei-sogni\/","name":"Il Baule dei Sogni - Comune di Santa Croce sull&#039;Arno","isPartOf":{"@id":"https:\/\/comune.santacroce.pi.it\/oldsite\/#website"},"datePublished":"2021-02-26T10:45:42+00:00","dateModified":"2025-01-23T08:00:37+00:00","breadcrumb":{"@id":"https:\/\/comune.santacroce.pi.it\/oldsite\/informazioni\/cultura\/teatro-comunale-giuseppe-verdi\/stagione-teatrale\/il-baule-dei-sogni\/#breadcrumb"},"inLanguage":"it-IT","potentialAction":[{"@type":"ReadAction","target":["https:\/\/comune.santacroce.pi.it\/oldsite\/informazioni\/cultura\/teatro-comunale-giuseppe-verdi\/stagione-teatrale\/il-baule-dei-sogni\/"]}]},{"@type":"BreadcrumbList","@id":"https:\/\/comune.santacroce.pi.it\/oldsite\/informazioni\/cultura\/teatro-comunale-giuseppe-verdi\/stagione-teatrale\/il-baule-dei-sogni\/#breadcrumb","itemListElement":[{"@type":"ListItem","position":1,"name":"Home","item":"https:\/\/comune.santacroce.pi.it\/oldsite\/"},{"@type":"ListItem","position":2,"name":"Informazioni","item":"https:\/\/comune.santacroce.pi.it\/oldsite\/informazioni\/"},{"@type":"ListItem","position":3,"name":"Cultura","item":"https:\/\/comune.santacroce.pi.it\/oldsite\/informazioni\/cultura\/"},{"@type":"ListItem","position":4,"name":"Teatro Comunale &#8220;Giuseppe Verdi&#8221;","item":"https:\/\/comune.santacroce.pi.it\/oldsite\/informazioni\/cultura\/teatro-comunale-giuseppe-verdi\/"},{"@type":"ListItem","position":5,"name":"Stagione teatrale","item":"https:\/\/comune.santacroce.pi.it\/oldsite\/informazioni\/cultura\/teatro-comunale-giuseppe-verdi\/stagione-teatrale\/"},{"@type":"ListItem","position":6,"name":"Il Baule dei Sogni"}]},{"@type":"WebSite","@id":"https:\/\/comune.santacroce.pi.it\/oldsite\/#website","url":"https:\/\/comune.santacroce.pi.it\/oldsite\/","name":"Comune di Santa Croce sull&#039;Arno","description":"Provincia di Pisa","publisher":{"@id":"https:\/\/comune.santacroce.pi.it\/oldsite\/#organization"},"potentialAction":[{"@type":"SearchAction","target":{"@type":"EntryPoint","urlTemplate":"https:\/\/comune.santacroce.pi.it\/oldsite\/?s={search_term_string}"},"query-input":{"@type":"PropertyValueSpecification","valueRequired":true,"valueName":"search_term_string"}}],"inLanguage":"it-IT"},{"@type":"Organization","@id":"https:\/\/comune.santacroce.pi.it\/oldsite\/#organization","name":"Comune di Santa Croce sull'Arno","url":"https:\/\/comune.santacroce.pi.it\/oldsite\/","logo":{"@type":"ImageObject","inLanguage":"it-IT","@id":"https:\/\/comune.santacroce.pi.it\/oldsite\/#\/schema\/logo\/image\/","url":"https:\/\/comune.santacroce.pi.it\/oldsite\/wp-content\/uploads\/2021\/02\/cropped-Stemma-Santa-Croce-dellArno_500-1.png","contentUrl":"https:\/\/comune.santacroce.pi.it\/oldsite\/wp-content\/uploads\/2021\/02\/cropped-Stemma-Santa-Croce-dellArno_500-1.png","width":500,"height":500,"caption":"Comune di Santa Croce sull'Arno"},"image":{"@id":"https:\/\/comune.santacroce.pi.it\/oldsite\/#\/schema\/logo\/image\/"}}]}},"meta_box":{"_page_ufficio":[]},"_links":{"self":[{"href":"https:\/\/comune.santacroce.pi.it\/oldsite\/wp-json\/wp\/v2\/pages\/17877","targetHints":{"allow":["GET"]}}],"collection":[{"href":"https:\/\/comune.santacroce.pi.it\/oldsite\/wp-json\/wp\/v2\/pages"}],"about":[{"href":"https:\/\/comune.santacroce.pi.it\/oldsite\/wp-json\/wp\/v2\/types\/page"}],"author":[{"embeddable":true,"href":"https:\/\/comune.santacroce.pi.it\/oldsite\/wp-json\/wp\/v2\/users\/10"}],"replies":[{"embeddable":true,"href":"https:\/\/comune.santacroce.pi.it\/oldsite\/wp-json\/wp\/v2\/comments?post=17877"}],"version-history":[{"count":0,"href":"https:\/\/comune.santacroce.pi.it\/oldsite\/wp-json\/wp\/v2\/pages\/17877\/revisions"}],"up":[{"embeddable":true,"href":"https:\/\/comune.santacroce.pi.it\/oldsite\/wp-json\/wp\/v2\/pages\/17866"}],"wp:attachment":[{"href":"https:\/\/comune.santacroce.pi.it\/oldsite\/wp-json\/wp\/v2\/media?parent=17877"}],"curies":[{"name":"wp","href":"https:\/\/api.w.org\/{rel}","templated":true}]}}