{"id":17175,"date":"2021-02-18T12:54:43","date_gmt":"2021-02-18T11:54:43","guid":{"rendered":"https:\/\/comune.santacroce.pi.it\/oldsite\/?page_id=17175"},"modified":"2025-03-11T09:40:45","modified_gmt":"2025-03-11T08:40:45","slug":"servizio-civile","status":"publish","type":"page","link":"https:\/\/comune.santacroce.pi.it\/oldsite\/informazioni\/servizio-civile\/","title":{"rendered":"Servizio Civile"},"content":{"rendered":"<p>&nbsp;<\/p>\n<p><img loading=\"lazy\" decoding=\"async\" class=\"alignnone wp-image-21132\" src=\"https:\/\/comune.santacroce.pi.it\/oldsite\/wp-content\/uploads\/2022\/12\/servizio-civile-universale-logo-2AC0BC0482-seeklogo.com_.png\" alt=\"\" width=\"97\" height=\"97\" srcset=\"https:\/\/comune.santacroce.pi.it\/oldsite\/wp-content\/uploads\/2022\/12\/servizio-civile-universale-logo-2AC0BC0482-seeklogo.com_.png 299w, https:\/\/comune.santacroce.pi.it\/oldsite\/wp-content\/uploads\/2022\/12\/servizio-civile-universale-logo-2AC0BC0482-seeklogo.com_-150x150.png 150w\" sizes=\"auto, (max-width: 97px) 100vw, 97px\" \/>\u00a0 <img loading=\"lazy\" decoding=\"async\" class=\"alignnone wp-image-22544\" src=\"https:\/\/comune.santacroce.pi.it\/oldsite\/wp-content\/uploads\/2023\/08\/scregionalenews-300x263.jpg\" alt=\"\" width=\"113\" height=\"99\" srcset=\"https:\/\/comune.santacroce.pi.it\/oldsite\/wp-content\/uploads\/2023\/08\/scregionalenews-300x263.jpg 300w, https:\/\/comune.santacroce.pi.it\/oldsite\/wp-content\/uploads\/2023\/08\/scregionalenews.jpg 360w\" sizes=\"auto, (max-width: 113px) 100vw, 113px\" \/>\u00a0 <img loading=\"lazy\" decoding=\"async\" class=\"alignnone wp-image-22547\" src=\"https:\/\/comune.santacroce.pi.it\/oldsite\/wp-content\/uploads\/2023\/08\/download.jpg\" alt=\"\" width=\"95\" height=\"95\" srcset=\"https:\/\/comune.santacroce.pi.it\/oldsite\/wp-content\/uploads\/2023\/08\/download.jpg 225w, https:\/\/comune.santacroce.pi.it\/oldsite\/wp-content\/uploads\/2023\/08\/download-150x150.jpg 150w\" sizes=\"auto, (max-width: 95px) 100vw, 95px\" \/><\/p>\n<p style=\"text-align: justify\">&gt;&gt;&gt; NEWS &lt;&lt;&lt; Bando per la selezione di operatori volontari da impiegare in progetti afferenti a programmi di intervento di Servizio civile universale. <strong>Con Determina n. 143 del 10 marzo 2025 PUBBLICATO IL CALENDARIO PER LA SELEZIONE DEI CANDIDATI<\/strong>. Maggiori informazioni nella sottostante sezione <em>&gt;&gt;\u00a0 Ci sono Bandi aperti in questo momento?\u00a0 &gt;&gt; SERVIZIO CIVILE UNIVERSALE.<\/em><\/p>\n<p>&#8212;<\/p>\n<p style=\"text-align: justify\">Il <strong>Comune di Santa Croce sull&#8217;Arno<\/strong> aderisce all&#8217;Accordo tra i Comuni del Valdarno Inferiore per l&#8217;organizzazione del Servizio Civile Universale e Regionale. L&#8217;Accordo \u00e8 stipulato tra i Comuni di Santa Croce sull&#8217;Arno, Castelfranco di Sotto, Empoli, Fucecchio, Montopoli in Val d&#8217;Arno, San Miniato e Santa Maria a Monte.<\/p>\n<p style=\"text-align: justify\">Il <strong>Comune di Santa Croce sull&#8217;Arno<\/strong> <strong>\u00e8 accreditato come Ente Titolare (SU00242) per<span style=\"color: #000000\">\u00a0Servizio Civile Universale <em>(e Digitale)<\/em> e come Ente Capofila (RT2C00805) per il\u00a0 Servizio Civile Regionale. <\/span><\/strong><span style=\"color: #000000\">I progetti dell&#8217;ente, relativi ai settori dell\u2019educazione, della promozione culturale, dell\u2019assistenza e dell\u2019orientamento ai servizi pubblici, prevedono l&#8217;inserimento di operatori volontari nei centri di aggregazione per infanzia, adolescenza, giovani e famiglie, nelle biblioteche e negli archivi, negli sportelli comunali e nei servizi per cittadini anziani e disabili.<\/span><\/p>\n<hr \/>\n<p style=\"text-align: justify\"><span style=\"color: #000000\">L&#8217;<\/span><strong><span style=\"color: #000000\">Ente di <a href=\"https:\/\/www.politichegiovanili.gov.it\/\"><span style=\"color: #0000ff\">Servizio Civile Universale<\/span><\/a><\/span> Comune di Santa Croce sull&#8217;Arno<\/strong><strong>\u00a0<\/strong>\u00e8 cos\u00ec composto:<\/p>\n<p><strong>Ente TITOLARE:<\/strong><br \/>\nCOMUNE DI SANTA CROCE SULL&#8217;ARNO (SU00242)<\/p>\n<p><strong>Enti di Accoglienza:<\/strong><br \/>\nCOMUNE DI CASTELFRANCO DI SOTTO (SU00242A03)<br \/>\nCOMUNE DI EMPOLI (SU00242A06)<br \/>\nCOMUNE DI FUCECCHIO (SU00242A02)<br \/>\nCOMUNE DI MONTOPOLI IN VAL D&#8217;ARNO (SU00242A01)<br \/>\nCOMUNE DI SAN MINIATO (SU00242A00)<br \/>\nCOMUNE DI SANTA MARIA A MONTE (SU00242A05)<\/p>\n<hr \/>\n<p style=\"text-align: justify\"><span style=\"color: #000000\">L&#8217;<\/span><strong><span style=\"color: #000000\">Ente di <a href=\"https:\/\/www.regione.toscana.it\/servizio-civile-regionale\"><span style=\"color: #0000ff\">Servizio Civile Regionale<\/span><\/a><\/span> Comune di Santa Croce sull&#8217;Arno<\/strong><strong>\u00a0<\/strong>\u00e8 cos\u00ec composto:<\/p>\n<p><strong>Ente CAPOFILA:<\/strong><br \/>\nCOMUNE DI SANTA CROCE SULL&#8217;ARNO (<span style=\"color: #000000\">RT2C00805<\/span>)<\/p>\n<p><strong>Enti facenti parte l&#8217;Accordo:<\/strong><br \/>\nCOMUNE DI CASTELFRANCO DI SOTTO<br \/>\nCOMUNE DI FUCECCHIO<br \/>\nCOMUNE DI MONTOPOLI IN VAL D&#8217;ARNO<br \/>\nCOMUNE DI SAN MINIATO<br \/>\nCOMUNE DI SANTA MARIA A MONTE<br \/>\nSOCIETA&#8217; DELLA SALUTE EMPOLESE VALDARNO VALDELSA <em>(tramite sedi comunali)<\/em><\/p>\n<hr \/>\n<h4 style=\"text-align: justify\">Cos\u2019\u00e8 il Servizio Civile?<\/h4>\n<p style=\"text-align: justify\">Il <strong>Servizio Civile<\/strong> \u00e8 un&#8217;<strong>esperienza di cittadinanza attiva<\/strong> rivolta a tutti i giovani che vogliono favorire la realizzazione dei princ\u00ecpi costituzionali di <strong>solidariet\u00e0 sociale<\/strong> scegliendo di aggiungere competenze al proprio bagaglio e assicurandosi al contempo una minima autonomia economica, a ogni volontario spetta infatti un <strong>rimborso mensile<\/strong>. E\u2019 un\u2019<strong>esperienza di formazione <\/strong>che richiede impegno e interesse per le attivit\u00e0 previste dai progetti, che \u00e8 riconosciuta come competenza curriculare spendibile quindi nel corso della vita lavorativa e che pu\u00f2 diventare essa stessa un\u2019opportunit\u00e0 di lavoro. Di norma<strong> compatibile con altre forme di lavoro<\/strong>, il Servizio Civile pu\u00f2 sostituire attivit\u00e0 di tirocinio universitario dando luogo al riconoscimento di<strong> crediti formativi<\/strong>.\u00a0<strong>L&#8217;attivit\u00e0 svolta nell&#8217;ambito dei progetti di servizio civile non determina l&#8217;instaurazione di un rapporto di lavoro<\/strong>. In base alla tipologia di progetto pu\u00f2 durare <strong>dagli 8 ai 12 mesi<\/strong>.<\/p>\n<p><span style=\"color: #0000ff\"><strong><a style=\"color: #0000ff\" href=\"https:\/\/www.politichegiovanili.gov.it\/comunicazione\/news\/2023\/6\/riserva-posti-15\/\">Riserva dei posti del 15% nei concorsi pubblici per gli operatori volontari SCU<\/a><\/strong><\/span><\/p>\n<hr \/>\n<h4 style=\"text-align: justify\">Come partecipare?<\/h4>\n<p style=\"text-align: justify\">Periodicamente vengono pubblicati dei bandi di Servizio Civile Universale per ragazzi e ragazze di et\u00e0 compresa <strong>tra i 18 e i 28 anni <\/strong>compiuti (28 anni e 364 giorni). Ai bandi di Servizio Civile Regionale potranno invece partecipare soggetti di et\u00e0 compresa <strong>tra i 18 e i 29 anni <\/strong>compiuti (29 anni e 364 giorni).\u00a0 Per presentare domanda \u00e8 necessario essere in possesso di identit\u00e0 digitale: attualmente per il Servizio Civile Universale \u00e8 richiesto lo <span style=\"color: #0000ff\"><strong><a style=\"color: #0000ff\" href=\"https:\/\/www.spid.gov.it\/\">SPID<\/a><\/strong>,<\/span> per il Servizio Civile Regionale la Carta Nazionale dei Servizi <span style=\"color: #0000ff\"><strong><a style=\"color: #0000ff\" href=\"https:\/\/www.regione.toscana.it\/servizi-online\/servizi-sicuri\/carta-sanitaria-elettronica\">CNS<\/a><\/strong><\/span> (la tessera sanitaria\/codice fiscale) precedentemente attivata. Le domande ammissibili sono quelle che rispettano i requisiti richiesti dai relativi bandi. Per i candidati ammessi si tiene un colloquio individuale che determina una graduatoria di idonei e non idonei. Viene avviato al servizio chi tra gli idonei consegue il punteggio pi\u00f9 alto, attribuito rispettando quanto disposto dai bandi.<\/p>\n<p><span style=\"color: #0000ff\"><strong><a style=\"color: #0000ff\" href=\"https:\/\/www.politichegiovanili.gov.it\/comunicazione\/news\/2023\/6\/adeguamento_assegnoscu\/\">Aggiornato l\u2019assegno mensile per gli operatori volontari SCU<\/a><\/strong><\/span><\/p>\n<hr \/>\n<h4>Ci sono Bandi aperti in questo momento?<\/h4>\n<p><img loading=\"lazy\" decoding=\"async\" class=\"alignnone wp-image-21132\" src=\"https:\/\/comune.santacroce.pi.it\/oldsite\/wp-content\/uploads\/2022\/12\/servizio-civile-universale-logo-2AC0BC0482-seeklogo.com_.png\" alt=\"\" width=\"97\" height=\"97\" srcset=\"https:\/\/comune.santacroce.pi.it\/oldsite\/wp-content\/uploads\/2022\/12\/servizio-civile-universale-logo-2AC0BC0482-seeklogo.com_.png 299w, https:\/\/comune.santacroce.pi.it\/oldsite\/wp-content\/uploads\/2022\/12\/servizio-civile-universale-logo-2AC0BC0482-seeklogo.com_-150x150.png 150w\" sizes=\"auto, (max-width: 97px) 100vw, 97px\" \/><\/p>\n<p style=\"text-align: justify\"><span style=\"color: #3366ff\"><strong><a style=\"color: #3366ff\" href=\"https:\/\/www.scelgoilserviziocivile.gov.it\/\"><span style=\"color: #0000ff\">SERVIZIO CIVILE UNIVERSALE<\/span><\/a><\/strong><\/span> \u2013 Ente Titolare: Comune di Santa Croce sull\u2019Arno (SU00242). <strong>Con Determina n. 143 del 10 marzo 2025 pubblicato il calendario per la selezione di operatori volontari di Servizio civile universale per l&#8217;anno 2025\/2026<\/strong>. Ai sensi del Regolamento UE 2016\/679 non sono pubblicati i nominativi dei candidati ma il Riferimento Domanda (<a href=\"https:\/\/comune.santacroce.pi.it\/oldsite\/wp-content\/uploads\/2025\/03\/Riferimento-domanda.png\">VEDI ESEMPIO<\/a>). La selezione \u00e8 effettuata da apposite Commissioni tramite colloquio e valutazione di titoli ed esperienze secondo il seguente <a href=\"https:\/\/comune.santacroce.pi.it\/oldsite\/wp-content\/uploads\/2025\/03\/SCHEDA-VALUTAZIONE-SCU.pdf\">SCHEMA DI VALUTAZIONE<\/a> accreditato. La pubblicazione del calendario ha valore di notifica della convocazione. Il candidato si attiene alle indicazioni pubblicate in ordine a tempi, luogo e modalit\u00e0 delle procedure selettive. Il candidato assente \u00e8 escluso dalla selezione salvo presentazione di motivate giustificazioni da produrre antecedentemente allo svolgimento della stessa e da indirizzarsi allo Sportello Servizio Civile Universale e Regionale (telefono 0571 389974; mail serviziocivile@comune.santacroce.pi.it). Il candidato per posti riservati a Giovani con Minori Opportunit\u00e0 (GMO) si presenta munito di Attestazione ISEE. <a href=\"https:\/\/comune.santacroce.pi.it\/oldsite\/wp-content\/uploads\/2025\/03\/ALLEGATO-A.pdf\">CONSULTA IL CALENDARIO<\/a>.<\/p>\n<hr \/>\n<p><img loading=\"lazy\" decoding=\"async\" class=\"alignnone wp-image-22547\" src=\"https:\/\/comune.santacroce.pi.it\/oldsite\/wp-content\/uploads\/2023\/08\/download.jpg\" alt=\"\" width=\"97\" height=\"97\" srcset=\"https:\/\/comune.santacroce.pi.it\/oldsite\/wp-content\/uploads\/2023\/08\/download.jpg 225w, https:\/\/comune.santacroce.pi.it\/oldsite\/wp-content\/uploads\/2023\/08\/download-150x150.jpg 150w\" sizes=\"auto, (max-width: 97px) 100vw, 97px\" \/><\/p>\n<p style=\"text-align: justify\"><span style=\"color: #0000ff\"><strong>SER<\/strong><strong>VIZIO CIVILE DIGITALE (Universale)<\/strong><\/span> \u2013 Ente Titolare: Comune di Santa Croce sull\u2019Arno (SU00242).\u00a0<em>Al momento non ci sono bandi aperti.<\/em><\/p>\n<hr \/>\n<p><img loading=\"lazy\" decoding=\"async\" class=\"alignnone wp-image-22544\" src=\"https:\/\/comune.santacroce.pi.it\/oldsite\/wp-content\/uploads\/2023\/08\/scregionalenews-300x263.jpg\" alt=\"\" width=\"106\" height=\"93\" srcset=\"https:\/\/comune.santacroce.pi.it\/oldsite\/wp-content\/uploads\/2023\/08\/scregionalenews-300x263.jpg 300w, https:\/\/comune.santacroce.pi.it\/oldsite\/wp-content\/uploads\/2023\/08\/scregionalenews.jpg 360w\" sizes=\"auto, (max-width: 106px) 100vw, 106px\" \/><\/p>\n<p><a href=\"https:\/\/www.regione.toscana.it\/servizio-civile-regionale\"><span style=\"color: #ff0000\"><strong>SERVIZIO CIVILE REGIONALE<\/strong><\/span><\/a> \u2013 Ente Capofila:\u00a0 Comune di Santa Croce sull\u2019Arno (<span style=\"color: #000000\">RT2C00805<\/span>). <em>Al momento non ci sono bandi aperti.<\/em><\/p>\n<hr \/>\n<h4>Siti di Riferimento:<\/h4>\n<ul>\n<li><strong>Per ottenere l\u2019identit\u00e0 digitale SPID<\/strong>: <span style=\"color: #0000ff\"><strong><a style=\"color: #0000ff\" href=\"https:\/\/www.spid.gov.it\/\">https:\/\/www.spid.gov.it\/<\/a><\/strong><\/span><\/li>\n<li><strong>Per ottenere l&#8217;identit\u00e0 digitale CNS<\/strong>: <span style=\"color: #0000ff\"><strong><a style=\"color: #0000ff\" href=\"https:\/\/www.regione.toscana.it\/-\/carta-nazionale-dei-servizi\">https:\/\/www.regione.toscana.it\/-\/carta-nazionale-dei-servizi<\/a><\/strong><\/span><\/li>\n<li><strong>Servizio Civile Universale<\/strong>: <span style=\"color: #0000ff\"><strong><a style=\"color: #0000ff\" href=\"https:\/\/www.scelgoilserviziocivile.gov.it\/\">https:\/\/www.scelgoilserviziocivile.gov.it<\/a><\/strong><\/span><\/li>\n<li><strong>Servizio Civile Regionale<\/strong>: <span style=\"color: #0000ff\"><strong><a style=\"color: #0000ff\" href=\"https:\/\/www.regione.toscana.it\/servizio-civile-regionale\">https:\/\/www.regione.toscana.it\/servizio-civile-regionale<\/a><\/strong><\/span><\/li>\n<\/ul>\n<hr \/>\n<h4>Per Informazioni:<\/h4>\n<p><strong>Comune di Santa Croce sull\u2019Arno <\/strong><br \/>\n<strong>Sportello Servizio Civile <\/strong><strong>Universale<\/strong><strong> e Regionale<\/strong><br \/>\nPalazzo Comunale &#8211; Santa Croce sull&#8217;Arno &#8211; Piano Terra<br \/>\n<strong>Dal Luned\u00ec al Venerd\u00ec ore 9.00 &#8211; 13.00<\/strong><br \/>\ntel. 0571.389974 \u2013 email: <span style=\"color: #0000ff\"><a style=\"color: #0000ff\" href=\"mailto:serviziocivile@comune.santacroce.pi.it\"><u><strong>serviziocivile@comune.santacroce.pi.it<\/strong><\/u><\/a><\/span><\/p>\n","protected":false},"excerpt":{"rendered":"<p>&nbsp; \u00a0 \u00a0 &gt;&gt;&gt; NEWS &lt;&lt;&lt; Bando per la selezione di operatori volontari da impiegare in progetti afferenti a programmi di intervento di Servizio civile universale. Con Determina n. 143 [&hellip;]<\/p>\n","protected":false},"author":10,"featured_media":18774,"parent":18488,"menu_order":0,"comment_status":"closed","ping_status":"closed","template":"","meta":{"footnotes":""},"class_list":["post-17175","page","type-page","status-publish","has-post-thumbnail","hentry"],"yoast_head":"<!-- This site is optimized with the Yoast SEO plugin v24.7 - https:\/\/yoast.com\/wordpress\/plugins\/seo\/ -->\n<title>Servizio Civile - Comune di Santa Croce sull&#039;Arno<\/title>\n<meta name=\"robots\" content=\"index, follow, max-snippet:-1, max-image-preview:large, max-video-preview:-1\" \/>\n<link rel=\"canonical\" href=\"https:\/\/comune.santacroce.pi.it\/oldsite\/informazioni\/servizio-civile\/\" \/>\n<meta property=\"og:locale\" content=\"it_IT\" \/>\n<meta property=\"og:type\" content=\"article\" \/>\n<meta property=\"og:title\" content=\"Servizio Civile - Comune di Santa Croce sull&#039;Arno\" \/>\n<meta property=\"og:description\" content=\"&nbsp; \u00a0 \u00a0 &gt;&gt;&gt; NEWS &lt;&lt;&lt; Bando per la selezione di operatori volontari da impiegare in progetti afferenti a programmi di intervento di Servizio civile universale. Con Determina n. 143 [&hellip;]\" \/>\n<meta property=\"og:url\" content=\"https:\/\/comune.santacroce.pi.it\/oldsite\/informazioni\/servizio-civile\/\" \/>\n<meta property=\"og:site_name\" content=\"Comune di Santa Croce sull&#039;Arno\" \/>\n<meta property=\"article:modified_time\" content=\"2025-03-11T08:40:45+00:00\" \/>\n<meta property=\"og:image\" content=\"https:\/\/comune.santacroce.pi.it\/oldsite\/wp-content\/uploads\/2021\/12\/logo-circolare_350-1.jpg\" \/>\n\t<meta property=\"og:image:width\" content=\"350\" \/>\n\t<meta property=\"og:image:height\" content=\"350\" \/>\n\t<meta property=\"og:image:type\" content=\"image\/jpeg\" \/>\n<meta name=\"twitter:card\" content=\"summary_large_image\" \/>\n<meta name=\"twitter:label1\" content=\"Tempo di lettura stimato\" \/>\n\t<meta name=\"twitter:data1\" content=\"6 minuti\" \/>\n<script type=\"application\/ld+json\" class=\"yoast-schema-graph\">{\"@context\":\"https:\/\/schema.org\",\"@graph\":[{\"@type\":\"WebPage\",\"@id\":\"https:\/\/comune.santacroce.pi.it\/oldsite\/informazioni\/servizio-civile\/\",\"url\":\"https:\/\/comune.santacroce.pi.it\/oldsite\/informazioni\/servizio-civile\/\",\"name\":\"Servizio Civile - Comune di Santa Croce sull&#039;Arno\",\"isPartOf\":{\"@id\":\"https:\/\/comune.santacroce.pi.it\/oldsite\/#website\"},\"primaryImageOfPage\":{\"@id\":\"https:\/\/comune.santacroce.pi.it\/oldsite\/informazioni\/servizio-civile\/#primaryimage\"},\"image\":{\"@id\":\"https:\/\/comune.santacroce.pi.it\/oldsite\/informazioni\/servizio-civile\/#primaryimage\"},\"thumbnailUrl\":\"https:\/\/comune.santacroce.pi.it\/oldsite\/wp-content\/uploads\/2021\/12\/logo-circolare_350-1.jpg\",\"datePublished\":\"2021-02-18T11:54:43+00:00\",\"dateModified\":\"2025-03-11T08:40:45+00:00\",\"breadcrumb\":{\"@id\":\"https:\/\/comune.santacroce.pi.it\/oldsite\/informazioni\/servizio-civile\/#breadcrumb\"},\"inLanguage\":\"it-IT\",\"potentialAction\":[{\"@type\":\"ReadAction\",\"target\":[\"https:\/\/comune.santacroce.pi.it\/oldsite\/informazioni\/servizio-civile\/\"]}]},{\"@type\":\"ImageObject\",\"inLanguage\":\"it-IT\",\"@id\":\"https:\/\/comune.santacroce.pi.it\/oldsite\/informazioni\/servizio-civile\/#primaryimage\",\"url\":\"https:\/\/comune.santacroce.pi.it\/oldsite\/wp-content\/uploads\/2021\/12\/logo-circolare_350-1.jpg\",\"contentUrl\":\"https:\/\/comune.santacroce.pi.it\/oldsite\/wp-content\/uploads\/2021\/12\/logo-circolare_350-1.jpg\",\"width\":350,\"height\":350},{\"@type\":\"BreadcrumbList\",\"@id\":\"https:\/\/comune.santacroce.pi.it\/oldsite\/informazioni\/servizio-civile\/#breadcrumb\",\"itemListElement\":[{\"@type\":\"ListItem\",\"position\":1,\"name\":\"Home\",\"item\":\"https:\/\/comune.santacroce.pi.it\/oldsite\/\"},{\"@type\":\"ListItem\",\"position\":2,\"name\":\"Informazioni\",\"item\":\"https:\/\/comune.santacroce.pi.it\/oldsite\/informazioni\/\"},{\"@type\":\"ListItem\",\"position\":3,\"name\":\"Servizio Civile\"}]},{\"@type\":\"WebSite\",\"@id\":\"https:\/\/comune.santacroce.pi.it\/oldsite\/#website\",\"url\":\"https:\/\/comune.santacroce.pi.it\/oldsite\/\",\"name\":\"Comune di Santa Croce sull&#039;Arno\",\"description\":\"Provincia di Pisa\",\"publisher\":{\"@id\":\"https:\/\/comune.santacroce.pi.it\/oldsite\/#organization\"},\"potentialAction\":[{\"@type\":\"SearchAction\",\"target\":{\"@type\":\"EntryPoint\",\"urlTemplate\":\"https:\/\/comune.santacroce.pi.it\/oldsite\/?s={search_term_string}\"},\"query-input\":{\"@type\":\"PropertyValueSpecification\",\"valueRequired\":true,\"valueName\":\"search_term_string\"}}],\"inLanguage\":\"it-IT\"},{\"@type\":\"Organization\",\"@id\":\"https:\/\/comune.santacroce.pi.it\/oldsite\/#organization\",\"name\":\"Comune di Santa Croce sull'Arno\",\"url\":\"https:\/\/comune.santacroce.pi.it\/oldsite\/\",\"logo\":{\"@type\":\"ImageObject\",\"inLanguage\":\"it-IT\",\"@id\":\"https:\/\/comune.santacroce.pi.it\/oldsite\/#\/schema\/logo\/image\/\",\"url\":\"https:\/\/comune.santacroce.pi.it\/oldsite\/wp-content\/uploads\/2021\/02\/cropped-Stemma-Santa-Croce-dellArno_500-1.png\",\"contentUrl\":\"https:\/\/comune.santacroce.pi.it\/oldsite\/wp-content\/uploads\/2021\/02\/cropped-Stemma-Santa-Croce-dellArno_500-1.png\",\"width\":500,\"height\":500,\"caption\":\"Comune di Santa Croce sull'Arno\"},\"image\":{\"@id\":\"https:\/\/comune.santacroce.pi.it\/oldsite\/#\/schema\/logo\/image\/\"}}]}<\/script>\n<!-- \/ Yoast SEO plugin. -->","yoast_head_json":{"title":"Servizio Civile - Comune di Santa Croce sull&#039;Arno","robots":{"index":"index","follow":"follow","max-snippet":"max-snippet:-1","max-image-preview":"max-image-preview:large","max-video-preview":"max-video-preview:-1"},"canonical":"https:\/\/comune.santacroce.pi.it\/oldsite\/informazioni\/servizio-civile\/","og_locale":"it_IT","og_type":"article","og_title":"Servizio Civile - Comune di Santa Croce sull&#039;Arno","og_description":"&nbsp; \u00a0 \u00a0 &gt;&gt;&gt; NEWS &lt;&lt;&lt; Bando per la selezione di operatori volontari da impiegare in progetti afferenti a programmi di intervento di Servizio civile universale. Con Determina n. 143 [&hellip;]","og_url":"https:\/\/comune.santacroce.pi.it\/oldsite\/informazioni\/servizio-civile\/","og_site_name":"Comune di Santa Croce sull&#039;Arno","article_modified_time":"2025-03-11T08:40:45+00:00","og_image":[{"width":350,"height":350,"url":"https:\/\/comune.santacroce.pi.it\/oldsite\/wp-content\/uploads\/2021\/12\/logo-circolare_350-1.jpg","type":"image\/jpeg"}],"twitter_card":"summary_large_image","twitter_misc":{"Tempo di lettura stimato":"6 minuti"},"schema":{"@context":"https:\/\/schema.org","@graph":[{"@type":"WebPage","@id":"https:\/\/comune.santacroce.pi.it\/oldsite\/informazioni\/servizio-civile\/","url":"https:\/\/comune.santacroce.pi.it\/oldsite\/informazioni\/servizio-civile\/","name":"Servizio Civile - Comune di Santa Croce sull&#039;Arno","isPartOf":{"@id":"https:\/\/comune.santacroce.pi.it\/oldsite\/#website"},"primaryImageOfPage":{"@id":"https:\/\/comune.santacroce.pi.it\/oldsite\/informazioni\/servizio-civile\/#primaryimage"},"image":{"@id":"https:\/\/comune.santacroce.pi.it\/oldsite\/informazioni\/servizio-civile\/#primaryimage"},"thumbnailUrl":"https:\/\/comune.santacroce.pi.it\/oldsite\/wp-content\/uploads\/2021\/12\/logo-circolare_350-1.jpg","datePublished":"2021-02-18T11:54:43+00:00","dateModified":"2025-03-11T08:40:45+00:00","breadcrumb":{"@id":"https:\/\/comune.santacroce.pi.it\/oldsite\/informazioni\/servizio-civile\/#breadcrumb"},"inLanguage":"it-IT","potentialAction":[{"@type":"ReadAction","target":["https:\/\/comune.santacroce.pi.it\/oldsite\/informazioni\/servizio-civile\/"]}]},{"@type":"ImageObject","inLanguage":"it-IT","@id":"https:\/\/comune.santacroce.pi.it\/oldsite\/informazioni\/servizio-civile\/#primaryimage","url":"https:\/\/comune.santacroce.pi.it\/oldsite\/wp-content\/uploads\/2021\/12\/logo-circolare_350-1.jpg","contentUrl":"https:\/\/comune.santacroce.pi.it\/oldsite\/wp-content\/uploads\/2021\/12\/logo-circolare_350-1.jpg","width":350,"height":350},{"@type":"BreadcrumbList","@id":"https:\/\/comune.santacroce.pi.it\/oldsite\/informazioni\/servizio-civile\/#breadcrumb","itemListElement":[{"@type":"ListItem","position":1,"name":"Home","item":"https:\/\/comune.santacroce.pi.it\/oldsite\/"},{"@type":"ListItem","position":2,"name":"Informazioni","item":"https:\/\/comune.santacroce.pi.it\/oldsite\/informazioni\/"},{"@type":"ListItem","position":3,"name":"Servizio Civile"}]},{"@type":"WebSite","@id":"https:\/\/comune.santacroce.pi.it\/oldsite\/#website","url":"https:\/\/comune.santacroce.pi.it\/oldsite\/","name":"Comune di Santa Croce sull&#039;Arno","description":"Provincia di Pisa","publisher":{"@id":"https:\/\/comune.santacroce.pi.it\/oldsite\/#organization"},"potentialAction":[{"@type":"SearchAction","target":{"@type":"EntryPoint","urlTemplate":"https:\/\/comune.santacroce.pi.it\/oldsite\/?s={search_term_string}"},"query-input":{"@type":"PropertyValueSpecification","valueRequired":true,"valueName":"search_term_string"}}],"inLanguage":"it-IT"},{"@type":"Organization","@id":"https:\/\/comune.santacroce.pi.it\/oldsite\/#organization","name":"Comune di Santa Croce sull'Arno","url":"https:\/\/comune.santacroce.pi.it\/oldsite\/","logo":{"@type":"ImageObject","inLanguage":"it-IT","@id":"https:\/\/comune.santacroce.pi.it\/oldsite\/#\/schema\/logo\/image\/","url":"https:\/\/comune.santacroce.pi.it\/oldsite\/wp-content\/uploads\/2021\/02\/cropped-Stemma-Santa-Croce-dellArno_500-1.png","contentUrl":"https:\/\/comune.santacroce.pi.it\/oldsite\/wp-content\/uploads\/2021\/02\/cropped-Stemma-Santa-Croce-dellArno_500-1.png","width":500,"height":500,"caption":"Comune di Santa Croce sull'Arno"},"image":{"@id":"https:\/\/comune.santacroce.pi.it\/oldsite\/#\/schema\/logo\/image\/"}}]}},"meta_box":{"_page_ufficio":[]},"_links":{"self":[{"href":"https:\/\/comune.santacroce.pi.it\/oldsite\/wp-json\/wp\/v2\/pages\/17175","targetHints":{"allow":["GET"]}}],"collection":[{"href":"https:\/\/comune.santacroce.pi.it\/oldsite\/wp-json\/wp\/v2\/pages"}],"about":[{"href":"https:\/\/comune.santacroce.pi.it\/oldsite\/wp-json\/wp\/v2\/types\/page"}],"author":[{"embeddable":true,"href":"https:\/\/comune.santacroce.pi.it\/oldsite\/wp-json\/wp\/v2\/users\/10"}],"replies":[{"embeddable":true,"href":"https:\/\/comune.santacroce.pi.it\/oldsite\/wp-json\/wp\/v2\/comments?post=17175"}],"version-history":[{"count":0,"href":"https:\/\/comune.santacroce.pi.it\/oldsite\/wp-json\/wp\/v2\/pages\/17175\/revisions"}],"up":[{"embeddable":true,"href":"https:\/\/comune.santacroce.pi.it\/oldsite\/wp-json\/wp\/v2\/pages\/18488"}],"wp:featuredmedia":[{"embeddable":true,"href":"https:\/\/comune.santacroce.pi.it\/oldsite\/wp-json\/wp\/v2\/media\/18774"}],"wp:attachment":[{"href":"https:\/\/comune.santacroce.pi.it\/oldsite\/wp-json\/wp\/v2\/media?parent=17175"}],"curies":[{"name":"wp","href":"https:\/\/api.w.org\/{rel}","templated":true}]}}